{"id":5057,"date":"2012-09-11T10:29:26","date_gmt":"2012-09-11T10:29:26","guid":{"rendered":"https:\/\/agustinfernandezpaz.gal\/?page_id=5057"},"modified":"2018-09-14T13:57:40","modified_gmt":"2018-09-14T11:57:40","slug":"multimedia","status":"publish","type":"page","link":"https:\/\/agustinfernandezpaz.gal\/es\/multimedia\/","title":{"rendered":"Multimedia"},"content":{"rendered":"\n<style type=\"text\/css\" data-created_by=\"avia_inline_auto\" id=\"style-css-av-5dfmi5-121f5e6bf9287321b0587264570e7ef7\">\n.avia-section.av-5dfmi5-121f5e6bf9287321b0587264570e7ef7{\nbackground-color:#f7f7f7;\nbackground-image:unset;\n}\n<\/style>\n<div id='av_section_1'  class='avia-section av-5dfmi5-121f5e6bf9287321b0587264570e7ef7 main_color avia-section-default avia-no-border-styling  avia-builder-el-0  el_before_av_section  avia-builder-el-first  avia-bg-style-scroll container_wrap fullsize'  ><div class='container av-section-cont-open' ><main  role=\"main\" itemprop=\"mainContentOfPage\"  class='template-page content  av-content-full alpha units'><div class='post-entry post-entry-type-page post-entry-5057'><div class='entry-content-wrapper clearfix'>\n\n<style type=\"text\/css\" data-created_by=\"avia_inline_auto\" id=\"style-css-av-jm1y7c5v-7f0485391eac44c1939a8bf0d209270f\">\n#top .av-special-heading.av-jm1y7c5v-7f0485391eac44c1939a8bf0d209270f{\npadding-bottom:40px;\n}\nbody .av-special-heading.av-jm1y7c5v-7f0485391eac44c1939a8bf0d209270f .av-special-heading-tag .heading-char{\nfont-size:25px;\n}\n.av-special-heading.av-jm1y7c5v-7f0485391eac44c1939a8bf0d209270f .av-subheading{\nfont-size:17px;\n}\n<\/style>\n<div  class='av-special-heading av-jm1y7c5v-7f0485391eac44c1939a8bf0d209270f av-special-heading-h1 blockquote modern-quote  avia-builder-el-1  el_before_av_hr  avia-builder-el-first '><h1 class='av-special-heading-tag '  itemprop=\"headline\"  >Multimedia<\/h1><div class='av-subheading av-subheading_below'><p>Un archivo multimedia sobre la vida y la obra del autor: v\u00eddeos en la red (entrevistas, booktrilers etc.), audio y otros elementos multimedias para aproximarse a su imaginario<\/p>\n<\/div><div class=\"special-heading-border\"><div class=\"special-heading-inner-border\"><\/div><\/div><\/div>\n\n<style type=\"text\/css\" data-created_by=\"avia_inline_auto\" id=\"style-css-av-jjo9sqpl-c123849a318f9e29435efff558c62180\">\n#top .hr.hr-invisible.av-jjo9sqpl-c123849a318f9e29435efff558c62180{\nmargin-top:-40px;\nheight:1px;\n}\n<\/style>\n<div  class='hr av-jjo9sqpl-c123849a318f9e29435efff558c62180 hr-invisible  avia-builder-el-2  el_after_av_heading  avia-builder-el-last '><span class='hr-inner '><span class=\"hr-inner-style\"><\/span><\/span><\/div>\n<\/div><\/div><\/main><!-- close content main element --><\/div><\/div><div id='av_section_2'  class='avia-section av-25n16n-2d4f33eb849589c5c4920e3e00bdb22c main_color avia-section-default avia-no-border-styling  avia-builder-el-3  el_after_av_section  avia-builder-el-last  avia-bg-style-scroll container_wrap fullsize'  ><div class='container av-section-cont-open' ><div class='template-page content  av-content-full alpha units'><div class='post-entry post-entry-type-page post-entry-5057'><div class='entry-content-wrapper clearfix'>\n<div  data-slideshow-options=\"{&quot;animation&quot;:&quot;fade&quot;,&quot;autoplay&quot;:false,&quot;loop_autoplay&quot;:&quot;once&quot;,&quot;interval&quot;:5,&quot;loop_manual&quot;:&quot;manual-endless&quot;,&quot;autoplay_stopper&quot;:false,&quot;noNavigation&quot;:false,&quot;show_slide_delay&quot;:90}\" class='avia-content-slider avia-content-grid-active avia-content-slider1 avia-content-slider-even  avia-builder-el-4  avia-builder-el-no-sibling  av-slideshow-ui av-control-default   av-no-slider-navigation av-slideshow-manual av-loop-once av-loop-manual-endless '  itemscope=\"itemscope\" itemtype=\"https:\/\/schema.org\/Blog\" ><div class=\"avia-content-slider-inner\"><div class=\"slide-entry-wrap\"><article class='slide-entry flex_column  post-entry post-entry-11268 slide-entry-overview slide-loop-1 slide-parity-odd  av_one_fourth first real-thumbnail posttype-post post-format-standard'  itemscope=\"itemscope\" itemtype=\"https:\/\/schema.org\/CreativeWork\" ><a href='https:\/\/agustinfernandezpaz.gal\/es\/reportaxe-no-programa-zigzag-tvg-sobre-os-novos-libros-de-agustin-fernandez-paz\/' data-rel='slide-1' class='slide-image' title='Reportaxe no programa \u00abZigzag\u00bb (TVG) sobre os novos libros de Agust\u00edn Fern\u00e1ndez Paz'><img decoding=\"async\" fetchpriority=\"high\" width=\"260\" height=\"185\" src=\"https:\/\/agustinfernandezpaz.gal\/wp-content\/uploads\/2015\/06\/Foto-tres---ltimas-novidades-2-260x185.jpg\" class=\"wp-image-11263 avia-img-lazy-loading-not-11263 attachment-portfolio_small size-portfolio_small wp-post-image\" alt=\"\" \/><\/a><div class=\"slide-content\"><header class=\"entry-content-header\" aria-label=\"Slide: Reportaxe no programa &quot;Zigzag&quot; (TVG) sobre os novos libros de Agust\u00edn Fern\u00e1ndez Paz\"><h3 class='slide-entry-title entry-title '  itemprop=\"headline\" ><a href='https:\/\/agustinfernandezpaz.gal\/es\/reportaxe-no-programa-zigzag-tvg-sobre-os-novos-libros-de-agustin-fernandez-paz\/' title='Reportaxe no programa \u00abZigzag\u00bb (TVG) sobre os novos libros de Agust\u00edn Fern\u00e1ndez Paz'>Reportaxe no programa \u00abZigzag\u00bb (TVG) sobre os novos libros de Agust\u00edn Fern\u00e1ndez Paz<\/a><\/h3><span class=\"av-vertical-delimiter\"><\/span><\/header><div class=\"slide-meta\"><time class='slide-meta-time updated'  itemprop=\"datePublished\" datetime=\"2015-06-19T18:44:56+02:00\" >19\/06\/2015<\/time><\/div><div class='slide-entry-excerpt entry-content'  itemprop=\"text\" >O pasado d\u00eda 2 de xu\u00f1o, o programa cultural \"Zigzag\", que emite\u2026<div class=\"read-more-link\"><a href=\"https:\/\/agustinfernandezpaz.gal\/es\/reportaxe-no-programa-zigzag-tvg-sobre-os-novos-libros-de-agustin-fernandez-paz\/\" class=\"more-link\">Leer m\u00e1s<span class='more-link-arrow avia-svg-icon avia-font-svg_entypo-fontello' data-av_svg_icon='right-open-big' data-av_iconset='svg_entypo-fontello'><svg version=\"1.1\" xmlns=\"http:\/\/www.w3.org\/2000\/svg\" width=\"15\" height=\"32\" viewBox=\"0 0 15 32\" preserveAspectRatio=\"xMidYMid meet\" role=\"graphics-symbol\" aria-hidden=\"true\">\n<path d=\"M0.416 27.84l11.456-11.84-11.456-11.904q-0.832-0.832 0-1.536 0.832-0.832 1.536 0l12.544 12.608q0.768 0.832 0 1.6l-12.544 12.608q-0.704 0.832-1.536 0-0.832-0.704 0-1.536z\"><\/path>\n<\/svg><\/span><\/a><\/div><\/div><\/div><footer class=\"entry-footer\"><\/footer><span class='hidden'>\n\t\t\t\t<span class='av-structured-data'  itemprop=\"image\" itemscope=\"itemscope\" itemtype=\"https:\/\/schema.org\/ImageObject\" >\n\t\t\t\t\t\t<span itemprop='url'>https:\/\/agustinfernandezpaz.gal\/wp-content\/uploads\/2015\/06\/Foto-tres---ltimas-novidades-2.jpg<\/span>\n\t\t\t\t\t\t<span itemprop='height'>532<\/span>\n\t\t\t\t\t\t<span itemprop='width'>1000<\/span>\n\t\t\t\t<\/span>\n\t\t\t\t<span class='av-structured-data'  itemprop=\"publisher\" itemtype=\"https:\/\/schema.org\/Organization\" itemscope=\"itemscope\" >\n\t\t\t\t\t\t<span itemprop='name'>Agust\u00edn Fern\u00e1ndez Paz<\/span>\n\t\t\t\t\t\t<span itemprop='logo' itemscope itemtype='https:\/\/schema.org\/ImageObject'>\n\t\t\t\t\t\t\t<span itemprop='url'>https:\/\/agustinfernandezpaz.gal\/wp-content\/uploads\/2018\/08\/agustinfernandezpaz-logo.png<\/span>\n\t\t\t\t\t\t<\/span>\n\t\t\t\t<\/span><span class='av-structured-data'  itemprop=\"author\" itemscope=\"itemscope\" itemtype=\"https:\/\/schema.org\/Person\" ><span itemprop='name'>Agust\u00edn Fern\u00e1ndez Paz<\/span><\/span><span class='av-structured-data'  itemprop=\"datePublished\" datetime=\"2012-09-11T10:29:26+02:00\" >2015-06-19 18:44:56<\/span><span class='av-structured-data'  itemprop=\"dateModified\" itemtype=\"https:\/\/schema.org\/dateModified\" >2015-06-19 19:05:53<\/span><span class='av-structured-data'  itemprop=\"mainEntityOfPage\" itemtype=\"https:\/\/schema.org\/mainEntityOfPage\" ><span itemprop='name'>Reportaxe no programa \u00abZigzag\u00bb (TVG) sobre os novos libros de Agust\u00edn Fern\u00e1ndez Paz<\/span><\/span><\/span><\/article><article class='slide-entry flex_column  post-entry post-entry-10993 slide-entry-overview slide-loop-2 slide-parity-even  av_one_fourth  real-thumbnail posttype-post post-format-standard'  itemscope=\"itemscope\" itemtype=\"https:\/\/schema.org\/CreativeWork\" ><a href='https:\/\/agustinfernandezpaz.gal\/es\/entrevista-en-zigzag-tvg2-sobre-amizades-secretas\/' data-rel='slide-1' class='slide-image' title='Entrevista \/ reportaje en el programa \u00abZigzag\u00bb-TVG2 (4-4-2015)'><img decoding=\"async\" fetchpriority=\"high\" width=\"260\" height=\"185\" src=\"https:\/\/agustinfernandezpaz.gal\/wp-content\/uploads\/2015\/04\/ag-260x185.jpg\" class=\"wp-image-18188 avia-img-lazy-loading-not-18188 attachment-portfolio_small size-portfolio_small wp-post-image\" alt=\"\" \/><\/a><div class=\"slide-content\"><header class=\"entry-content-header\" aria-label=\"Slide: Entrevista \/ reportaje en el programa &quot;Zigzag&quot;-TVG2 (4-4-2015)\"><h3 class='slide-entry-title entry-title '  itemprop=\"headline\" ><a href='https:\/\/agustinfernandezpaz.gal\/es\/entrevista-en-zigzag-tvg2-sobre-amizades-secretas\/' title='Entrevista \/ reportaje en el programa \u00abZigzag\u00bb-TVG2 (4-4-2015)'>Entrevista \/ reportaje en el programa \u00abZigzag\u00bb-TVG2 (4-4-2015)<\/a><\/h3><span class=\"av-vertical-delimiter\"><\/span><\/header><div class=\"slide-meta\"><time class='slide-meta-time updated'  itemprop=\"datePublished\" datetime=\"2015-04-12T19:06:26+02:00\" >12\/04\/2015<\/time><\/div><div class='slide-entry-excerpt entry-content'  itemprop=\"text\" >El programa cultural \"Zigzag\" de TVG2,\u00a0emiti\u00f3 el pasado 4 de\u2026<div class=\"read-more-link\"><a href=\"https:\/\/agustinfernandezpaz.gal\/es\/entrevista-en-zigzag-tvg2-sobre-amizades-secretas\/\" class=\"more-link\">Leer m\u00e1s<span class='more-link-arrow avia-svg-icon avia-font-svg_entypo-fontello' data-av_svg_icon='right-open-big' data-av_iconset='svg_entypo-fontello'><svg version=\"1.1\" xmlns=\"http:\/\/www.w3.org\/2000\/svg\" width=\"15\" height=\"32\" viewBox=\"0 0 15 32\" preserveAspectRatio=\"xMidYMid meet\" role=\"graphics-symbol\" aria-hidden=\"true\">\n<path d=\"M0.416 27.84l11.456-11.84-11.456-11.904q-0.832-0.832 0-1.536 0.832-0.832 1.536 0l12.544 12.608q0.768 0.832 0 1.6l-12.544 12.608q-0.704 0.832-1.536 0-0.832-0.704 0-1.536z\"><\/path>\n<\/svg><\/span><\/a><\/div><\/div><\/div><footer class=\"entry-footer\"><\/footer><span class='hidden'>\n\t\t\t\t<span class='av-structured-data'  itemprop=\"image\" itemscope=\"itemscope\" itemtype=\"https:\/\/schema.org\/ImageObject\" >\n\t\t\t\t\t\t<span itemprop='url'>https:\/\/agustinfernandezpaz.gal\/wp-content\/uploads\/2015\/04\/ag.jpg<\/span>\n\t\t\t\t\t\t<span itemprop='height'>558<\/span>\n\t\t\t\t\t\t<span itemprop='width'>981<\/span>\n\t\t\t\t<\/span>\n\t\t\t\t<span class='av-structured-data'  itemprop=\"publisher\" itemtype=\"https:\/\/schema.org\/Organization\" itemscope=\"itemscope\" >\n\t\t\t\t\t\t<span itemprop='name'>Agust\u00edn Fern\u00e1ndez Paz<\/span>\n\t\t\t\t\t\t<span itemprop='logo' itemscope itemtype='https:\/\/schema.org\/ImageObject'>\n\t\t\t\t\t\t\t<span itemprop='url'>https:\/\/agustinfernandezpaz.gal\/wp-content\/uploads\/2018\/08\/agustinfernandezpaz-logo.png<\/span>\n\t\t\t\t\t\t<\/span>\n\t\t\t\t<\/span><span class='av-structured-data'  itemprop=\"author\" itemscope=\"itemscope\" itemtype=\"https:\/\/schema.org\/Person\" ><span itemprop='name'>Agust\u00edn Fern\u00e1ndez Paz<\/span><\/span><span class='av-structured-data'  itemprop=\"datePublished\" datetime=\"2012-09-11T10:29:26+02:00\" >2015-04-12 19:06:26<\/span><span class='av-structured-data'  itemprop=\"dateModified\" itemtype=\"https:\/\/schema.org\/dateModified\" >2018-09-14 14:17:54<\/span><span class='av-structured-data'  itemprop=\"mainEntityOfPage\" itemtype=\"https:\/\/schema.org\/mainEntityOfPage\" ><span itemprop='name'>Entrevista \/ reportaje en el programa \u00abZigzag\u00bb-TVG2 (4-4-2015)<\/span><\/span><\/span><\/article><article class='slide-entry flex_column  post-entry post-entry-18200 slide-entry-overview slide-loop-3 slide-parity-odd  av_one_fourth  real-thumbnail posttype-post post-format-standard'  itemscope=\"itemscope\" itemtype=\"https:\/\/schema.org\/CreativeWork\" ><a href='https:\/\/agustinfernandezpaz.gal\/es\/a-construcion-do-lector-intervencion-de-agustin-fernandez-paz\/' data-rel='slide-1' class='slide-image' title='\u00abA construci\u00f3n do lector\u00bb: intervenci\u00f3n de Agust\u00edn Fern\u00e1ndez Paz'><img decoding=\"async\" fetchpriority=\"high\" width=\"260\" height=\"185\" src=\"https:\/\/agustinfernandezpaz.gal\/wp-content\/uploads\/2012\/12\/af2-260x185.jpg\" class=\"wp-image-18194 avia-img-lazy-loading-not-18194 attachment-portfolio_small size-portfolio_small wp-post-image\" alt=\"\" \/><\/a><div class=\"slide-content\"><header class=\"entry-content-header\" aria-label=\"Slide: &quot;A construci\u00f3n do lector&quot;: intervenci\u00f3n de Agust\u00edn Fern\u00e1ndez Paz\"><h3 class='slide-entry-title entry-title '  itemprop=\"headline\" ><a href='https:\/\/agustinfernandezpaz.gal\/es\/a-construcion-do-lector-intervencion-de-agustin-fernandez-paz\/' title='\u00abA construci\u00f3n do lector\u00bb: intervenci\u00f3n de Agust\u00edn Fern\u00e1ndez Paz'>\u00abA construci\u00f3n do lector\u00bb: intervenci\u00f3n de Agust\u00edn Fern\u00e1ndez Paz<\/a><\/h3><span class=\"av-vertical-delimiter\"><\/span><\/header><div class=\"slide-meta\"><time class='slide-meta-time updated'  itemprop=\"datePublished\" datetime=\"2013-04-25T00:27:56+02:00\" >25\/04\/2013<\/time><\/div><div class='slide-entry-excerpt entry-content'  itemprop=\"text\" >Os d\u00edas 7 e 8 de marzo de 2013, celebr\u00e1ronse en Santiago de\u2026<div class=\"read-more-link\"><a href=\"https:\/\/agustinfernandezpaz.gal\/es\/a-construcion-do-lector-intervencion-de-agustin-fernandez-paz\/\" class=\"more-link\">Leer m\u00e1s<span class='more-link-arrow avia-svg-icon avia-font-svg_entypo-fontello' data-av_svg_icon='right-open-big' data-av_iconset='svg_entypo-fontello'><svg version=\"1.1\" xmlns=\"http:\/\/www.w3.org\/2000\/svg\" width=\"15\" height=\"32\" viewBox=\"0 0 15 32\" preserveAspectRatio=\"xMidYMid meet\" role=\"graphics-symbol\" aria-hidden=\"true\">\n<path d=\"M0.416 27.84l11.456-11.84-11.456-11.904q-0.832-0.832 0-1.536 0.832-0.832 1.536 0l12.544 12.608q0.768 0.832 0 1.6l-12.544 12.608q-0.704 0.832-1.536 0-0.832-0.704 0-1.536z\"><\/path>\n<\/svg><\/span><\/a><\/div><\/div><\/div><footer class=\"entry-footer\"><\/footer><span class='hidden'>\n\t\t\t\t<span class='av-structured-data'  itemprop=\"image\" itemscope=\"itemscope\" itemtype=\"https:\/\/schema.org\/ImageObject\" >\n\t\t\t\t\t\t<span itemprop='url'>https:\/\/agustinfernandezpaz.gal\/wp-content\/uploads\/2012\/12\/af2.jpg<\/span>\n\t\t\t\t\t\t<span itemprop='height'>623<\/span>\n\t\t\t\t\t\t<span itemprop='width'>1000<\/span>\n\t\t\t\t<\/span>\n\t\t\t\t<span class='av-structured-data'  itemprop=\"publisher\" itemtype=\"https:\/\/schema.org\/Organization\" itemscope=\"itemscope\" >\n\t\t\t\t\t\t<span itemprop='name'>Agust\u00edn Fern\u00e1ndez Paz<\/span>\n\t\t\t\t\t\t<span itemprop='logo' itemscope itemtype='https:\/\/schema.org\/ImageObject'>\n\t\t\t\t\t\t\t<span itemprop='url'>https:\/\/agustinfernandezpaz.gal\/wp-content\/uploads\/2018\/08\/agustinfernandezpaz-logo.png<\/span>\n\t\t\t\t\t\t<\/span>\n\t\t\t\t<\/span><span class='av-structured-data'  itemprop=\"author\" itemscope=\"itemscope\" itemtype=\"https:\/\/schema.org\/Person\" ><span itemprop='name'>Agust\u00edn Fern\u00e1ndez Paz<\/span><\/span><span class='av-structured-data'  itemprop=\"datePublished\" datetime=\"2012-09-11T10:29:26+02:00\" >2013-04-25 00:27:56<\/span><span class='av-structured-data'  itemprop=\"dateModified\" itemtype=\"https:\/\/schema.org\/dateModified\" >2018-09-14 14:20:41<\/span><span class='av-structured-data'  itemprop=\"mainEntityOfPage\" itemtype=\"https:\/\/schema.org\/mainEntityOfPage\" ><span itemprop='name'>\u00abA construci\u00f3n do lector\u00bb: intervenci\u00f3n de Agust\u00edn Fern\u00e1ndez Paz<\/span><\/span><\/span><\/article><article class='slide-entry flex_column  post-entry post-entry-7878 slide-entry-overview slide-loop-4 slide-parity-even  av_one_fourth  real-thumbnail posttype-post post-format-standard'  itemscope=\"itemscope\" itemtype=\"https:\/\/schema.org\/CreativeWork\" ><a href='https:\/\/agustinfernandezpaz.gal\/es\/entrevista-no-programa-eirado-tvg-1-12-2012\/' data-rel='slide-1' class='slide-image' title='Entrevista no programa \u00abEirado\u00bb (TVG, 1-12-2012)'><img decoding=\"async\" fetchpriority=\"high\" width=\"260\" height=\"185\" src=\"https:\/\/agustinfernandezpaz.gal\/wp-content\/uploads\/2012\/12\/1280px-LogoTVG.svg_-260x185.png\" class=\"wp-image-18209 avia-img-lazy-loading-not-18209 attachment-portfolio_small size-portfolio_small wp-post-image\" alt=\"\" \/><\/a><div class=\"slide-content\"><header class=\"entry-content-header\" aria-label=\"Slide: Entrevista no programa &quot;Eirado&quot; (TVG, 1-12-2012)\"><h3 class='slide-entry-title entry-title '  itemprop=\"headline\" ><a href='https:\/\/agustinfernandezpaz.gal\/es\/entrevista-no-programa-eirado-tvg-1-12-2012\/' title='Entrevista no programa \u00abEirado\u00bb (TVG, 1-12-2012)'>Entrevista no programa \u00abEirado\u00bb (TVG, 1-12-2012)<\/a><\/h3><span class=\"av-vertical-delimiter\"><\/span><\/header><div class=\"slide-meta\"><time class='slide-meta-time updated'  itemprop=\"datePublished\" datetime=\"2012-12-04T15:02:25+02:00\" >04\/12\/2012<\/time><\/div><div class='slide-entry-excerpt entry-content'  itemprop=\"text\" >No programa Eirado, emitido na TVG o pasado 1 de decembro, Pem\u00f3n\u2026<div class=\"read-more-link\"><a href=\"https:\/\/agustinfernandezpaz.gal\/es\/entrevista-no-programa-eirado-tvg-1-12-2012\/\" class=\"more-link\">Leer m\u00e1s<span class='more-link-arrow avia-svg-icon avia-font-svg_entypo-fontello' data-av_svg_icon='right-open-big' data-av_iconset='svg_entypo-fontello'><svg version=\"1.1\" xmlns=\"http:\/\/www.w3.org\/2000\/svg\" width=\"15\" height=\"32\" viewBox=\"0 0 15 32\" preserveAspectRatio=\"xMidYMid meet\" role=\"graphics-symbol\" aria-hidden=\"true\">\n<path d=\"M0.416 27.84l11.456-11.84-11.456-11.904q-0.832-0.832 0-1.536 0.832-0.832 1.536 0l12.544 12.608q0.768 0.832 0 1.6l-12.544 12.608q-0.704 0.832-1.536 0-0.832-0.704 0-1.536z\"><\/path>\n<\/svg><\/span><\/a><\/div><\/div><\/div><footer class=\"entry-footer\"><\/footer><span class='hidden'>\n\t\t\t\t<span class='av-structured-data'  itemprop=\"image\" itemscope=\"itemscope\" itemtype=\"https:\/\/schema.org\/ImageObject\" >\n\t\t\t\t\t\t<span itemprop='url'>https:\/\/agustinfernandezpaz.gal\/wp-content\/uploads\/2012\/12\/1280px-LogoTVG.svg_.png<\/span>\n\t\t\t\t\t\t<span itemprop='height'>824<\/span>\n\t\t\t\t\t\t<span itemprop='width'>1280<\/span>\n\t\t\t\t<\/span>\n\t\t\t\t<span class='av-structured-data'  itemprop=\"publisher\" itemtype=\"https:\/\/schema.org\/Organization\" itemscope=\"itemscope\" >\n\t\t\t\t\t\t<span itemprop='name'>Agust\u00edn Fern\u00e1ndez Paz<\/span>\n\t\t\t\t\t\t<span itemprop='logo' itemscope itemtype='https:\/\/schema.org\/ImageObject'>\n\t\t\t\t\t\t\t<span itemprop='url'>https:\/\/agustinfernandezpaz.gal\/wp-content\/uploads\/2018\/08\/agustinfernandezpaz-logo.png<\/span>\n\t\t\t\t\t\t<\/span>\n\t\t\t\t<\/span><span class='av-structured-data'  itemprop=\"author\" itemscope=\"itemscope\" itemtype=\"https:\/\/schema.org\/Person\" ><span itemprop='name'>Agust\u00edn Fern\u00e1ndez Paz<\/span><\/span><span class='av-structured-data'  itemprop=\"datePublished\" datetime=\"2012-09-11T10:29:26+02:00\" >2012-12-04 15:02:25<\/span><span class='av-structured-data'  itemprop=\"dateModified\" itemtype=\"https:\/\/schema.org\/dateModified\" >2018-09-14 14:23:52<\/span><span class='av-structured-data'  itemprop=\"mainEntityOfPage\" itemtype=\"https:\/\/schema.org\/mainEntityOfPage\" ><span itemprop='name'>Entrevista no programa \u00abEirado\u00bb (TVG, 1-12-2012)<\/span><\/span><\/span><\/article><\/div><div class=\"slide-entry-wrap\"><article class='slide-entry flex_column  post-entry post-entry-7728 slide-entry-overview slide-loop-5 slide-parity-odd  av_one_fourth first real-thumbnail posttype-post post-format-standard'  itemscope=\"itemscope\" itemtype=\"https:\/\/schema.org\/CreativeWork\" ><a href='https:\/\/agustinfernandezpaz.gal\/es\/entrevista-a-agustin-fernandez-paz-na-rtvg\/' data-rel='slide-1' class='slide-image' title='Entrevista a Agust\u00edn Fern\u00e1ndez Paz, no programa Zigzag, da TVG-2 (19-11-2012)'><img decoding=\"async\" fetchpriority=\"high\" width=\"260\" height=\"185\" src=\"https:\/\/agustinfernandezpaz.gal\/wp-content\/uploads\/2012\/11\/a4e37be26b0e32ed043eefac134f374d-260x185.jpg\" class=\"wp-image-18216 avia-img-lazy-loading-not-18216 attachment-portfolio_small size-portfolio_small wp-post-image\" alt=\"\" \/><\/a><div class=\"slide-content\"><header class=\"entry-content-header\" aria-label=\"Slide: Entrevista a Agust\u00edn Fern\u00e1ndez Paz, no programa Zigzag, da TVG-2 (19-11-2012)\"><h3 class='slide-entry-title entry-title '  itemprop=\"headline\" ><a href='https:\/\/agustinfernandezpaz.gal\/es\/entrevista-a-agustin-fernandez-paz-na-rtvg\/' title='Entrevista a Agust\u00edn Fern\u00e1ndez Paz, no programa Zigzag, da TVG-2 (19-11-2012)'>Entrevista a Agust\u00edn Fern\u00e1ndez Paz, no programa Zigzag, da TVG-2 (19-11-2012)<\/a><\/h3><span class=\"av-vertical-delimiter\"><\/span><\/header><div class=\"slide-meta\"><time class='slide-meta-time updated'  itemprop=\"datePublished\" datetime=\"2012-11-20T17:56:11+02:00\" >20\/11\/2012<\/time><\/div><div class='slide-entry-excerpt entry-content'  itemprop=\"text\" >Na conversa que mante\u00f1en o escritor e Mar\u00eda Solar, a condutora\u2026<div class=\"read-more-link\"><a href=\"https:\/\/agustinfernandezpaz.gal\/es\/entrevista-a-agustin-fernandez-paz-na-rtvg\/\" class=\"more-link\">Leer m\u00e1s<span class='more-link-arrow avia-svg-icon avia-font-svg_entypo-fontello' data-av_svg_icon='right-open-big' data-av_iconset='svg_entypo-fontello'><svg version=\"1.1\" xmlns=\"http:\/\/www.w3.org\/2000\/svg\" width=\"15\" height=\"32\" viewBox=\"0 0 15 32\" preserveAspectRatio=\"xMidYMid meet\" role=\"graphics-symbol\" aria-hidden=\"true\">\n<path d=\"M0.416 27.84l11.456-11.84-11.456-11.904q-0.832-0.832 0-1.536 0.832-0.832 1.536 0l12.544 12.608q0.768 0.832 0 1.6l-12.544 12.608q-0.704 0.832-1.536 0-0.832-0.704 0-1.536z\"><\/path>\n<\/svg><\/span><\/a><\/div><\/div><\/div><footer class=\"entry-footer\"><\/footer><span class='hidden'>\n\t\t\t\t<span class='av-structured-data'  itemprop=\"image\" itemscope=\"itemscope\" itemtype=\"https:\/\/schema.org\/ImageObject\" >\n\t\t\t\t\t\t<span itemprop='url'>https:\/\/agustinfernandezpaz.gal\/wp-content\/uploads\/2012\/11\/a4e37be26b0e32ed043eefac134f374d.jpg<\/span>\n\t\t\t\t\t\t<span itemprop='height'>357<\/span>\n\t\t\t\t\t\t<span itemprop='width'>640<\/span>\n\t\t\t\t<\/span>\n\t\t\t\t<span class='av-structured-data'  itemprop=\"publisher\" itemtype=\"https:\/\/schema.org\/Organization\" itemscope=\"itemscope\" >\n\t\t\t\t\t\t<span itemprop='name'>administrador<\/span>\n\t\t\t\t\t\t<span itemprop='logo' itemscope itemtype='https:\/\/schema.org\/ImageObject'>\n\t\t\t\t\t\t\t<span itemprop='url'>https:\/\/agustinfernandezpaz.gal\/wp-content\/uploads\/2018\/08\/agustinfernandezpaz-logo.png<\/span>\n\t\t\t\t\t\t<\/span>\n\t\t\t\t<\/span><span class='av-structured-data'  itemprop=\"author\" itemscope=\"itemscope\" itemtype=\"https:\/\/schema.org\/Person\" ><span itemprop='name'>administrador<\/span><\/span><span class='av-structured-data'  itemprop=\"datePublished\" datetime=\"2012-09-11T10:29:26+02:00\" >2012-11-20 17:56:11<\/span><span class='av-structured-data'  itemprop=\"dateModified\" itemtype=\"https:\/\/schema.org\/dateModified\" >2018-09-14 14:25:58<\/span><span class='av-structured-data'  itemprop=\"mainEntityOfPage\" itemtype=\"https:\/\/schema.org\/mainEntityOfPage\" ><span itemprop='name'>Entrevista a Agust\u00edn Fern\u00e1ndez Paz, no programa Zigzag, da TVG-2 (19-11-2012)<\/span><\/span><\/span><\/article><article class='slide-entry flex_column  post-entry post-entry-6406 slide-entry-overview slide-loop-6 slide-parity-even  av_one_fourth  real-thumbnail posttype-post post-format-standard'  itemscope=\"itemscope\" itemtype=\"https:\/\/schema.org\/CreativeWork\" ><a href='https:\/\/agustinfernandezpaz.gal\/es\/oito-doas-para-san-simon\/' data-rel='slide-1' class='slide-image' title='\u00abOito doas para San Sim\u00f3n\u00bb, discurso de Agust\u00edn Fernandez Paz.'><img decoding=\"async\" fetchpriority=\"high\" width=\"260\" height=\"185\" src=\"https:\/\/agustinfernandezpaz.gal\/wp-content\/uploads\/2012\/09\/aff-260x185.jpg\" class=\"wp-image-18231 avia-img-lazy-loading-not-18231 attachment-portfolio_small size-portfolio_small wp-post-image\" alt=\"\" \/><\/a><div class=\"slide-content\"><header class=\"entry-content-header\" aria-label=\"Slide: &quot;Oito doas para San Sim\u00f3n&quot;, discurso de Agust\u00edn Fernandez Paz.\"><h3 class='slide-entry-title entry-title '  itemprop=\"headline\" ><a href='https:\/\/agustinfernandezpaz.gal\/es\/oito-doas-para-san-simon\/' title='\u00abOito doas para San Sim\u00f3n\u00bb, discurso de Agust\u00edn Fernandez Paz.'>\u00abOito doas para San Sim\u00f3n\u00bb, discurso de Agust\u00edn Fernandez Paz.<\/a><\/h3><span class=\"av-vertical-delimiter\"><\/span><\/header><div class=\"slide-meta\"><time class='slide-meta-time updated'  itemprop=\"datePublished\" datetime=\"2012-09-20T13:40:06+02:00\" >20\/09\/2012<\/time><\/div><div class='slide-entry-excerpt entry-content'  itemprop=\"text\" >https:\/\/www.youtube.com\/watch?v=JOxizWAI9zg\r\n\r\nhttps:\/\/www.youtube.com\/watch?v=uXYv5GRFYgg\r\n\r\n\r\nDiscurso\u2026<div class=\"read-more-link\"><a href=\"https:\/\/agustinfernandezpaz.gal\/es\/oito-doas-para-san-simon\/\" class=\"more-link\">Leer m\u00e1s<span class='more-link-arrow avia-svg-icon avia-font-svg_entypo-fontello' data-av_svg_icon='right-open-big' data-av_iconset='svg_entypo-fontello'><svg version=\"1.1\" xmlns=\"http:\/\/www.w3.org\/2000\/svg\" width=\"15\" height=\"32\" viewBox=\"0 0 15 32\" preserveAspectRatio=\"xMidYMid meet\" role=\"graphics-symbol\" aria-hidden=\"true\">\n<path d=\"M0.416 27.84l11.456-11.84-11.456-11.904q-0.832-0.832 0-1.536 0.832-0.832 1.536 0l12.544 12.608q0.768 0.832 0 1.6l-12.544 12.608q-0.704 0.832-1.536 0-0.832-0.704 0-1.536z\"><\/path>\n<\/svg><\/span><\/a><\/div><\/div><\/div><footer class=\"entry-footer\"><\/footer><span class='hidden'>\n\t\t\t\t<span class='av-structured-data'  itemprop=\"image\" itemscope=\"itemscope\" itemtype=\"https:\/\/schema.org\/ImageObject\" >\n\t\t\t\t\t\t<span itemprop='url'>https:\/\/agustinfernandezpaz.gal\/wp-content\/uploads\/2012\/09\/aff.jpg<\/span>\n\t\t\t\t\t\t<span itemprop='height'>611<\/span>\n\t\t\t\t\t\t<span itemprop='width'>1000<\/span>\n\t\t\t\t<\/span>\n\t\t\t\t<span class='av-structured-data'  itemprop=\"publisher\" itemtype=\"https:\/\/schema.org\/Organization\" itemscope=\"itemscope\" >\n\t\t\t\t\t\t<span itemprop='name'>Agust\u00edn Fern\u00e1ndez Paz<\/span>\n\t\t\t\t\t\t<span itemprop='logo' itemscope itemtype='https:\/\/schema.org\/ImageObject'>\n\t\t\t\t\t\t\t<span itemprop='url'>https:\/\/agustinfernandezpaz.gal\/wp-content\/uploads\/2018\/08\/agustinfernandezpaz-logo.png<\/span>\n\t\t\t\t\t\t<\/span>\n\t\t\t\t<\/span><span class='av-structured-data'  itemprop=\"author\" itemscope=\"itemscope\" itemtype=\"https:\/\/schema.org\/Person\" ><span itemprop='name'>Agust\u00edn Fern\u00e1ndez Paz<\/span><\/span><span class='av-structured-data'  itemprop=\"datePublished\" datetime=\"2012-09-11T10:29:26+02:00\" >2012-09-20 13:40:06<\/span><span class='av-structured-data'  itemprop=\"dateModified\" itemtype=\"https:\/\/schema.org\/dateModified\" >2018-09-14 14:28:02<\/span><span class='av-structured-data'  itemprop=\"mainEntityOfPage\" itemtype=\"https:\/\/schema.org\/mainEntityOfPage\" ><span itemprop='name'>\u00abOito doas para San Sim\u00f3n\u00bb, discurso de Agust\u00edn Fernandez Paz.<\/span><\/span><\/span><\/article><article class='slide-entry flex_column  post-entry post-entry-6400 slide-entry-overview slide-loop-7 slide-parity-odd  av_one_fourth  real-thumbnail posttype-post post-format-standard'  itemscope=\"itemscope\" itemtype=\"https:\/\/schema.org\/CreativeWork\" ><a href='https:\/\/agustinfernandezpaz.gal\/es\/entrevista-a-agustin-fernandez-paz-culturagalega-org\/' data-rel='slide-1' class='slide-image' title='Entrevista a Agust\u00edn Fern\u00e1ndez Paz. Culturagalega.org'><img decoding=\"async\" fetchpriority=\"high\" width=\"260\" height=\"185\" src=\"https:\/\/agustinfernandezpaz.gal\/wp-content\/uploads\/2012\/09\/afp2-260x185.jpg\" class=\"wp-image-18248 avia-img-lazy-loading-not-18248 attachment-portfolio_small size-portfolio_small wp-post-image\" alt=\"\" \/><\/a><div class=\"slide-content\"><header class=\"entry-content-header\" aria-label=\"Slide: Entrevista a Agust\u00edn Fern\u00e1ndez Paz. Culturagalega.org\"><h3 class='slide-entry-title entry-title '  itemprop=\"headline\" ><a href='https:\/\/agustinfernandezpaz.gal\/es\/entrevista-a-agustin-fernandez-paz-culturagalega-org\/' title='Entrevista a Agust\u00edn Fern\u00e1ndez Paz. Culturagalega.org'>Entrevista a Agust\u00edn Fern\u00e1ndez Paz. Culturagalega.org<\/a><\/h3><span class=\"av-vertical-delimiter\"><\/span><\/header><div class=\"slide-meta\"><time class='slide-meta-time updated'  itemprop=\"datePublished\" datetime=\"2012-09-20T13:38:30+02:00\" >20\/09\/2012<\/time><\/div><div class='slide-entry-excerpt entry-content'  itemprop=\"text\" >https:\/\/www.youtube.com\/watch?v=-M9dNAsQZqg\r\n\r\nEntrevista a Agust\u00edn\u2026<div class=\"read-more-link\"><a href=\"https:\/\/agustinfernandezpaz.gal\/es\/entrevista-a-agustin-fernandez-paz-culturagalega-org\/\" class=\"more-link\">Leer m\u00e1s<span class='more-link-arrow avia-svg-icon avia-font-svg_entypo-fontello' data-av_svg_icon='right-open-big' data-av_iconset='svg_entypo-fontello'><svg version=\"1.1\" xmlns=\"http:\/\/www.w3.org\/2000\/svg\" width=\"15\" height=\"32\" viewBox=\"0 0 15 32\" preserveAspectRatio=\"xMidYMid meet\" role=\"graphics-symbol\" aria-hidden=\"true\">\n<path d=\"M0.416 27.84l11.456-11.84-11.456-11.904q-0.832-0.832 0-1.536 0.832-0.832 1.536 0l12.544 12.608q0.768 0.832 0 1.6l-12.544 12.608q-0.704 0.832-1.536 0-0.832-0.704 0-1.536z\"><\/path>\n<\/svg><\/span><\/a><\/div><\/div><\/div><footer class=\"entry-footer\"><\/footer><span class='hidden'>\n\t\t\t\t<span class='av-structured-data'  itemprop=\"image\" itemscope=\"itemscope\" itemtype=\"https:\/\/schema.org\/ImageObject\" >\n\t\t\t\t\t\t<span itemprop='url'>https:\/\/agustinfernandezpaz.gal\/wp-content\/uploads\/2012\/09\/afp2.jpg<\/span>\n\t\t\t\t\t\t<span itemprop='height'>558<\/span>\n\t\t\t\t\t\t<span itemprop='width'>888<\/span>\n\t\t\t\t<\/span>\n\t\t\t\t<span class='av-structured-data'  itemprop=\"publisher\" itemtype=\"https:\/\/schema.org\/Organization\" itemscope=\"itemscope\" >\n\t\t\t\t\t\t<span itemprop='name'>Agust\u00edn Fern\u00e1ndez Paz<\/span>\n\t\t\t\t\t\t<span itemprop='logo' itemscope itemtype='https:\/\/schema.org\/ImageObject'>\n\t\t\t\t\t\t\t<span itemprop='url'>https:\/\/agustinfernandezpaz.gal\/wp-content\/uploads\/2018\/08\/agustinfernandezpaz-logo.png<\/span>\n\t\t\t\t\t\t<\/span>\n\t\t\t\t<\/span><span class='av-structured-data'  itemprop=\"author\" itemscope=\"itemscope\" itemtype=\"https:\/\/schema.org\/Person\" ><span itemprop='name'>Agust\u00edn Fern\u00e1ndez Paz<\/span><\/span><span class='av-structured-data'  itemprop=\"datePublished\" datetime=\"2012-09-11T10:29:26+02:00\" >2012-09-20 13:38:30<\/span><span class='av-structured-data'  itemprop=\"dateModified\" itemtype=\"https:\/\/schema.org\/dateModified\" >2018-09-14 14:41:48<\/span><span class='av-structured-data'  itemprop=\"mainEntityOfPage\" itemtype=\"https:\/\/schema.org\/mainEntityOfPage\" ><span itemprop='name'>Entrevista a Agust\u00edn Fern\u00e1ndez Paz. Culturagalega.org<\/span><\/span><\/span><\/article><article class='slide-entry flex_column  post-entry post-entry-6387 slide-entry-overview slide-loop-8 slide-parity-even  av_one_fourth  real-thumbnail posttype-post post-format-standard'  itemscope=\"itemscope\" itemtype=\"https:\/\/schema.org\/CreativeWork\" ><a href='https:\/\/agustinfernandezpaz.gal\/es\/entrevista-ao-escritor-agustin-fernandez-paz-tvg\/' data-rel='slide-1' class='slide-image' title='Pem\u00f3n Bouzas fala con Agust\u00edn Fern\u00e1ndez Paz, sobre \u00abAire negro\u00bb (TVG)'><img decoding=\"async\" fetchpriority=\"high\" width=\"260\" height=\"185\" src=\"https:\/\/agustinfernandezpaz.gal\/wp-content\/uploads\/2012\/09\/maxresdefault-260x185.jpg\" class=\"wp-image-18290 avia-img-lazy-loading-not-18290 attachment-portfolio_small size-portfolio_small wp-post-image\" alt=\"\" \/><\/a><div class=\"slide-content\"><header class=\"entry-content-header\" aria-label=\"Slide: Pem\u00f3n Bouzas fala con Agust\u00edn Fern\u00e1ndez Paz, sobre &quot;Aire negro&quot; (TVG)\"><h3 class='slide-entry-title entry-title '  itemprop=\"headline\" ><a href='https:\/\/agustinfernandezpaz.gal\/es\/entrevista-ao-escritor-agustin-fernandez-paz-tvg\/' title='Pem\u00f3n Bouzas fala con Agust\u00edn Fern\u00e1ndez Paz, sobre \u00abAire negro\u00bb (TVG)'>Pem\u00f3n Bouzas fala con Agust\u00edn Fern\u00e1ndez Paz, sobre \u00abAire negro\u00bb (TVG)<\/a><\/h3><span class=\"av-vertical-delimiter\"><\/span><\/header><div class=\"slide-meta\"><time class='slide-meta-time updated'  itemprop=\"datePublished\" datetime=\"2012-09-20T13:23:01+02:00\" >20\/09\/2012<\/time><\/div><div class='slide-entry-excerpt entry-content'  itemprop=\"text\" >Entrevista no programa \"Eirado\", da TVG, \u00a0que dirixe e presenta\u2026<div class=\"read-more-link\"><a href=\"https:\/\/agustinfernandezpaz.gal\/es\/entrevista-ao-escritor-agustin-fernandez-paz-tvg\/\" class=\"more-link\">Leer m\u00e1s<span class='more-link-arrow avia-svg-icon avia-font-svg_entypo-fontello' data-av_svg_icon='right-open-big' data-av_iconset='svg_entypo-fontello'><svg version=\"1.1\" xmlns=\"http:\/\/www.w3.org\/2000\/svg\" width=\"15\" height=\"32\" viewBox=\"0 0 15 32\" preserveAspectRatio=\"xMidYMid meet\" role=\"graphics-symbol\" aria-hidden=\"true\">\n<path d=\"M0.416 27.84l11.456-11.84-11.456-11.904q-0.832-0.832 0-1.536 0.832-0.832 1.536 0l12.544 12.608q0.768 0.832 0 1.6l-12.544 12.608q-0.704 0.832-1.536 0-0.832-0.704 0-1.536z\"><\/path>\n<\/svg><\/span><\/a><\/div><\/div><\/div><footer class=\"entry-footer\"><\/footer><span class='hidden'>\n\t\t\t\t<span class='av-structured-data'  itemprop=\"image\" itemscope=\"itemscope\" itemtype=\"https:\/\/schema.org\/ImageObject\" >\n\t\t\t\t\t\t<span itemprop='url'>https:\/\/agustinfernandezpaz.gal\/wp-content\/uploads\/2012\/09\/maxresdefault.jpg<\/span>\n\t\t\t\t\t\t<span itemprop='height'>720<\/span>\n\t\t\t\t\t\t<span itemprop='width'>1280<\/span>\n\t\t\t\t<\/span>\n\t\t\t\t<span class='av-structured-data'  itemprop=\"publisher\" itemtype=\"https:\/\/schema.org\/Organization\" itemscope=\"itemscope\" >\n\t\t\t\t\t\t<span itemprop='name'>Agust\u00edn Fern\u00e1ndez Paz<\/span>\n\t\t\t\t\t\t<span itemprop='logo' itemscope itemtype='https:\/\/schema.org\/ImageObject'>\n\t\t\t\t\t\t\t<span itemprop='url'>https:\/\/agustinfernandezpaz.gal\/wp-content\/uploads\/2018\/08\/agustinfernandezpaz-logo.png<\/span>\n\t\t\t\t\t\t<\/span>\n\t\t\t\t<\/span><span class='av-structured-data'  itemprop=\"author\" itemscope=\"itemscope\" itemtype=\"https:\/\/schema.org\/Person\" ><span itemprop='name'>Agust\u00edn Fern\u00e1ndez Paz<\/span><\/span><span class='av-structured-data'  itemprop=\"datePublished\" datetime=\"2012-09-11T10:29:26+02:00\" >2012-09-20 13:23:01<\/span><span class='av-structured-data'  itemprop=\"dateModified\" itemtype=\"https:\/\/schema.org\/dateModified\" >2018-09-14 15:19:01<\/span><span class='av-structured-data'  itemprop=\"mainEntityOfPage\" itemtype=\"https:\/\/schema.org\/mainEntityOfPage\" ><span itemprop='name'>Pem\u00f3n Bouzas fala con Agust\u00edn Fern\u00e1ndez Paz, sobre \u00abAire negro\u00bb (TVG)<\/span><\/span><\/span><\/article><\/div><div class=\"slide-entry-wrap\"><article class='slide-entry flex_column  post-entry post-entry-6034 slide-entry-overview slide-loop-9 slide-parity-odd  av_one_fourth first real-thumbnail posttype-post post-format-standard'  itemscope=\"itemscope\" itemtype=\"https:\/\/schema.org\/CreativeWork\" ><a href='https:\/\/agustinfernandezpaz.gal\/es\/os-filmes-de-agustin\/' data-rel='slide-1' class='slide-image' title='Los filmes de Agust\u00edn'><img decoding=\"async\" fetchpriority=\"high\" width=\"260\" height=\"185\" src=\"https:\/\/agustinfernandezpaz.gal\/wp-content\/uploads\/2012\/09\/leadImage_large-260x185.jpg\" class=\"wp-image-18301 avia-img-lazy-loading-not-18301 attachment-portfolio_small size-portfolio_small wp-post-image\" alt=\"\" \/><\/a><div class=\"slide-content\"><header class=\"entry-content-header\" aria-label=\"Slide: Los filmes de Agust\u00edn\"><h3 class='slide-entry-title entry-title '  itemprop=\"headline\" ><a href='https:\/\/agustinfernandezpaz.gal\/es\/os-filmes-de-agustin\/' title='Los filmes de Agust\u00edn'>Los filmes de Agust\u00edn<\/a><\/h3><span class=\"av-vertical-delimiter\"><\/span><\/header><div class=\"slide-meta\"><time class='slide-meta-time updated'  itemprop=\"datePublished\" datetime=\"2012-09-18T09:23:20+02:00\" >18\/09\/2012<\/time><\/div><div class='slide-entry-excerpt entry-content'  itemprop=\"text\" >En el a\u00f1o 2008, Martin Pawley grab\u00f3 este video en el domicilio\u2026<div class=\"read-more-link\"><a href=\"https:\/\/agustinfernandezpaz.gal\/es\/os-filmes-de-agustin\/\" class=\"more-link\">Leer m\u00e1s<span class='more-link-arrow avia-svg-icon avia-font-svg_entypo-fontello' data-av_svg_icon='right-open-big' data-av_iconset='svg_entypo-fontello'><svg version=\"1.1\" xmlns=\"http:\/\/www.w3.org\/2000\/svg\" width=\"15\" height=\"32\" viewBox=\"0 0 15 32\" preserveAspectRatio=\"xMidYMid meet\" role=\"graphics-symbol\" aria-hidden=\"true\">\n<path d=\"M0.416 27.84l11.456-11.84-11.456-11.904q-0.832-0.832 0-1.536 0.832-0.832 1.536 0l12.544 12.608q0.768 0.832 0 1.6l-12.544 12.608q-0.704 0.832-1.536 0-0.832-0.704 0-1.536z\"><\/path>\n<\/svg><\/span><\/a><\/div><\/div><\/div><footer class=\"entry-footer\"><\/footer><span class='hidden'>\n\t\t\t\t<span class='av-structured-data'  itemprop=\"image\" itemscope=\"itemscope\" itemtype=\"https:\/\/schema.org\/ImageObject\" >\n\t\t\t\t\t\t<span itemprop='url'>https:\/\/agustinfernandezpaz.gal\/wp-content\/uploads\/2012\/09\/leadImage_large.jpg<\/span>\n\t\t\t\t\t\t<span itemprop='height'>423<\/span>\n\t\t\t\t\t\t<span itemprop='width'>640<\/span>\n\t\t\t\t<\/span>\n\t\t\t\t<span class='av-structured-data'  itemprop=\"publisher\" itemtype=\"https:\/\/schema.org\/Organization\" itemscope=\"itemscope\" >\n\t\t\t\t\t\t<span itemprop='name'>administrador<\/span>\n\t\t\t\t\t\t<span itemprop='logo' itemscope itemtype='https:\/\/schema.org\/ImageObject'>\n\t\t\t\t\t\t\t<span itemprop='url'>https:\/\/agustinfernandezpaz.gal\/wp-content\/uploads\/2018\/08\/agustinfernandezpaz-logo.png<\/span>\n\t\t\t\t\t\t<\/span>\n\t\t\t\t<\/span><span class='av-structured-data'  itemprop=\"author\" itemscope=\"itemscope\" itemtype=\"https:\/\/schema.org\/Person\" ><span itemprop='name'>administrador<\/span><\/span><span class='av-structured-data'  itemprop=\"datePublished\" datetime=\"2012-09-11T10:29:26+02:00\" >2012-09-18 09:23:20<\/span><span class='av-structured-data'  itemprop=\"dateModified\" itemtype=\"https:\/\/schema.org\/dateModified\" >2018-09-14 15:21:45<\/span><span class='av-structured-data'  itemprop=\"mainEntityOfPage\" itemtype=\"https:\/\/schema.org\/mainEntityOfPage\" ><span itemprop='name'>Los filmes de Agust\u00edn<\/span><\/span><\/span><\/article><article class='slide-entry flex_column  post-entry post-entry-6030 slide-entry-overview slide-loop-10 slide-parity-even  av_one_fourth  real-thumbnail posttype-post post-format-standard'  itemscope=\"itemscope\" itemtype=\"https:\/\/schema.org\/CreativeWork\" ><a href='https:\/\/agustinfernandezpaz.gal\/es\/videoteca-aelg-de-agustin-fernandez-paz-3\/' data-rel='slide-1' class='slide-image' title='Videoteca AELG: Lectura de &lt;em&gt;Lo \u00fanico que queda es el amor&lt;\/em&gt;'><img decoding=\"async\" fetchpriority=\"high\" width=\"260\" height=\"185\" src=\"https:\/\/agustinfernandezpaz.gal\/wp-content\/uploads\/2012\/09\/a-260x185.png\" class=\"wp-image-18309 avia-img-lazy-loading-not-18309 attachment-portfolio_small size-portfolio_small wp-post-image\" alt=\"\" \/><\/a><div class=\"slide-content\"><header class=\"entry-content-header\" aria-label=\"Slide: Videoteca AELG: Lectura de &lt;em&gt;Lo \u00fanico que queda es el amor&lt;\/em&gt;\"><h3 class='slide-entry-title entry-title '  itemprop=\"headline\" ><a href='https:\/\/agustinfernandezpaz.gal\/es\/videoteca-aelg-de-agustin-fernandez-paz-3\/' title='Videoteca AELG: Lectura de Lo \u00fanico que queda es el amor'>Videoteca AELG: Lectura de <em>Lo \u00fanico que queda es el amor<\/em><\/a><\/h3><span class=\"av-vertical-delimiter\"><\/span><\/header><div class=\"slide-meta\"><time class='slide-meta-time updated'  itemprop=\"datePublished\" datetime=\"2012-09-18T09:22:31+02:00\" >18\/09\/2012<\/time><\/div><div class='slide-entry-excerpt entry-content'  itemprop=\"text\" >https:\/\/www.youtube.com\/watch?v=gqUwsGelA7c\r\n\r\nEste v\u00eddeo pertenece\u2026<div class=\"read-more-link\"><a href=\"https:\/\/agustinfernandezpaz.gal\/es\/videoteca-aelg-de-agustin-fernandez-paz-3\/\" class=\"more-link\">Leer m\u00e1s<span class='more-link-arrow avia-svg-icon avia-font-svg_entypo-fontello' data-av_svg_icon='right-open-big' data-av_iconset='svg_entypo-fontello'><svg version=\"1.1\" xmlns=\"http:\/\/www.w3.org\/2000\/svg\" width=\"15\" height=\"32\" viewBox=\"0 0 15 32\" preserveAspectRatio=\"xMidYMid meet\" role=\"graphics-symbol\" aria-hidden=\"true\">\n<path d=\"M0.416 27.84l11.456-11.84-11.456-11.904q-0.832-0.832 0-1.536 0.832-0.832 1.536 0l12.544 12.608q0.768 0.832 0 1.6l-12.544 12.608q-0.704 0.832-1.536 0-0.832-0.704 0-1.536z\"><\/path>\n<\/svg><\/span><\/a><\/div><\/div><\/div><footer class=\"entry-footer\"><\/footer><span class='hidden'>\n\t\t\t\t<span class='av-structured-data'  itemprop=\"image\" itemscope=\"itemscope\" itemtype=\"https:\/\/schema.org\/ImageObject\" >\n\t\t\t\t\t\t<span itemprop='url'>https:\/\/agustinfernandezpaz.gal\/wp-content\/uploads\/2012\/09\/a.png<\/span>\n\t\t\t\t\t\t<span itemprop='height'>623<\/span>\n\t\t\t\t\t\t<span itemprop='width'>1173<\/span>\n\t\t\t\t<\/span>\n\t\t\t\t<span class='av-structured-data'  itemprop=\"publisher\" itemtype=\"https:\/\/schema.org\/Organization\" itemscope=\"itemscope\" >\n\t\t\t\t\t\t<span itemprop='name'>administrador<\/span>\n\t\t\t\t\t\t<span itemprop='logo' itemscope itemtype='https:\/\/schema.org\/ImageObject'>\n\t\t\t\t\t\t\t<span itemprop='url'>https:\/\/agustinfernandezpaz.gal\/wp-content\/uploads\/2018\/08\/agustinfernandezpaz-logo.png<\/span>\n\t\t\t\t\t\t<\/span>\n\t\t\t\t<\/span><span class='av-structured-data'  itemprop=\"author\" itemscope=\"itemscope\" itemtype=\"https:\/\/schema.org\/Person\" ><span itemprop='name'>administrador<\/span><\/span><span class='av-structured-data'  itemprop=\"datePublished\" datetime=\"2012-09-11T10:29:26+02:00\" >2012-09-18 09:22:31<\/span><span class='av-structured-data'  itemprop=\"dateModified\" itemtype=\"https:\/\/schema.org\/dateModified\" >2018-09-14 15:23:32<\/span><span class='av-structured-data'  itemprop=\"mainEntityOfPage\" itemtype=\"https:\/\/schema.org\/mainEntityOfPage\" ><span itemprop='name'>Videoteca AELG: Lectura de <em>Lo \u00fanico que queda es el amor<\/em><\/span><\/span><\/span><\/article><article class='slide-entry flex_column  post-entry post-entry-6026 slide-entry-overview slide-loop-11 slide-parity-odd  av_one_fourth  real-thumbnail posttype-post post-format-standard'  itemscope=\"itemscope\" itemtype=\"https:\/\/schema.org\/CreativeWork\" ><a href='https:\/\/agustinfernandezpaz.gal\/es\/videoteca-aelg-de-agustin-fernandez-paz-2\/' data-rel='slide-1' class='slide-image' title='Videoteca AELG: Lectura de &lt;em&gt;Corredores de sombra&lt;\/em&gt;'><img decoding=\"async\" fetchpriority=\"high\" width=\"260\" height=\"185\" src=\"https:\/\/agustinfernandezpaz.gal\/wp-content\/uploads\/2012\/09\/2-260x185.png\" class=\"wp-image-18316 avia-img-lazy-loading-not-18316 attachment-portfolio_small size-portfolio_small wp-post-image\" alt=\"\" \/><\/a><div class=\"slide-content\"><header class=\"entry-content-header\" aria-label=\"Slide: Videoteca AELG: Lectura de &lt;em&gt;Corredores de sombra&lt;\/em&gt;\"><h3 class='slide-entry-title entry-title '  itemprop=\"headline\" ><a href='https:\/\/agustinfernandezpaz.gal\/es\/videoteca-aelg-de-agustin-fernandez-paz-2\/' title='Videoteca AELG: Lectura de Corredores de sombra'>Videoteca AELG: Lectura de <em>Corredores de sombra<\/em><\/a><\/h3><span class=\"av-vertical-delimiter\"><\/span><\/header><div class=\"slide-meta\"><time class='slide-meta-time updated'  itemprop=\"datePublished\" datetime=\"2012-09-18T09:21:17+02:00\" >18\/09\/2012<\/time><\/div><div class='slide-entry-excerpt entry-content'  itemprop=\"text\" >https:\/\/www.youtube.com\/watch?v=ZeznV05PjmU\r\n\r\nEste v\u00eddeo pertenece\u2026<div class=\"read-more-link\"><a href=\"https:\/\/agustinfernandezpaz.gal\/es\/videoteca-aelg-de-agustin-fernandez-paz-2\/\" class=\"more-link\">Leer m\u00e1s<span class='more-link-arrow avia-svg-icon avia-font-svg_entypo-fontello' data-av_svg_icon='right-open-big' data-av_iconset='svg_entypo-fontello'><svg version=\"1.1\" xmlns=\"http:\/\/www.w3.org\/2000\/svg\" width=\"15\" height=\"32\" viewBox=\"0 0 15 32\" preserveAspectRatio=\"xMidYMid meet\" role=\"graphics-symbol\" aria-hidden=\"true\">\n<path d=\"M0.416 27.84l11.456-11.84-11.456-11.904q-0.832-0.832 0-1.536 0.832-0.832 1.536 0l12.544 12.608q0.768 0.832 0 1.6l-12.544 12.608q-0.704 0.832-1.536 0-0.832-0.704 0-1.536z\"><\/path>\n<\/svg><\/span><\/a><\/div><\/div><\/div><footer class=\"entry-footer\"><\/footer><span class='hidden'>\n\t\t\t\t<span class='av-structured-data'  itemprop=\"image\" itemscope=\"itemscope\" itemtype=\"https:\/\/schema.org\/ImageObject\" >\n\t\t\t\t\t\t<span itemprop='url'>https:\/\/agustinfernandezpaz.gal\/wp-content\/uploads\/2012\/09\/2.png<\/span>\n\t\t\t\t\t\t<span itemprop='height'>692<\/span>\n\t\t\t\t\t\t<span itemprop='width'>1165<\/span>\n\t\t\t\t<\/span>\n\t\t\t\t<span class='av-structured-data'  itemprop=\"publisher\" itemtype=\"https:\/\/schema.org\/Organization\" itemscope=\"itemscope\" >\n\t\t\t\t\t\t<span itemprop='name'>administrador<\/span>\n\t\t\t\t\t\t<span itemprop='logo' itemscope itemtype='https:\/\/schema.org\/ImageObject'>\n\t\t\t\t\t\t\t<span itemprop='url'>https:\/\/agustinfernandezpaz.gal\/wp-content\/uploads\/2018\/08\/agustinfernandezpaz-logo.png<\/span>\n\t\t\t\t\t\t<\/span>\n\t\t\t\t<\/span><span class='av-structured-data'  itemprop=\"author\" itemscope=\"itemscope\" itemtype=\"https:\/\/schema.org\/Person\" ><span itemprop='name'>administrador<\/span><\/span><span class='av-structured-data'  itemprop=\"datePublished\" datetime=\"2012-09-11T10:29:26+02:00\" >2012-09-18 09:21:17<\/span><span class='av-structured-data'  itemprop=\"dateModified\" itemtype=\"https:\/\/schema.org\/dateModified\" >2018-09-14 15:25:25<\/span><span class='av-structured-data'  itemprop=\"mainEntityOfPage\" itemtype=\"https:\/\/schema.org\/mainEntityOfPage\" ><span itemprop='name'>Videoteca AELG: Lectura de <em>Corredores de sombra<\/em><\/span><\/span><\/span><\/article><article class='slide-entry flex_column  post-entry post-entry-6022 slide-entry-overview slide-loop-12 slide-parity-even  av_one_fourth  real-thumbnail posttype-post post-format-standard'  itemscope=\"itemscope\" itemtype=\"https:\/\/schema.org\/CreativeWork\" ><a href='https:\/\/agustinfernandezpaz.gal\/es\/videoteca-aelg-de-agustin-fernandez-paz\/' data-rel='slide-1' class='slide-image' title='Videoteca AELG: Entrevista sobre o oficio de escribir'><img decoding=\"async\" fetchpriority=\"high\" width=\"260\" height=\"185\" src=\"https:\/\/agustinfernandezpaz.gal\/wp-content\/uploads\/2018\/09\/1-260x185.jpg\" class=\"wp-image-18329 avia-img-lazy-loading-not-18329 attachment-portfolio_small size-portfolio_small wp-post-image\" alt=\"\" \/><\/a><div class=\"slide-content\"><header class=\"entry-content-header\" aria-label=\"Slide: Videoteca AELG: Entrevista sobre o oficio de escribir\"><h3 class='slide-entry-title entry-title '  itemprop=\"headline\" ><a href='https:\/\/agustinfernandezpaz.gal\/es\/videoteca-aelg-de-agustin-fernandez-paz\/' title='Videoteca AELG: Entrevista sobre o oficio de escribir'>Videoteca AELG: Entrevista sobre o oficio de escribir<\/a><\/h3><span class=\"av-vertical-delimiter\"><\/span><\/header><div class=\"slide-meta\"><time class='slide-meta-time updated'  itemprop=\"datePublished\" datetime=\"2012-09-18T09:20:04+02:00\" >18\/09\/2012<\/time><\/div><div class='slide-entry-excerpt entry-content'  itemprop=\"text\" >https:\/\/www.youtube.com\/watch?v=wbZtZ6ecUfc\r\n\r\nEste v\u00eddeo pertenece\u2026<div class=\"read-more-link\"><a href=\"https:\/\/agustinfernandezpaz.gal\/es\/videoteca-aelg-de-agustin-fernandez-paz\/\" class=\"more-link\">Leer m\u00e1s<span class='more-link-arrow avia-svg-icon avia-font-svg_entypo-fontello' data-av_svg_icon='right-open-big' data-av_iconset='svg_entypo-fontello'><svg version=\"1.1\" xmlns=\"http:\/\/www.w3.org\/2000\/svg\" width=\"15\" height=\"32\" viewBox=\"0 0 15 32\" preserveAspectRatio=\"xMidYMid meet\" role=\"graphics-symbol\" aria-hidden=\"true\">\n<path d=\"M0.416 27.84l11.456-11.84-11.456-11.904q-0.832-0.832 0-1.536 0.832-0.832 1.536 0l12.544 12.608q0.768 0.832 0 1.6l-12.544 12.608q-0.704 0.832-1.536 0-0.832-0.704 0-1.536z\"><\/path>\n<\/svg><\/span><\/a><\/div><\/div><\/div><footer class=\"entry-footer\"><\/footer><span class='hidden'>\n\t\t\t\t<span class='av-structured-data'  itemprop=\"image\" itemscope=\"itemscope\" itemtype=\"https:\/\/schema.org\/ImageObject\" >\n\t\t\t\t\t\t<span itemprop='url'>https:\/\/agustinfernandezpaz.gal\/wp-content\/uploads\/2018\/09\/1.jpg<\/span>\n\t\t\t\t\t\t<span itemprop='height'>665<\/span>\n\t\t\t\t\t\t<span itemprop='width'>1100<\/span>\n\t\t\t\t<\/span>\n\t\t\t\t<span class='av-structured-data'  itemprop=\"publisher\" itemtype=\"https:\/\/schema.org\/Organization\" itemscope=\"itemscope\" >\n\t\t\t\t\t\t<span itemprop='name'>administrador<\/span>\n\t\t\t\t\t\t<span itemprop='logo' itemscope itemtype='https:\/\/schema.org\/ImageObject'>\n\t\t\t\t\t\t\t<span itemprop='url'>https:\/\/agustinfernandezpaz.gal\/wp-content\/uploads\/2018\/08\/agustinfernandezpaz-logo.png<\/span>\n\t\t\t\t\t\t<\/span>\n\t\t\t\t<\/span><span class='av-structured-data'  itemprop=\"author\" itemscope=\"itemscope\" itemtype=\"https:\/\/schema.org\/Person\" ><span itemprop='name'>administrador<\/span><\/span><span class='av-structured-data'  itemprop=\"datePublished\" datetime=\"2012-09-11T10:29:26+02:00\" >2012-09-18 09:20:04<\/span><span class='av-structured-data'  itemprop=\"dateModified\" itemtype=\"https:\/\/schema.org\/dateModified\" >2018-09-17 08:23:05<\/span><span class='av-structured-data'  itemprop=\"mainEntityOfPage\" itemtype=\"https:\/\/schema.org\/mainEntityOfPage\" ><span itemprop='name'>Videoteca AELG: Entrevista sobre o oficio de escribir<\/span><\/span><\/span><\/article><\/div><div class=\"slide-entry-wrap\"><article class='slide-entry flex_column  post-entry post-entry-6018 slide-entry-overview slide-loop-13 slide-parity-odd  av_one_fourth first real-thumbnail posttype-post post-format-standard'  itemscope=\"itemscope\" itemtype=\"https:\/\/schema.org\/CreativeWork\" ><a href='https:\/\/agustinfernandezpaz.gal\/es\/entrevista-a-agustin-fernandez-paz\/' data-rel='slide-1' class='slide-image' title='Entrevista en la Feria Internacional del Libro de Guadalajara'><img decoding=\"async\" fetchpriority=\"high\" width=\"260\" height=\"185\" src=\"https:\/\/agustinfernandezpaz.gal\/wp-content\/uploads\/2018\/09\/12-260x185.jpg\" class=\"wp-image-18334 avia-img-lazy-loading-not-18334 attachment-portfolio_small size-portfolio_small wp-post-image\" alt=\"\" \/><\/a><div class=\"slide-content\"><header class=\"entry-content-header\" aria-label=\"Slide: Entrevista en la Feria Internacional del Libro de Guadalajara\"><h3 class='slide-entry-title entry-title '  itemprop=\"headline\" ><a href='https:\/\/agustinfernandezpaz.gal\/es\/entrevista-a-agustin-fernandez-paz\/' title='Entrevista en la Feria Internacional del Libro de Guadalajara'>Entrevista en la Feria Internacional del Libro de Guadalajara<\/a><\/h3><span class=\"av-vertical-delimiter\"><\/span><\/header><div class=\"slide-meta\"><time class='slide-meta-time updated'  itemprop=\"datePublished\" datetime=\"2012-09-18T09:18:39+02:00\" >18\/09\/2012<\/time><\/div><div class='slide-entry-excerpt entry-content'  itemprop=\"text\" >https:\/\/www.youtube.com\/watch?v=ve-g-U4tYwY\r\n\r\nBreve grabaci\u00f3n,\u2026<div class=\"read-more-link\"><a href=\"https:\/\/agustinfernandezpaz.gal\/es\/entrevista-a-agustin-fernandez-paz\/\" class=\"more-link\">Leer m\u00e1s<span class='more-link-arrow avia-svg-icon avia-font-svg_entypo-fontello' data-av_svg_icon='right-open-big' data-av_iconset='svg_entypo-fontello'><svg version=\"1.1\" xmlns=\"http:\/\/www.w3.org\/2000\/svg\" width=\"15\" height=\"32\" viewBox=\"0 0 15 32\" preserveAspectRatio=\"xMidYMid meet\" role=\"graphics-symbol\" aria-hidden=\"true\">\n<path d=\"M0.416 27.84l11.456-11.84-11.456-11.904q-0.832-0.832 0-1.536 0.832-0.832 1.536 0l12.544 12.608q0.768 0.832 0 1.6l-12.544 12.608q-0.704 0.832-1.536 0-0.832-0.704 0-1.536z\"><\/path>\n<\/svg><\/span><\/a><\/div><\/div><\/div><footer class=\"entry-footer\"><\/footer><span class='hidden'>\n\t\t\t\t<span class='av-structured-data'  itemprop=\"image\" itemscope=\"itemscope\" itemtype=\"https:\/\/schema.org\/ImageObject\" >\n\t\t\t\t\t\t<span itemprop='url'>https:\/\/agustinfernandezpaz.gal\/wp-content\/uploads\/2018\/09\/12.jpg<\/span>\n\t\t\t\t\t\t<span itemprop='height'>752<\/span>\n\t\t\t\t\t\t<span itemprop='width'>1100<\/span>\n\t\t\t\t<\/span>\n\t\t\t\t<span class='av-structured-data'  itemprop=\"publisher\" itemtype=\"https:\/\/schema.org\/Organization\" itemscope=\"itemscope\" >\n\t\t\t\t\t\t<span itemprop='name'>administrador<\/span>\n\t\t\t\t\t\t<span itemprop='logo' itemscope itemtype='https:\/\/schema.org\/ImageObject'>\n\t\t\t\t\t\t\t<span itemprop='url'>https:\/\/agustinfernandezpaz.gal\/wp-content\/uploads\/2018\/08\/agustinfernandezpaz-logo.png<\/span>\n\t\t\t\t\t\t<\/span>\n\t\t\t\t<\/span><span class='av-structured-data'  itemprop=\"author\" itemscope=\"itemscope\" itemtype=\"https:\/\/schema.org\/Person\" ><span itemprop='name'>administrador<\/span><\/span><span class='av-structured-data'  itemprop=\"datePublished\" datetime=\"2012-09-11T10:29:26+02:00\" >2012-09-18 09:18:39<\/span><span class='av-structured-data'  itemprop=\"dateModified\" itemtype=\"https:\/\/schema.org\/dateModified\" >2018-09-17 08:24:53<\/span><span class='av-structured-data'  itemprop=\"mainEntityOfPage\" itemtype=\"https:\/\/schema.org\/mainEntityOfPage\" ><span itemprop='name'>Entrevista en la Feria Internacional del Libro de Guadalajara<\/span><\/span><\/span><\/article><article class='slide-entry flex_column  post-entry post-entry-6014 slide-entry-overview slide-loop-14 slide-parity-even  av_one_fourth  real-thumbnail posttype-post post-format-standard'  itemscope=\"itemscope\" itemtype=\"https:\/\/schema.org\/CreativeWork\" ><a href='https:\/\/agustinfernandezpaz.gal\/es\/discurso-agustin-fernandez-paz-fil-guadalajara-29-nov-2011\/' data-rel='slide-1' class='slide-image' title='\u00abLeer para transformar el mundo\u00bb. Discurso de Agust\u00edn Fern\u00e1ndez Paz na FIL de Guadalajara (M\u00e9xico)'><img decoding=\"async\" fetchpriority=\"high\" width=\"260\" height=\"185\" src=\"https:\/\/agustinfernandezpaz.gal\/wp-content\/uploads\/2018\/09\/34-260x185.jpg\" class=\"wp-image-18351 avia-img-lazy-loading-not-18351 attachment-portfolio_small size-portfolio_small wp-post-image\" alt=\"\" \/><\/a><div class=\"slide-content\"><header class=\"entry-content-header\" aria-label=\"Slide: \u00abLeer para transformar el mundo\u00bb. Discurso de Agust\u00edn Fern\u00e1ndez Paz na FIL de Guadalajara (M\u00e9xico)\"><h3 class='slide-entry-title entry-title '  itemprop=\"headline\" ><a href='https:\/\/agustinfernandezpaz.gal\/es\/discurso-agustin-fernandez-paz-fil-guadalajara-29-nov-2011\/' title='\u00abLeer para transformar el mundo\u00bb. Discurso de Agust\u00edn Fern\u00e1ndez Paz na FIL de Guadalajara (M\u00e9xico)'>\u00abLeer para transformar el mundo\u00bb. Discurso de Agust\u00edn Fern\u00e1ndez Paz na FIL de Guadalajara (M\u00e9xico)<\/a><\/h3><span class=\"av-vertical-delimiter\"><\/span><\/header><div class=\"slide-meta\"><time class='slide-meta-time updated'  itemprop=\"datePublished\" datetime=\"2012-09-18T09:16:16+02:00\" >18\/09\/2012<\/time><\/div><div class='slide-entry-excerpt entry-content'  itemprop=\"text\" >https:\/\/www.youtube.com\/watch?v=aPLy5pTqc34\r\n\r\nNesta gravaci\u00f3n\u2026<div class=\"read-more-link\"><a href=\"https:\/\/agustinfernandezpaz.gal\/es\/discurso-agustin-fernandez-paz-fil-guadalajara-29-nov-2011\/\" class=\"more-link\">Leer m\u00e1s<span class='more-link-arrow avia-svg-icon avia-font-svg_entypo-fontello' data-av_svg_icon='right-open-big' data-av_iconset='svg_entypo-fontello'><svg version=\"1.1\" xmlns=\"http:\/\/www.w3.org\/2000\/svg\" width=\"15\" height=\"32\" viewBox=\"0 0 15 32\" preserveAspectRatio=\"xMidYMid meet\" role=\"graphics-symbol\" aria-hidden=\"true\">\n<path d=\"M0.416 27.84l11.456-11.84-11.456-11.904q-0.832-0.832 0-1.536 0.832-0.832 1.536 0l12.544 12.608q0.768 0.832 0 1.6l-12.544 12.608q-0.704 0.832-1.536 0-0.832-0.704 0-1.536z\"><\/path>\n<\/svg><\/span><\/a><\/div><\/div><\/div><footer class=\"entry-footer\"><\/footer><span class='hidden'>\n\t\t\t\t<span class='av-structured-data'  itemprop=\"image\" itemscope=\"itemscope\" itemtype=\"https:\/\/schema.org\/ImageObject\" >\n\t\t\t\t\t\t<span itemprop='url'>https:\/\/agustinfernandezpaz.gal\/wp-content\/uploads\/2018\/09\/34.jpg<\/span>\n\t\t\t\t\t\t<span itemprop='height'>699<\/span>\n\t\t\t\t\t\t<span itemprop='width'>1100<\/span>\n\t\t\t\t<\/span>\n\t\t\t\t<span class='av-structured-data'  itemprop=\"publisher\" itemtype=\"https:\/\/schema.org\/Organization\" itemscope=\"itemscope\" >\n\t\t\t\t\t\t<span itemprop='name'>administrador<\/span>\n\t\t\t\t\t\t<span itemprop='logo' itemscope itemtype='https:\/\/schema.org\/ImageObject'>\n\t\t\t\t\t\t\t<span itemprop='url'>https:\/\/agustinfernandezpaz.gal\/wp-content\/uploads\/2018\/08\/agustinfernandezpaz-logo.png<\/span>\n\t\t\t\t\t\t<\/span>\n\t\t\t\t<\/span><span class='av-structured-data'  itemprop=\"author\" itemscope=\"itemscope\" itemtype=\"https:\/\/schema.org\/Person\" ><span itemprop='name'>administrador<\/span><\/span><span class='av-structured-data'  itemprop=\"datePublished\" datetime=\"2012-09-11T10:29:26+02:00\" >2012-09-18 09:16:16<\/span><span class='av-structured-data'  itemprop=\"dateModified\" itemtype=\"https:\/\/schema.org\/dateModified\" >2018-09-17 08:32:29<\/span><span class='av-structured-data'  itemprop=\"mainEntityOfPage\" itemtype=\"https:\/\/schema.org\/mainEntityOfPage\" ><span itemprop='name'>\u00abLeer para transformar el mundo\u00bb. Discurso de Agust\u00edn Fern\u00e1ndez Paz na FIL de Guadalajara (M\u00e9xico)<\/span><\/span><\/span><\/article><article class='slide-entry flex_column  post-entry post-entry-6007 slide-entry-overview slide-loop-15 slide-parity-odd  av_one_fourth  real-thumbnail posttype-post post-format-standard'  itemscope=\"itemscope\" itemtype=\"https:\/\/schema.org\/CreativeWork\" ><a href='https:\/\/agustinfernandezpaz.gal\/es\/video-6-afp\/' data-rel='slide-1' class='slide-image' title='Video 6 AFP'><img decoding=\"async\" fetchpriority=\"high\" width=\"260\" height=\"185\" src=\"https:\/\/agustinfernandezpaz.gal\/wp-content\/uploads\/2018\/09\/13-260x185.jpg\" class=\"wp-image-18358 avia-img-lazy-loading-not-18358 attachment-portfolio_small size-portfolio_small wp-post-image\" alt=\"\" \/><\/a><div class=\"slide-content\"><header class=\"entry-content-header\" aria-label=\"Slide: Video 6 AFP\"><h3 class='slide-entry-title entry-title '  itemprop=\"headline\" ><a href='https:\/\/agustinfernandezpaz.gal\/es\/video-6-afp\/' title='Video 6 AFP'>Video 6 AFP<\/a><\/h3><span class=\"av-vertical-delimiter\"><\/span><\/header><div class=\"slide-meta\"><time class='slide-meta-time updated'  itemprop=\"datePublished\" datetime=\"2012-09-18T09:14:27+02:00\" >18\/09\/2012<\/time><\/div><div class='slide-entry-excerpt entry-content'  itemprop=\"text\" >https:\/\/www.youtube.com\/watch?v=Y48H92cdNMQ\r\n\r\nEn esta grabaci\u00f3n,\u2026<div class=\"read-more-link\"><a href=\"https:\/\/agustinfernandezpaz.gal\/es\/video-6-afp\/\" class=\"more-link\">Leer m\u00e1s<span class='more-link-arrow avia-svg-icon avia-font-svg_entypo-fontello' data-av_svg_icon='right-open-big' data-av_iconset='svg_entypo-fontello'><svg version=\"1.1\" xmlns=\"http:\/\/www.w3.org\/2000\/svg\" width=\"15\" height=\"32\" viewBox=\"0 0 15 32\" preserveAspectRatio=\"xMidYMid meet\" role=\"graphics-symbol\" aria-hidden=\"true\">\n<path d=\"M0.416 27.84l11.456-11.84-11.456-11.904q-0.832-0.832 0-1.536 0.832-0.832 1.536 0l12.544 12.608q0.768 0.832 0 1.6l-12.544 12.608q-0.704 0.832-1.536 0-0.832-0.704 0-1.536z\"><\/path>\n<\/svg><\/span><\/a><\/div><\/div><\/div><footer class=\"entry-footer\"><\/footer><span class='hidden'>\n\t\t\t\t<span class='av-structured-data'  itemprop=\"image\" itemscope=\"itemscope\" itemtype=\"https:\/\/schema.org\/ImageObject\" >\n\t\t\t\t\t\t<span itemprop='url'>https:\/\/agustinfernandezpaz.gal\/wp-content\/uploads\/2018\/09\/13.jpg<\/span>\n\t\t\t\t\t\t<span itemprop='height'>717<\/span>\n\t\t\t\t\t\t<span itemprop='width'>1100<\/span>\n\t\t\t\t<\/span>\n\t\t\t\t<span class='av-structured-data'  itemprop=\"publisher\" itemtype=\"https:\/\/schema.org\/Organization\" itemscope=\"itemscope\" >\n\t\t\t\t\t\t<span itemprop='name'>administrador<\/span>\n\t\t\t\t\t\t<span itemprop='logo' itemscope itemtype='https:\/\/schema.org\/ImageObject'>\n\t\t\t\t\t\t\t<span itemprop='url'>https:\/\/agustinfernandezpaz.gal\/wp-content\/uploads\/2018\/08\/agustinfernandezpaz-logo.png<\/span>\n\t\t\t\t\t\t<\/span>\n\t\t\t\t<\/span><span class='av-structured-data'  itemprop=\"author\" itemscope=\"itemscope\" itemtype=\"https:\/\/schema.org\/Person\" ><span itemprop='name'>administrador<\/span><\/span><span class='av-structured-data'  itemprop=\"datePublished\" datetime=\"2012-09-11T10:29:26+02:00\" >2012-09-18 09:14:27<\/span><span class='av-structured-data'  itemprop=\"dateModified\" itemtype=\"https:\/\/schema.org\/dateModified\" >2018-09-17 08:33:50<\/span><span class='av-structured-data'  itemprop=\"mainEntityOfPage\" itemtype=\"https:\/\/schema.org\/mainEntityOfPage\" ><span itemprop='name'>Video 6 AFP<\/span><\/span><\/span><\/article><article class='slide-entry flex_column  post-entry post-entry-5998 slide-entry-overview slide-loop-16 slide-parity-even  av_one_fourth  real-thumbnail posttype-post post-format-standard'  itemscope=\"itemscope\" itemtype=\"https:\/\/schema.org\/CreativeWork\" ><a href='https:\/\/agustinfernandezpaz.gal\/es\/video-5-afp\/' data-rel='slide-1' class='slide-image' title='Libro Aberto: &lt;em&gt;Corredores de sombra&lt;\/em&gt;'><img decoding=\"async\" fetchpriority=\"high\" width=\"260\" height=\"185\" src=\"https:\/\/agustinfernandezpaz.gal\/wp-content\/uploads\/2018\/09\/45-260x185.jpg\" class=\"wp-image-18378 avia-img-lazy-loading-not-18378 attachment-portfolio_small size-portfolio_small wp-post-image\" alt=\"\" \/><\/a><div class=\"slide-content\"><header class=\"entry-content-header\" aria-label=\"Slide: Libro Aberto: &lt;em&gt;Corredores de sombra&lt;\/em&gt;\"><h3 class='slide-entry-title entry-title '  itemprop=\"headline\" ><a href='https:\/\/agustinfernandezpaz.gal\/es\/video-5-afp\/' title='Libro Aberto: Corredores de sombra'>Libro Aberto: <em>Corredores de sombra<\/em><\/a><\/h3><span class=\"av-vertical-delimiter\"><\/span><\/header><div class=\"slide-meta\"><time class='slide-meta-time updated'  itemprop=\"datePublished\" datetime=\"2012-09-18T09:06:42+02:00\" >18\/09\/2012<\/time><\/div><div class='slide-entry-excerpt entry-content'  itemprop=\"text\" >\r\n\r\nEl programa Libro Aberto, de la Televisi\u00f3n de Galicia, comenz\u00f3\u2026<div class=\"read-more-link\"><a href=\"https:\/\/agustinfernandezpaz.gal\/es\/video-5-afp\/\" class=\"more-link\">Leer m\u00e1s<span class='more-link-arrow avia-svg-icon avia-font-svg_entypo-fontello' data-av_svg_icon='right-open-big' data-av_iconset='svg_entypo-fontello'><svg version=\"1.1\" xmlns=\"http:\/\/www.w3.org\/2000\/svg\" width=\"15\" height=\"32\" viewBox=\"0 0 15 32\" preserveAspectRatio=\"xMidYMid meet\" role=\"graphics-symbol\" aria-hidden=\"true\">\n<path d=\"M0.416 27.84l11.456-11.84-11.456-11.904q-0.832-0.832 0-1.536 0.832-0.832 1.536 0l12.544 12.608q0.768 0.832 0 1.6l-12.544 12.608q-0.704 0.832-1.536 0-0.832-0.704 0-1.536z\"><\/path>\n<\/svg><\/span><\/a><\/div><\/div><\/div><footer class=\"entry-footer\"><\/footer><span class='hidden'>\n\t\t\t\t<span class='av-structured-data'  itemprop=\"image\" itemscope=\"itemscope\" itemtype=\"https:\/\/schema.org\/ImageObject\" >\n\t\t\t\t\t\t<span itemprop='url'>https:\/\/agustinfernandezpaz.gal\/wp-content\/uploads\/2018\/09\/45.jpg<\/span>\n\t\t\t\t\t\t<span itemprop='height'>720<\/span>\n\t\t\t\t\t\t<span itemprop='width'>961<\/span>\n\t\t\t\t<\/span>\n\t\t\t\t<span class='av-structured-data'  itemprop=\"publisher\" itemtype=\"https:\/\/schema.org\/Organization\" itemscope=\"itemscope\" >\n\t\t\t\t\t\t<span itemprop='name'>administrador<\/span>\n\t\t\t\t\t\t<span itemprop='logo' itemscope itemtype='https:\/\/schema.org\/ImageObject'>\n\t\t\t\t\t\t\t<span itemprop='url'>https:\/\/agustinfernandezpaz.gal\/wp-content\/uploads\/2018\/08\/agustinfernandezpaz-logo.png<\/span>\n\t\t\t\t\t\t<\/span>\n\t\t\t\t<\/span><span class='av-structured-data'  itemprop=\"author\" itemscope=\"itemscope\" itemtype=\"https:\/\/schema.org\/Person\" ><span itemprop='name'>administrador<\/span><\/span><span class='av-structured-data'  itemprop=\"datePublished\" datetime=\"2012-09-11T10:29:26+02:00\" >2012-09-18 09:06:42<\/span><span class='av-structured-data'  itemprop=\"dateModified\" itemtype=\"https:\/\/schema.org\/dateModified\" >2018-09-17 08:36:33<\/span><span class='av-structured-data'  itemprop=\"mainEntityOfPage\" itemtype=\"https:\/\/schema.org\/mainEntityOfPage\" ><span itemprop='name'>Libro Aberto: <em>Corredores de sombra<\/em><\/span><\/span><\/span><\/article><\/div><div class=\"slide-entry-wrap\"><article class='slide-entry flex_column  post-entry post-entry-5991 slide-entry-overview slide-loop-17 slide-parity-odd  av_one_fourth first real-thumbnail posttype-post post-format-standard'  itemscope=\"itemscope\" itemtype=\"https:\/\/schema.org\/CreativeWork\" ><a href='https:\/\/agustinfernandezpaz.gal\/es\/video-4-afp\/' data-rel='slide-1' class='slide-image' title='Libro Aberto: &lt;em&gt;Lo \u00fanico que queda es el amor&lt;\/em&gt;'><img decoding=\"async\" fetchpriority=\"high\" width=\"260\" height=\"185\" src=\"https:\/\/agustinfernandezpaz.gal\/wp-content\/uploads\/2018\/09\/67-260x185.jpg\" class=\"wp-image-18384 avia-img-lazy-loading-not-18384 attachment-portfolio_small size-portfolio_small wp-post-image\" alt=\"\" \/><\/a><div class=\"slide-content\"><header class=\"entry-content-header\" aria-label=\"Slide: Libro Aberto: &lt;em&gt;Lo \u00fanico que queda es el amor&lt;\/em&gt;\"><h3 class='slide-entry-title entry-title '  itemprop=\"headline\" ><a href='https:\/\/agustinfernandezpaz.gal\/es\/video-4-afp\/' title='Libro Aberto: Lo \u00fanico que queda es el amor'>Libro Aberto: <em>Lo \u00fanico que queda es el amor<\/em><\/a><\/h3><span class=\"av-vertical-delimiter\"><\/span><\/header><div class=\"slide-meta\"><time class='slide-meta-time updated'  itemprop=\"datePublished\" datetime=\"2012-09-18T09:05:58+02:00\" >18\/09\/2012<\/time><\/div><div class='slide-entry-excerpt entry-content'  itemprop=\"text\" >\r\n\r\n\r\nEl programa Libro Aberto, de la Televisi\u00f3n de Galicia,\u2026<div class=\"read-more-link\"><a href=\"https:\/\/agustinfernandezpaz.gal\/es\/video-4-afp\/\" class=\"more-link\">Leer m\u00e1s<span class='more-link-arrow avia-svg-icon avia-font-svg_entypo-fontello' data-av_svg_icon='right-open-big' data-av_iconset='svg_entypo-fontello'><svg version=\"1.1\" xmlns=\"http:\/\/www.w3.org\/2000\/svg\" width=\"15\" height=\"32\" viewBox=\"0 0 15 32\" preserveAspectRatio=\"xMidYMid meet\" role=\"graphics-symbol\" aria-hidden=\"true\">\n<path d=\"M0.416 27.84l11.456-11.84-11.456-11.904q-0.832-0.832 0-1.536 0.832-0.832 1.536 0l12.544 12.608q0.768 0.832 0 1.6l-12.544 12.608q-0.704 0.832-1.536 0-0.832-0.704 0-1.536z\"><\/path>\n<\/svg><\/span><\/a><\/div><\/div><\/div><footer class=\"entry-footer\"><\/footer><span class='hidden'>\n\t\t\t\t<span class='av-structured-data'  itemprop=\"image\" itemscope=\"itemscope\" itemtype=\"https:\/\/schema.org\/ImageObject\" >\n\t\t\t\t\t\t<span itemprop='url'>https:\/\/agustinfernandezpaz.gal\/wp-content\/uploads\/2018\/09\/67.jpg<\/span>\n\t\t\t\t\t\t<span itemprop='height'>718<\/span>\n\t\t\t\t\t\t<span itemprop='width'>963<\/span>\n\t\t\t\t<\/span>\n\t\t\t\t<span class='av-structured-data'  itemprop=\"publisher\" itemtype=\"https:\/\/schema.org\/Organization\" itemscope=\"itemscope\" >\n\t\t\t\t\t\t<span itemprop='name'>administrador<\/span>\n\t\t\t\t\t\t<span itemprop='logo' itemscope itemtype='https:\/\/schema.org\/ImageObject'>\n\t\t\t\t\t\t\t<span itemprop='url'>https:\/\/agustinfernandezpaz.gal\/wp-content\/uploads\/2018\/08\/agustinfernandezpaz-logo.png<\/span>\n\t\t\t\t\t\t<\/span>\n\t\t\t\t<\/span><span class='av-structured-data'  itemprop=\"author\" itemscope=\"itemscope\" itemtype=\"https:\/\/schema.org\/Person\" ><span itemprop='name'>administrador<\/span><\/span><span class='av-structured-data'  itemprop=\"datePublished\" datetime=\"2012-09-11T10:29:26+02:00\" >2012-09-18 09:05:58<\/span><span class='av-structured-data'  itemprop=\"dateModified\" itemtype=\"https:\/\/schema.org\/dateModified\" >2018-09-17 08:45:38<\/span><span class='av-structured-data'  itemprop=\"mainEntityOfPage\" itemtype=\"https:\/\/schema.org\/mainEntityOfPage\" ><span itemprop='name'>Libro Aberto: <em>Lo \u00fanico que queda es el amor<\/em><\/span><\/span><\/span><\/article><article class='slide-entry flex_column  post-entry post-entry-5987 slide-entry-overview slide-loop-18 slide-parity-even  av_one_fourth  real-thumbnail posttype-post post-format-standard'  itemscope=\"itemscope\" itemtype=\"https:\/\/schema.org\/CreativeWork\" ><a href='https:\/\/agustinfernandezpaz.gal\/es\/video-3-afp\/' data-rel='slide-1' class='slide-image' title='Libro Aberto: &lt;em&gt;Luna del Senegal&lt;\/em&gt;'><img decoding=\"async\" fetchpriority=\"high\" width=\"260\" height=\"185\" src=\"https:\/\/agustinfernandezpaz.gal\/wp-content\/uploads\/2018\/09\/video-260x185.jpg\" class=\"wp-image-18395 avia-img-lazy-loading-not-18395 attachment-portfolio_small size-portfolio_small wp-post-image\" alt=\"\" \/><\/a><div class=\"slide-content\"><header class=\"entry-content-header\" aria-label=\"Slide: Libro Aberto: &lt;em&gt;Luna del Senegal&lt;\/em&gt;\"><h3 class='slide-entry-title entry-title '  itemprop=\"headline\" ><a href='https:\/\/agustinfernandezpaz.gal\/es\/video-3-afp\/' title='Libro Aberto: Luna del Senegal'>Libro Aberto: <em>Luna del Senegal<\/em><\/a><\/h3><span class=\"av-vertical-delimiter\"><\/span><\/header><div class=\"slide-meta\"><time class='slide-meta-time updated'  itemprop=\"datePublished\" datetime=\"2012-09-18T09:05:15+02:00\" >18\/09\/2012<\/time><\/div><div class='slide-entry-excerpt entry-content'  itemprop=\"text\" >\r\n\r\nEn la temporada 2009-10, el programa Libro Aberto, de la\u2026<div class=\"read-more-link\"><a href=\"https:\/\/agustinfernandezpaz.gal\/es\/video-3-afp\/\" class=\"more-link\">Leer m\u00e1s<span class='more-link-arrow avia-svg-icon avia-font-svg_entypo-fontello' data-av_svg_icon='right-open-big' data-av_iconset='svg_entypo-fontello'><svg version=\"1.1\" xmlns=\"http:\/\/www.w3.org\/2000\/svg\" width=\"15\" height=\"32\" viewBox=\"0 0 15 32\" preserveAspectRatio=\"xMidYMid meet\" role=\"graphics-symbol\" aria-hidden=\"true\">\n<path d=\"M0.416 27.84l11.456-11.84-11.456-11.904q-0.832-0.832 0-1.536 0.832-0.832 1.536 0l12.544 12.608q0.768 0.832 0 1.6l-12.544 12.608q-0.704 0.832-1.536 0-0.832-0.704 0-1.536z\"><\/path>\n<\/svg><\/span><\/a><\/div><\/div><\/div><footer class=\"entry-footer\"><\/footer><span class='hidden'>\n\t\t\t\t<span class='av-structured-data'  itemprop=\"image\" itemscope=\"itemscope\" itemtype=\"https:\/\/schema.org\/ImageObject\" >\n\t\t\t\t\t\t<span itemprop='url'>https:\/\/agustinfernandezpaz.gal\/wp-content\/uploads\/2018\/09\/video.jpg<\/span>\n\t\t\t\t\t\t<span itemprop='height'>738<\/span>\n\t\t\t\t\t\t<span itemprop='width'>983<\/span>\n\t\t\t\t<\/span>\n\t\t\t\t<span class='av-structured-data'  itemprop=\"publisher\" itemtype=\"https:\/\/schema.org\/Organization\" itemscope=\"itemscope\" >\n\t\t\t\t\t\t<span itemprop='name'>administrador<\/span>\n\t\t\t\t\t\t<span itemprop='logo' itemscope itemtype='https:\/\/schema.org\/ImageObject'>\n\t\t\t\t\t\t\t<span itemprop='url'>https:\/\/agustinfernandezpaz.gal\/wp-content\/uploads\/2018\/08\/agustinfernandezpaz-logo.png<\/span>\n\t\t\t\t\t\t<\/span>\n\t\t\t\t<\/span><span class='av-structured-data'  itemprop=\"author\" itemscope=\"itemscope\" itemtype=\"https:\/\/schema.org\/Person\" ><span itemprop='name'>administrador<\/span><\/span><span class='av-structured-data'  itemprop=\"datePublished\" datetime=\"2012-09-11T10:29:26+02:00\" >2012-09-18 09:05:15<\/span><span class='av-structured-data'  itemprop=\"dateModified\" itemtype=\"https:\/\/schema.org\/dateModified\" >2018-09-17 08:46:56<\/span><span class='av-structured-data'  itemprop=\"mainEntityOfPage\" itemtype=\"https:\/\/schema.org\/mainEntityOfPage\" ><span itemprop='name'>Libro Aberto: <em>Luna del Senegal<\/em><\/span><\/span><\/span><\/article><article class='slide-entry flex_column  post-entry post-entry-5983 slide-entry-overview slide-loop-19 slide-parity-odd  av_one_fourth  real-thumbnail posttype-post post-format-standard'  itemscope=\"itemscope\" itemtype=\"https:\/\/schema.org\/CreativeWork\" ><a href='https:\/\/agustinfernandezpaz.gal\/es\/video-2-afp\/' data-rel='slide-1' class='slide-image' title='Entrevista en el programa ZigZag'><img decoding=\"async\" fetchpriority=\"high\" width=\"260\" height=\"185\" src=\"https:\/\/agustinfernandezpaz.gal\/wp-content\/uploads\/2018\/09\/4-260x185.jpg\" class=\"wp-image-18401 avia-img-lazy-loading-not-18401 attachment-portfolio_small size-portfolio_small wp-post-image\" alt=\"\" \/><\/a><div class=\"slide-content\"><header class=\"entry-content-header\" aria-label=\"Slide: Entrevista en el programa ZigZag\"><h3 class='slide-entry-title entry-title '  itemprop=\"headline\" ><a href='https:\/\/agustinfernandezpaz.gal\/es\/video-2-afp\/' title='Entrevista en el programa ZigZag'>Entrevista en el programa ZigZag<\/a><\/h3><span class=\"av-vertical-delimiter\"><\/span><\/header><div class=\"slide-meta\"><time class='slide-meta-time updated'  itemprop=\"datePublished\" datetime=\"2012-09-18T09:04:04+02:00\" >18\/09\/2012<\/time><\/div><div class='slide-entry-excerpt entry-content'  itemprop=\"text\" >\r\n\r\nEl 19 de septiembre de 2011, en el programa \u201cZigZag diario\u201d,\u2026<div class=\"read-more-link\"><a href=\"https:\/\/agustinfernandezpaz.gal\/es\/video-2-afp\/\" class=\"more-link\">Leer m\u00e1s<span class='more-link-arrow avia-svg-icon avia-font-svg_entypo-fontello' data-av_svg_icon='right-open-big' data-av_iconset='svg_entypo-fontello'><svg version=\"1.1\" xmlns=\"http:\/\/www.w3.org\/2000\/svg\" width=\"15\" height=\"32\" viewBox=\"0 0 15 32\" preserveAspectRatio=\"xMidYMid meet\" role=\"graphics-symbol\" aria-hidden=\"true\">\n<path d=\"M0.416 27.84l11.456-11.84-11.456-11.904q-0.832-0.832 0-1.536 0.832-0.832 1.536 0l12.544 12.608q0.768 0.832 0 1.6l-12.544 12.608q-0.704 0.832-1.536 0-0.832-0.704 0-1.536z\"><\/path>\n<\/svg><\/span><\/a><\/div><\/div><\/div><footer class=\"entry-footer\"><\/footer><span class='hidden'>\n\t\t\t\t<span class='av-structured-data'  itemprop=\"image\" itemscope=\"itemscope\" itemtype=\"https:\/\/schema.org\/ImageObject\" >\n\t\t\t\t\t\t<span itemprop='url'>https:\/\/agustinfernandezpaz.gal\/wp-content\/uploads\/2018\/09\/4.jpg<\/span>\n\t\t\t\t\t\t<span itemprop='height'>735<\/span>\n\t\t\t\t\t\t<span itemprop='width'>985<\/span>\n\t\t\t\t<\/span>\n\t\t\t\t<span class='av-structured-data'  itemprop=\"publisher\" itemtype=\"https:\/\/schema.org\/Organization\" itemscope=\"itemscope\" >\n\t\t\t\t\t\t<span itemprop='name'>administrador<\/span>\n\t\t\t\t\t\t<span itemprop='logo' itemscope itemtype='https:\/\/schema.org\/ImageObject'>\n\t\t\t\t\t\t\t<span itemprop='url'>https:\/\/agustinfernandezpaz.gal\/wp-content\/uploads\/2018\/08\/agustinfernandezpaz-logo.png<\/span>\n\t\t\t\t\t\t<\/span>\n\t\t\t\t<\/span><span class='av-structured-data'  itemprop=\"author\" itemscope=\"itemscope\" itemtype=\"https:\/\/schema.org\/Person\" ><span itemprop='name'>administrador<\/span><\/span><span class='av-structured-data'  itemprop=\"datePublished\" datetime=\"2012-09-11T10:29:26+02:00\" >2012-09-18 09:04:04<\/span><span class='av-structured-data'  itemprop=\"dateModified\" itemtype=\"https:\/\/schema.org\/dateModified\" >2018-09-17 08:47:59<\/span><span class='av-structured-data'  itemprop=\"mainEntityOfPage\" itemtype=\"https:\/\/schema.org\/mainEntityOfPage\" ><span itemprop='name'>Entrevista en el programa ZigZag<\/span><\/span><\/span><\/article><article class='slide-entry flex_column  post-entry post-entry-5979 slide-entry-overview slide-loop-20 slide-parity-even  post-entry-last  av_one_fourth  real-thumbnail posttype-post post-format-standard'  itemscope=\"itemscope\" itemtype=\"https:\/\/schema.org\/CreativeWork\" ><a href='https:\/\/agustinfernandezpaz.gal\/es\/video-1-afg\/' data-rel='slide-1' class='slide-image' title='Planeta Cine: las pel\u00edculas de AFP'><img decoding=\"async\" fetchpriority=\"high\" width=\"260\" height=\"185\" src=\"https:\/\/agustinfernandezpaz.gal\/wp-content\/uploads\/2018\/09\/arrebato-260x185.jpg\" class=\"wp-image-18408 avia-img-lazy-loading-not-18408 attachment-portfolio_small size-portfolio_small wp-post-image\" alt=\"\" \/><\/a><div class=\"slide-content\"><header class=\"entry-content-header\" aria-label=\"Slide: Planeta Cine: las pel\u00edculas de AFP\"><h3 class='slide-entry-title entry-title '  itemprop=\"headline\" ><a href='https:\/\/agustinfernandezpaz.gal\/es\/video-1-afg\/' title='Planeta Cine: las pel\u00edculas de AFP'>Planeta Cine: las pel\u00edculas de AFP<\/a><\/h3><span class=\"av-vertical-delimiter\"><\/span><\/header><div class=\"slide-meta\"><time class='slide-meta-time updated'  itemprop=\"datePublished\" datetime=\"2012-09-18T09:00:03+02:00\" >18\/09\/2012<\/time><\/div><div class='slide-entry-excerpt entry-content'  itemprop=\"text\" >\r\n\r\nEn el espacio Planeta Cine, un programa que emite la Televisi\u00f3n\u2026<div class=\"read-more-link\"><a href=\"https:\/\/agustinfernandezpaz.gal\/es\/video-1-afg\/\" class=\"more-link\">Leer m\u00e1s<span class='more-link-arrow avia-svg-icon avia-font-svg_entypo-fontello' data-av_svg_icon='right-open-big' data-av_iconset='svg_entypo-fontello'><svg version=\"1.1\" xmlns=\"http:\/\/www.w3.org\/2000\/svg\" width=\"15\" height=\"32\" viewBox=\"0 0 15 32\" preserveAspectRatio=\"xMidYMid meet\" role=\"graphics-symbol\" aria-hidden=\"true\">\n<path d=\"M0.416 27.84l11.456-11.84-11.456-11.904q-0.832-0.832 0-1.536 0.832-0.832 1.536 0l12.544 12.608q0.768 0.832 0 1.6l-12.544 12.608q-0.704 0.832-1.536 0-0.832-0.704 0-1.536z\"><\/path>\n<\/svg><\/span><\/a><\/div><\/div><\/div><footer class=\"entry-footer\"><\/footer><span class='hidden'>\n\t\t\t\t<span class='av-structured-data'  itemprop=\"image\" itemscope=\"itemscope\" itemtype=\"https:\/\/schema.org\/ImageObject\" >\n\t\t\t\t\t\t<span itemprop='url'>https:\/\/agustinfernandezpaz.gal\/wp-content\/uploads\/2018\/09\/arrebato.jpg<\/span>\n\t\t\t\t\t\t<span itemprop='height'>751<\/span>\n\t\t\t\t\t\t<span itemprop='width'>984<\/span>\n\t\t\t\t<\/span>\n\t\t\t\t<span class='av-structured-data'  itemprop=\"publisher\" itemtype=\"https:\/\/schema.org\/Organization\" itemscope=\"itemscope\" >\n\t\t\t\t\t\t<span itemprop='name'>administrador<\/span>\n\t\t\t\t\t\t<span itemprop='logo' itemscope itemtype='https:\/\/schema.org\/ImageObject'>\n\t\t\t\t\t\t\t<span itemprop='url'>https:\/\/agustinfernandezpaz.gal\/wp-content\/uploads\/2018\/08\/agustinfernandezpaz-logo.png<\/span>\n\t\t\t\t\t\t<\/span>\n\t\t\t\t<\/span><span class='av-structured-data'  itemprop=\"author\" itemscope=\"itemscope\" itemtype=\"https:\/\/schema.org\/Person\" ><span itemprop='name'>administrador<\/span><\/span><span class='av-structured-data'  itemprop=\"datePublished\" datetime=\"2012-09-11T10:29:26+02:00\" >2012-09-18 09:00:03<\/span><span class='av-structured-data'  itemprop=\"dateModified\" itemtype=\"https:\/\/schema.org\/dateModified\" >2018-09-17 08:49:01<\/span><span class='av-structured-data'  itemprop=\"mainEntityOfPage\" itemtype=\"https:\/\/schema.org\/mainEntityOfPage\" ><span itemprop='name'>Planeta Cine: las pel\u00edculas de AFP<\/span><\/span><\/span><\/article><\/div><\/div><\/div>\n<\/p>\n","protected":false},"excerpt":{"rendered":"","protected":false},"author":1,"featured_media":0,"parent":0,"menu_order":0,"comment_status":"closed","ping_status":"closed","template":"","meta":{"footnotes":""},"class_list":["post-5057","page","type-page","status-publish","hentry"],"_links":{"self":[{"href":"https:\/\/agustinfernandezpaz.gal\/es\/wp-json\/wp\/v2\/pages\/5057","targetHints":{"allow":["GET"]}}],"collection":[{"href":"https:\/\/agustinfernandezpaz.gal\/es\/wp-json\/wp\/v2\/pages"}],"about":[{"href":"https:\/\/agustinfernandezpaz.gal\/es\/wp-json\/wp\/v2\/types\/page"}],"author":[{"embeddable":true,"href":"https:\/\/agustinfernandezpaz.gal\/es\/wp-json\/wp\/v2\/users\/1"}],"replies":[{"embeddable":true,"href":"https:\/\/agustinfernandezpaz.gal\/es\/wp-json\/wp\/v2\/comments?post=5057"}],"version-history":[{"count":0,"href":"https:\/\/agustinfernandezpaz.gal\/es\/wp-json\/wp\/v2\/pages\/5057\/revisions"}],"wp:attachment":[{"href":"https:\/\/agustinfernandezpaz.gal\/es\/wp-json\/wp\/v2\/media?parent=5057"}],"curies":[{"name":"wp","href":"https:\/\/api.w.org\/{rel}","templated":true}]}}