{"id":5068,"date":"2012-09-11T10:33:01","date_gmt":"2012-09-11T10:33:01","guid":{"rendered":"https:\/\/agustinfernandezpaz.gal\/?page_id=5068"},"modified":"2018-09-14T14:00:38","modified_gmt":"2018-09-14T12:00:38","slug":"news","status":"publish","type":"page","link":"https:\/\/agustinfernandezpaz.gal\/en\/news\/","title":{"rendered":"News"},"content":{"rendered":"\n<style type=\"text\/css\" data-created_by=\"avia_inline_auto\" id=\"style-css-av-5dfmi5-121f5e6bf9287321b0587264570e7ef7\">\n.avia-section.av-5dfmi5-121f5e6bf9287321b0587264570e7ef7{\nbackground-color:#f7f7f7;\nbackground-image:unset;\n}\n<\/style>\n<div id='av_section_1'  class='avia-section av-5dfmi5-121f5e6bf9287321b0587264570e7ef7 main_color avia-section-default avia-no-border-styling  avia-builder-el-0  el_before_av_section  avia-builder-el-first  avia-bg-style-scroll container_wrap fullsize'  ><div class='container av-section-cont-open' ><main  role=\"main\" itemprop=\"mainContentOfPage\"  class='template-page content  av-content-full alpha units'><div class='post-entry post-entry-type-page post-entry-5068'><div class='entry-content-wrapper clearfix'>\n\n<style type=\"text\/css\" data-created_by=\"avia_inline_auto\" id=\"style-css-av-jm1ybfx0-1b1db5f487b7447ad0c2ed87417bacaf\">\n#top .av-special-heading.av-jm1ybfx0-1b1db5f487b7447ad0c2ed87417bacaf{\npadding-bottom:40px;\n}\nbody .av-special-heading.av-jm1ybfx0-1b1db5f487b7447ad0c2ed87417bacaf .av-special-heading-tag .heading-char{\nfont-size:25px;\n}\n.av-special-heading.av-jm1ybfx0-1b1db5f487b7447ad0c2ed87417bacaf .av-subheading{\nfont-size:17px;\n}\n<\/style>\n<div  class='av-special-heading av-jm1ybfx0-1b1db5f487b7447ad0c2ed87417bacaf av-special-heading-h1 blockquote modern-quote  avia-builder-el-1  el_before_av_hr  avia-builder-el-first '><h1 class='av-special-heading-tag '  itemprop=\"headline\"  >News<\/h1><div class='av-subheading av-subheading_below'><p>A section which holds news about AFP\u2019s life and his books: publishing novelties, trips, event participation and other items from his literary activity.<\/p>\n<\/div><div class=\"special-heading-border\"><div class=\"special-heading-inner-border\"><\/div><\/div><\/div>\n\n<style type=\"text\/css\" data-created_by=\"avia_inline_auto\" id=\"style-css-av-jjo9sqpl-c123849a318f9e29435efff558c62180\">\n#top .hr.hr-invisible.av-jjo9sqpl-c123849a318f9e29435efff558c62180{\nmargin-top:-40px;\nheight:1px;\n}\n<\/style>\n<div  class='hr av-jjo9sqpl-c123849a318f9e29435efff558c62180 hr-invisible  avia-builder-el-2  el_after_av_heading  avia-builder-el-last '><span class='hr-inner '><span class=\"hr-inner-style\"><\/span><\/span><\/div>\n<\/div><\/div><\/main><!-- close content main element --><\/div><\/div><div id='av_section_2'  class='avia-section av-30mfig-f5fa0f9e8c79cfdf6a63170e445540e9 main_color avia-section-default avia-no-border-styling  avia-builder-el-3  el_after_av_section  avia-builder-el-last  avia-bg-style-scroll container_wrap fullsize'  ><div class='container av-section-cont-open' ><div class='template-page content  av-content-full alpha units'><div class='post-entry post-entry-type-page post-entry-5068'><div class='entry-content-wrapper clearfix'>\n<div  data-slideshow-options=\"{&quot;animation&quot;:&quot;fade&quot;,&quot;autoplay&quot;:false,&quot;loop_autoplay&quot;:&quot;once&quot;,&quot;interval&quot;:5,&quot;loop_manual&quot;:&quot;manual-endless&quot;,&quot;autoplay_stopper&quot;:false,&quot;noNavigation&quot;:false,&quot;show_slide_delay&quot;:90}\" class='avia-content-slider avia-content-grid-active avia-content-slider1 avia-content-slider-even  avia-builder-el-4  avia-builder-el-no-sibling  av-slideshow-ui av-control-default   av-no-slider-navigation av-slideshow-manual av-loop-once av-loop-manual-endless '  itemscope=\"itemscope\" itemtype=\"https:\/\/schema.org\/Blog\" ><div class=\"avia-content-slider-inner\"><div class=\"slide-entry-wrap\"><article class='slide-entry flex_column  post-entry post-entry-11267 slide-entry-overview slide-loop-1 slide-parity-odd  av_one_fourth first real-thumbnail posttype-post post-format-standard'  itemscope=\"itemscope\" itemtype=\"https:\/\/schema.org\/CreativeWork\" ><a href='https:\/\/agustinfernandezpaz.gal\/en\/reportaxe-no-programa-zigzag-tvg-sobre-os-novos-libros-de-agustin-fernandez-paz\/' data-rel='slide-1' class='slide-image' title='Reportaxe no programa &#8220;Zigzag&#8221; (TVG) sobre os novos libros de Agust\u00edn Fern\u00e1ndez Paz'><img decoding=\"async\" fetchpriority=\"high\" width=\"260\" height=\"185\" src=\"https:\/\/agustinfernandezpaz.gal\/wp-content\/uploads\/2015\/06\/Foto-tres---ltimas-novidades-2-260x185.jpg\" class=\"wp-image-11263 avia-img-lazy-loading-not-11263 attachment-portfolio_small size-portfolio_small wp-post-image\" alt=\"\" \/><\/a><div class=\"slide-content\"><header class=\"entry-content-header\" aria-label=\"Slide: Reportaxe no programa &quot;Zigzag&quot; (TVG) sobre os novos libros de Agust\u00edn Fern\u00e1ndez Paz\"><h3 class='slide-entry-title entry-title '  itemprop=\"headline\" ><a href='https:\/\/agustinfernandezpaz.gal\/en\/reportaxe-no-programa-zigzag-tvg-sobre-os-novos-libros-de-agustin-fernandez-paz\/' title='Reportaxe no programa &#8220;Zigzag&#8221; (TVG) sobre os novos libros de Agust\u00edn Fern\u00e1ndez Paz'>Reportaxe no programa &#8220;Zigzag&#8221; (TVG) sobre os novos libros de Agust\u00edn Fern\u00e1ndez Paz<\/a><\/h3><span class=\"av-vertical-delimiter\"><\/span><\/header><div class=\"slide-meta\"><time class='slide-meta-time updated'  itemprop=\"datePublished\" datetime=\"2015-06-19T18:44:56+02:00\" >19\/06\/2015<\/time><\/div><div class='slide-entry-excerpt entry-content'  itemprop=\"text\" >O pasado d\u00eda 2 de xu\u00f1o, o programa cultural \"Zigzag\", que emite\u2026<div class=\"read-more-link\"><a href=\"https:\/\/agustinfernandezpaz.gal\/en\/reportaxe-no-programa-zigzag-tvg-sobre-os-novos-libros-de-agustin-fernandez-paz\/\" class=\"more-link\">Read more<span class='more-link-arrow avia-svg-icon avia-font-svg_entypo-fontello' data-av_svg_icon='right-open-big' data-av_iconset='svg_entypo-fontello'><svg version=\"1.1\" xmlns=\"http:\/\/www.w3.org\/2000\/svg\" width=\"15\" height=\"32\" viewBox=\"0 0 15 32\" preserveAspectRatio=\"xMidYMid meet\" role=\"graphics-symbol\" aria-hidden=\"true\">\n<path d=\"M0.416 27.84l11.456-11.84-11.456-11.904q-0.832-0.832 0-1.536 0.832-0.832 1.536 0l12.544 12.608q0.768 0.832 0 1.6l-12.544 12.608q-0.704 0.832-1.536 0-0.832-0.704 0-1.536z\"><\/path>\n<\/svg><\/span><\/a><\/div><\/div><\/div><footer class=\"entry-footer\"><\/footer><span class='hidden'>\n\t\t\t\t<span class='av-structured-data'  itemprop=\"image\" itemscope=\"itemscope\" itemtype=\"https:\/\/schema.org\/ImageObject\" >\n\t\t\t\t\t\t<span itemprop='url'>https:\/\/agustinfernandezpaz.gal\/wp-content\/uploads\/2015\/06\/Foto-tres---ltimas-novidades-2.jpg<\/span>\n\t\t\t\t\t\t<span itemprop='height'>532<\/span>\n\t\t\t\t\t\t<span itemprop='width'>1000<\/span>\n\t\t\t\t<\/span>\n\t\t\t\t<span class='av-structured-data'  itemprop=\"publisher\" itemtype=\"https:\/\/schema.org\/Organization\" itemscope=\"itemscope\" >\n\t\t\t\t\t\t<span itemprop='name'>Agust\u00edn Fern\u00e1ndez Paz<\/span>\n\t\t\t\t\t\t<span itemprop='logo' itemscope itemtype='https:\/\/schema.org\/ImageObject'>\n\t\t\t\t\t\t\t<span itemprop='url'>https:\/\/agustinfernandezpaz.gal\/wp-content\/uploads\/2018\/08\/agustinfernandezpaz-logo.png<\/span>\n\t\t\t\t\t\t<\/span>\n\t\t\t\t<\/span><span class='av-structured-data'  itemprop=\"author\" itemscope=\"itemscope\" itemtype=\"https:\/\/schema.org\/Person\" ><span itemprop='name'>Agust\u00edn Fern\u00e1ndez Paz<\/span><\/span><span class='av-structured-data'  itemprop=\"datePublished\" datetime=\"2012-09-11T10:33:01+02:00\" >2015-06-19 18:44:56<\/span><span class='av-structured-data'  itemprop=\"dateModified\" itemtype=\"https:\/\/schema.org\/dateModified\" >2015-06-19 19:05:53<\/span><span class='av-structured-data'  itemprop=\"mainEntityOfPage\" itemtype=\"https:\/\/schema.org\/mainEntityOfPage\" ><span itemprop='name'>Reportaxe no programa &#8220;Zigzag&#8221; (TVG) sobre os novos libros de Agust\u00edn Fern\u00e1ndez Paz<\/span><\/span><\/span><\/article><article class='slide-entry flex_column  post-entry post-entry-11076 slide-entry-overview slide-loop-2 slide-parity-even  av_one_fourth  real-thumbnail posttype-post post-format-standard'  itemscope=\"itemscope\" itemtype=\"https:\/\/schema.org\/CreativeWork\" ><a href='https:\/\/agustinfernandezpaz.gal\/en\/a-viaxe-de-gagarin-obten-o-premio-de-narrativa-da-aelg\/' data-rel='slide-1' class='slide-image' title='&#8220;A viaxe de Gagarin&#8221; obt\u00e9n o Premio de Narrativa da AELG'><img decoding=\"async\" fetchpriority=\"high\" width=\"260\" height=\"185\" src=\"https:\/\/agustinfernandezpaz.gal\/wp-content\/uploads\/2015\/05\/Gagarin2-260x185.jpg\" class=\"wp-image-11073 avia-img-lazy-loading-not-11073 attachment-portfolio_small size-portfolio_small wp-post-image\" alt=\"\" srcset=\"https:\/\/agustinfernandezpaz.gal\/wp-content\/uploads\/2015\/05\/Gagarin2-260x185.jpg 260w, https:\/\/agustinfernandezpaz.gal\/wp-content\/uploads\/2015\/05\/Gagarin2-300x212.jpg 300w, https:\/\/agustinfernandezpaz.gal\/wp-content\/uploads\/2015\/05\/Gagarin2-450x318.jpg 450w, https:\/\/agustinfernandezpaz.gal\/wp-content\/uploads\/2015\/05\/Gagarin2-110x77.jpg 110w, https:\/\/agustinfernandezpaz.gal\/wp-content\/uploads\/2015\/05\/Gagarin2.jpg 640w\" sizes=\"(max-width: 260px) 100vw, 260px\" \/><\/a><div class=\"slide-content\"><header class=\"entry-content-header\" aria-label=\"Slide: &quot;A viaxe de Gagarin&quot; obt\u00e9n o Premio de Narrativa da AELG\"><h3 class='slide-entry-title entry-title '  itemprop=\"headline\" ><a href='https:\/\/agustinfernandezpaz.gal\/en\/a-viaxe-de-gagarin-obten-o-premio-de-narrativa-da-aelg\/' title='&#8220;A viaxe de Gagarin&#8221; obt\u00e9n o Premio de Narrativa da AELG'>&#8220;A viaxe de Gagarin&#8221; obt\u00e9n o Premio de Narrativa da AELG<\/a><\/h3><span class=\"av-vertical-delimiter\"><\/span><\/header><div class=\"slide-meta\"><time class='slide-meta-time updated'  itemprop=\"datePublished\" datetime=\"2015-05-11T19:06:20+02:00\" >11\/05\/2015<\/time><\/div><div class='slide-entry-excerpt entry-content'  itemprop=\"text\" >O pasado 9 de maio, a Asociaci\u00f3n de Escritores en Lingua Galega\u2026<div class=\"read-more-link\"><a href=\"https:\/\/agustinfernandezpaz.gal\/en\/a-viaxe-de-gagarin-obten-o-premio-de-narrativa-da-aelg\/\" class=\"more-link\">Read more<span class='more-link-arrow avia-svg-icon avia-font-svg_entypo-fontello' data-av_svg_icon='right-open-big' data-av_iconset='svg_entypo-fontello'><svg version=\"1.1\" xmlns=\"http:\/\/www.w3.org\/2000\/svg\" width=\"15\" height=\"32\" viewBox=\"0 0 15 32\" preserveAspectRatio=\"xMidYMid meet\" role=\"graphics-symbol\" aria-hidden=\"true\">\n<path d=\"M0.416 27.84l11.456-11.84-11.456-11.904q-0.832-0.832 0-1.536 0.832-0.832 1.536 0l12.544 12.608q0.768 0.832 0 1.6l-12.544 12.608q-0.704 0.832-1.536 0-0.832-0.704 0-1.536z\"><\/path>\n<\/svg><\/span><\/a><\/div><\/div><\/div><footer class=\"entry-footer\"><\/footer><span class='hidden'>\n\t\t\t\t<span class='av-structured-data'  itemprop=\"image\" itemscope=\"itemscope\" itemtype=\"https:\/\/schema.org\/ImageObject\" >\n\t\t\t\t\t\t<span itemprop='url'>https:\/\/agustinfernandezpaz.gal\/wp-content\/uploads\/2015\/05\/Gagarin2.jpg<\/span>\n\t\t\t\t\t\t<span itemprop='height'>452<\/span>\n\t\t\t\t\t\t<span itemprop='width'>640<\/span>\n\t\t\t\t<\/span>\n\t\t\t\t<span class='av-structured-data'  itemprop=\"publisher\" itemtype=\"https:\/\/schema.org\/Organization\" itemscope=\"itemscope\" >\n\t\t\t\t\t\t<span itemprop='name'>Agust\u00edn Fern\u00e1ndez Paz<\/span>\n\t\t\t\t\t\t<span itemprop='logo' itemscope itemtype='https:\/\/schema.org\/ImageObject'>\n\t\t\t\t\t\t\t<span itemprop='url'>https:\/\/agustinfernandezpaz.gal\/wp-content\/uploads\/2018\/08\/agustinfernandezpaz-logo.png<\/span>\n\t\t\t\t\t\t<\/span>\n\t\t\t\t<\/span><span class='av-structured-data'  itemprop=\"author\" itemscope=\"itemscope\" itemtype=\"https:\/\/schema.org\/Person\" ><span itemprop='name'>Agust\u00edn Fern\u00e1ndez Paz<\/span><\/span><span class='av-structured-data'  itemprop=\"datePublished\" datetime=\"2012-09-11T10:33:01+02:00\" >2015-05-11 19:06:20<\/span><span class='av-structured-data'  itemprop=\"dateModified\" itemtype=\"https:\/\/schema.org\/dateModified\" >2015-05-11 19:07:17<\/span><span class='av-structured-data'  itemprop=\"mainEntityOfPage\" itemtype=\"https:\/\/schema.org\/mainEntityOfPage\" ><span itemprop='name'>&#8220;A viaxe de Gagarin&#8221; obt\u00e9n o Premio de Narrativa da AELG<\/span><\/span><\/span><\/article><article class='slide-entry flex_column  post-entry post-entry-11055 slide-entry-overview slide-loop-3 slide-parity-odd  av_one_fourth  real-thumbnail posttype-post post-format-standard'  itemscope=\"itemscope\" itemtype=\"https:\/\/schema.org\/CreativeWork\" ><a href='https:\/\/agustinfernandezpaz.gal\/en\/cruzando-o-atlantico\/' data-rel='slide-1' class='slide-image' title='Cruzando o Atl\u00e1ntico'><img decoding=\"async\" fetchpriority=\"high\" width=\"260\" height=\"185\" src=\"https:\/\/agustinfernandezpaz.gal\/wp-content\/uploads\/2015\/05\/dsc_0471-640x640x801-260x185.jpg\" class=\"wp-image-11052 avia-img-lazy-loading-not-11052 attachment-portfolio_small size-portfolio_small wp-post-image\" alt=\"\" \/><\/a><div class=\"slide-content\"><header class=\"entry-content-header\" aria-label=\"Slide: Cruzando o Atl\u00e1ntico\"><h3 class='slide-entry-title entry-title '  itemprop=\"headline\" ><a href='https:\/\/agustinfernandezpaz.gal\/en\/cruzando-o-atlantico\/' title='Cruzando o Atl\u00e1ntico'>Cruzando o Atl\u00e1ntico<\/a><\/h3><span class=\"av-vertical-delimiter\"><\/span><\/header><div class=\"slide-meta\"><time class='slide-meta-time updated'  itemprop=\"datePublished\" datetime=\"2015-05-08T19:25:37+02:00\" >08\/05\/2015<\/time><\/div><div class='slide-entry-excerpt entry-content'  itemprop=\"text\" >Nos \u00faltimos meses, cadrou que d\u00faas revistas dixitais feitas\u2026<div class=\"read-more-link\"><a href=\"https:\/\/agustinfernandezpaz.gal\/en\/cruzando-o-atlantico\/\" class=\"more-link\">Read more<span class='more-link-arrow avia-svg-icon avia-font-svg_entypo-fontello' data-av_svg_icon='right-open-big' data-av_iconset='svg_entypo-fontello'><svg version=\"1.1\" xmlns=\"http:\/\/www.w3.org\/2000\/svg\" width=\"15\" height=\"32\" viewBox=\"0 0 15 32\" preserveAspectRatio=\"xMidYMid meet\" role=\"graphics-symbol\" aria-hidden=\"true\">\n<path d=\"M0.416 27.84l11.456-11.84-11.456-11.904q-0.832-0.832 0-1.536 0.832-0.832 1.536 0l12.544 12.608q0.768 0.832 0 1.6l-12.544 12.608q-0.704 0.832-1.536 0-0.832-0.704 0-1.536z\"><\/path>\n<\/svg><\/span><\/a><\/div><\/div><\/div><footer class=\"entry-footer\"><\/footer><span class='hidden'>\n\t\t\t\t<span class='av-structured-data'  itemprop=\"image\" itemscope=\"itemscope\" itemtype=\"https:\/\/schema.org\/ImageObject\" >\n\t\t\t\t\t\t<span itemprop='url'>https:\/\/agustinfernandezpaz.gal\/wp-content\/uploads\/2015\/05\/dsc_0471-640x640x801.jpg<\/span>\n\t\t\t\t\t\t<span itemprop='height'>480<\/span>\n\t\t\t\t\t\t<span itemprop='width'>640<\/span>\n\t\t\t\t<\/span>\n\t\t\t\t<span class='av-structured-data'  itemprop=\"publisher\" itemtype=\"https:\/\/schema.org\/Organization\" itemscope=\"itemscope\" >\n\t\t\t\t\t\t<span itemprop='name'>Agust\u00edn Fern\u00e1ndez Paz<\/span>\n\t\t\t\t\t\t<span itemprop='logo' itemscope itemtype='https:\/\/schema.org\/ImageObject'>\n\t\t\t\t\t\t\t<span itemprop='url'>https:\/\/agustinfernandezpaz.gal\/wp-content\/uploads\/2018\/08\/agustinfernandezpaz-logo.png<\/span>\n\t\t\t\t\t\t<\/span>\n\t\t\t\t<\/span><span class='av-structured-data'  itemprop=\"author\" itemscope=\"itemscope\" itemtype=\"https:\/\/schema.org\/Person\" ><span itemprop='name'>Agust\u00edn Fern\u00e1ndez Paz<\/span><\/span><span class='av-structured-data'  itemprop=\"datePublished\" datetime=\"2012-09-11T10:33:01+02:00\" >2015-05-08 19:25:37<\/span><span class='av-structured-data'  itemprop=\"dateModified\" itemtype=\"https:\/\/schema.org\/dateModified\" >2015-05-27 13:55:16<\/span><span class='av-structured-data'  itemprop=\"mainEntityOfPage\" itemtype=\"https:\/\/schema.org\/mainEntityOfPage\" ><span itemprop='name'>Cruzando o Atl\u00e1ntico<\/span><\/span><\/span><\/article><article class='slide-entry flex_column  post-entry post-entry-11019 slide-entry-overview slide-loop-4 slide-parity-even  av_one_fourth  real-thumbnail posttype-post post-format-standard'  itemscope=\"itemscope\" itemtype=\"https:\/\/schema.org\/CreativeWork\" ><a href='https:\/\/agustinfernandezpaz.gal\/en\/agustin-fernandez-paz-premio-dos-clubs-de-lectura-2015\/' data-rel='slide-1' class='slide-image' title='Agust\u00edn Fern\u00e1ndez Paz, Reading Clubs Award 2015'><img decoding=\"async\" fetchpriority=\"high\" width=\"247\" height=\"185\" src=\"https:\/\/agustinfernandezpaz.gal\/wp-content\/uploads\/2015\/04\/Na-Feira-do-Libro-de-Vigo.jpg\" class=\"wp-image-11187 avia-img-lazy-loading-not-11187 attachment-portfolio_small size-portfolio_small wp-post-image\" alt=\"\" srcset=\"https:\/\/agustinfernandezpaz.gal\/wp-content\/uploads\/2015\/04\/Na-Feira-do-Libro-de-Vigo.jpg 640w, https:\/\/agustinfernandezpaz.gal\/wp-content\/uploads\/2015\/04\/Na-Feira-do-Libro-de-Vigo-300x225.jpg 300w, https:\/\/agustinfernandezpaz.gal\/wp-content\/uploads\/2015\/04\/Na-Feira-do-Libro-de-Vigo-530x397.jpg 530w, https:\/\/agustinfernandezpaz.gal\/wp-content\/uploads\/2015\/04\/Na-Feira-do-Libro-de-Vigo-110x82.jpg 110w\" sizes=\"(max-width: 247px) 100vw, 247px\" \/><\/a><div class=\"slide-content\"><header class=\"entry-content-header\" aria-label=\"Slide: Agust\u00edn Fern\u00e1ndez Paz, Reading Clubs Award 2015\"><h3 class='slide-entry-title entry-title '  itemprop=\"headline\" ><a href='https:\/\/agustinfernandezpaz.gal\/en\/agustin-fernandez-paz-premio-dos-clubs-de-lectura-2015\/' title='Agust\u00edn Fern\u00e1ndez Paz, Reading Clubs Award 2015'>Agust\u00edn Fern\u00e1ndez Paz, Reading Clubs Award 2015<\/a><\/h3><span class=\"av-vertical-delimiter\"><\/span><\/header><div class=\"slide-meta\"><time class='slide-meta-time updated'  itemprop=\"datePublished\" datetime=\"2015-04-27T13:33:01+02:00\" >27\/04\/2015<\/time><\/div><div class='slide-entry-excerpt entry-content'  itemprop=\"text\" >(Na imaxe, con d\u00faas lectoras e un lector na Feira do Libro de\u2026<div class=\"read-more-link\"><a href=\"https:\/\/agustinfernandezpaz.gal\/en\/agustin-fernandez-paz-premio-dos-clubs-de-lectura-2015\/\" class=\"more-link\">Read more<span class='more-link-arrow avia-svg-icon avia-font-svg_entypo-fontello' data-av_svg_icon='right-open-big' data-av_iconset='svg_entypo-fontello'><svg version=\"1.1\" xmlns=\"http:\/\/www.w3.org\/2000\/svg\" width=\"15\" height=\"32\" viewBox=\"0 0 15 32\" preserveAspectRatio=\"xMidYMid meet\" role=\"graphics-symbol\" aria-hidden=\"true\">\n<path d=\"M0.416 27.84l11.456-11.84-11.456-11.904q-0.832-0.832 0-1.536 0.832-0.832 1.536 0l12.544 12.608q0.768 0.832 0 1.6l-12.544 12.608q-0.704 0.832-1.536 0-0.832-0.704 0-1.536z\"><\/path>\n<\/svg><\/span><\/a><\/div><\/div><\/div><footer class=\"entry-footer\"><\/footer><span class='hidden'>\n\t\t\t\t<span class='av-structured-data'  itemprop=\"image\" itemscope=\"itemscope\" itemtype=\"https:\/\/schema.org\/ImageObject\" >\n\t\t\t\t\t\t<span itemprop='url'>https:\/\/agustinfernandezpaz.gal\/wp-content\/uploads\/2015\/04\/Na-Feira-do-Libro-de-Vigo.jpg<\/span>\n\t\t\t\t\t\t<span itemprop='height'>480<\/span>\n\t\t\t\t\t\t<span itemprop='width'>640<\/span>\n\t\t\t\t<\/span>\n\t\t\t\t<span class='av-structured-data'  itemprop=\"publisher\" itemtype=\"https:\/\/schema.org\/Organization\" itemscope=\"itemscope\" >\n\t\t\t\t\t\t<span itemprop='name'>Agust\u00edn Fern\u00e1ndez Paz<\/span>\n\t\t\t\t\t\t<span itemprop='logo' itemscope itemtype='https:\/\/schema.org\/ImageObject'>\n\t\t\t\t\t\t\t<span itemprop='url'>https:\/\/agustinfernandezpaz.gal\/wp-content\/uploads\/2018\/08\/agustinfernandezpaz-logo.png<\/span>\n\t\t\t\t\t\t<\/span>\n\t\t\t\t<\/span><span class='av-structured-data'  itemprop=\"author\" itemscope=\"itemscope\" itemtype=\"https:\/\/schema.org\/Person\" ><span itemprop='name'>Agust\u00edn Fern\u00e1ndez Paz<\/span><\/span><span class='av-structured-data'  itemprop=\"datePublished\" datetime=\"2012-09-11T10:33:01+02:00\" >2015-04-27 13:33:01<\/span><span class='av-structured-data'  itemprop=\"dateModified\" itemtype=\"https:\/\/schema.org\/dateModified\" >2015-05-27 13:51:12<\/span><span class='av-structured-data'  itemprop=\"mainEntityOfPage\" itemtype=\"https:\/\/schema.org\/mainEntityOfPage\" ><span itemprop='name'>Agust\u00edn Fern\u00e1ndez Paz, Reading Clubs Award 2015<\/span><\/span><\/span><\/article><\/div><div class=\"slide-entry-wrap\"><article class='slide-entry flex_column  post-entry post-entry-10853 slide-entry-overview slide-loop-5 slide-parity-odd  av_one_fourth first real-thumbnail posttype-post post-format-standard'  itemscope=\"itemscope\" itemtype=\"https:\/\/schema.org\/CreativeWork\" ><a href='https:\/\/agustinfernandezpaz.gal\/en\/publicase-a-neve-interminable\/' data-rel='slide-1' class='slide-image' title='Publication of A neve interminable (\u2018The Endless Snow\u2019)'><img decoding=\"async\" fetchpriority=\"high\" width=\"260\" height=\"185\" src=\"https:\/\/agustinfernandezpaz.gal\/wp-content\/uploads\/2015\/04\/Aneveinterminable-260x185.jpg\" class=\"wp-image-10858 avia-img-lazy-loading-not-10858 attachment-portfolio_small size-portfolio_small wp-post-image\" alt=\"\" srcset=\"https:\/\/agustinfernandezpaz.gal\/wp-content\/uploads\/2015\/04\/Aneveinterminable-260x185.jpg 260w, https:\/\/agustinfernandezpaz.gal\/wp-content\/uploads\/2015\/04\/Aneveinterminable-320x229.jpg 320w\" sizes=\"(max-width: 260px) 100vw, 260px\" \/><\/a><div class=\"slide-content\"><header class=\"entry-content-header\" aria-label=\"Slide: Publication of A neve interminable (\u2018The Endless Snow\u2019)\"><h3 class='slide-entry-title entry-title '  itemprop=\"headline\" ><a href='https:\/\/agustinfernandezpaz.gal\/en\/publicase-a-neve-interminable\/' title='Publication of A neve interminable (\u2018The Endless Snow\u2019)'>Publication of A neve interminable (\u2018The Endless Snow\u2019)<\/a><\/h3><span class=\"av-vertical-delimiter\"><\/span><\/header><div class=\"slide-meta\"><time class='slide-meta-time updated'  itemprop=\"datePublished\" datetime=\"2015-04-10T13:53:13+02:00\" >10\/04\/2015<\/time><\/div><div class='slide-entry-excerpt entry-content'  itemprop=\"text\" >This April Agust\u00edn Fern\u00e1ndez Paz\u2019s new novel, A neve interminable,\u2026<div class=\"read-more-link\"><a href=\"https:\/\/agustinfernandezpaz.gal\/en\/publicase-a-neve-interminable\/\" class=\"more-link\">Read more<span class='more-link-arrow avia-svg-icon avia-font-svg_entypo-fontello' data-av_svg_icon='right-open-big' data-av_iconset='svg_entypo-fontello'><svg version=\"1.1\" xmlns=\"http:\/\/www.w3.org\/2000\/svg\" width=\"15\" height=\"32\" viewBox=\"0 0 15 32\" preserveAspectRatio=\"xMidYMid meet\" role=\"graphics-symbol\" aria-hidden=\"true\">\n<path d=\"M0.416 27.84l11.456-11.84-11.456-11.904q-0.832-0.832 0-1.536 0.832-0.832 1.536 0l12.544 12.608q0.768 0.832 0 1.6l-12.544 12.608q-0.704 0.832-1.536 0-0.832-0.704 0-1.536z\"><\/path>\n<\/svg><\/span><\/a><\/div><\/div><\/div><footer class=\"entry-footer\"><\/footer><span class='hidden'>\n\t\t\t\t<span class='av-structured-data'  itemprop=\"image\" itemscope=\"itemscope\" itemtype=\"https:\/\/schema.org\/ImageObject\" >\n\t\t\t\t\t\t<span itemprop='url'>https:\/\/agustinfernandezpaz.gal\/wp-content\/uploads\/2015\/04\/Aneveinterminable.jpg<\/span>\n\t\t\t\t\t\t<span itemprop='height'>229<\/span>\n\t\t\t\t\t\t<span itemprop='width'>550<\/span>\n\t\t\t\t<\/span>\n\t\t\t\t<span class='av-structured-data'  itemprop=\"publisher\" itemtype=\"https:\/\/schema.org\/Organization\" itemscope=\"itemscope\" >\n\t\t\t\t\t\t<span itemprop='name'>Agust\u00edn Fern\u00e1ndez Paz<\/span>\n\t\t\t\t\t\t<span itemprop='logo' itemscope itemtype='https:\/\/schema.org\/ImageObject'>\n\t\t\t\t\t\t\t<span itemprop='url'>https:\/\/agustinfernandezpaz.gal\/wp-content\/uploads\/2018\/08\/agustinfernandezpaz-logo.png<\/span>\n\t\t\t\t\t\t<\/span>\n\t\t\t\t<\/span><span class='av-structured-data'  itemprop=\"author\" itemscope=\"itemscope\" itemtype=\"https:\/\/schema.org\/Person\" ><span itemprop='name'>Agust\u00edn Fern\u00e1ndez Paz<\/span><\/span><span class='av-structured-data'  itemprop=\"datePublished\" datetime=\"2012-09-11T10:33:01+02:00\" >2015-04-10 13:53:13<\/span><span class='av-structured-data'  itemprop=\"dateModified\" itemtype=\"https:\/\/schema.org\/dateModified\" >2015-05-15 13:36:44<\/span><span class='av-structured-data'  itemprop=\"mainEntityOfPage\" itemtype=\"https:\/\/schema.org\/mainEntityOfPage\" ><span itemprop='name'>Publication of A neve interminable (\u2018The Endless Snow\u2019)<\/span><\/span><\/span><\/article><article class='slide-entry flex_column  post-entry post-entry-10836 slide-entry-overview slide-loop-6 slide-parity-even  av_one_fourth  real-thumbnail posttype-post post-format-standard'  itemscope=\"itemscope\" itemtype=\"https:\/\/schema.org\/CreativeWork\" ><a href='https:\/\/agustinfernandezpaz.gal\/en\/a-viaxe-de-gagarin-obten-o-premio-anxel-casal-2014\/' data-rel='slide-1' class='slide-image' title='A viaxe de Gagarin (\u2018Gagarin\u2019s Journey\u2019) Wins the 2014 &#8220;\u00c1nxel Casal&#8221; Award'><img decoding=\"async\" fetchpriority=\"high\" width=\"260\" height=\"185\" src=\"https:\/\/agustinfernandezpaz.gal\/wp-content\/uploads\/2015\/03\/A_viaxe_de_Gagarin_def3-260x185.jpg\" class=\"wp-image-10831 avia-img-lazy-loading-not-10831 attachment-portfolio_small size-portfolio_small wp-post-image\" alt=\"\" \/><\/a><div class=\"slide-content\"><header class=\"entry-content-header\" aria-label=\"Slide: A viaxe de Gagarin (\u2018Gagarin\u2019s Journey\u2019) Wins the 2014 &quot;\u00c1nxel Casal&quot; Award\"><h3 class='slide-entry-title entry-title '  itemprop=\"headline\" ><a href='https:\/\/agustinfernandezpaz.gal\/en\/a-viaxe-de-gagarin-obten-o-premio-anxel-casal-2014\/' title='A viaxe de Gagarin (\u2018Gagarin\u2019s Journey\u2019) Wins the 2014 &#8220;\u00c1nxel Casal&#8221; Award'>A viaxe de Gagarin (\u2018Gagarin\u2019s Journey\u2019) Wins the 2014 &#8220;\u00c1nxel Casal&#8221; Award<\/a><\/h3><span class=\"av-vertical-delimiter\"><\/span><\/header><div class=\"slide-meta\"><time class='slide-meta-time updated'  itemprop=\"datePublished\" datetime=\"2015-03-23T15:16:40+02:00\" >23\/03\/2015<\/time><\/div><div class='slide-entry-excerpt entry-content'  itemprop=\"text\" >&nbsp;\r\n\r\nOn 13th March 2015 the AGE (Galician Association of\u2026<div class=\"read-more-link\"><a href=\"https:\/\/agustinfernandezpaz.gal\/en\/a-viaxe-de-gagarin-obten-o-premio-anxel-casal-2014\/\" class=\"more-link\">Read more<span class='more-link-arrow avia-svg-icon avia-font-svg_entypo-fontello' data-av_svg_icon='right-open-big' data-av_iconset='svg_entypo-fontello'><svg version=\"1.1\" xmlns=\"http:\/\/www.w3.org\/2000\/svg\" width=\"15\" height=\"32\" viewBox=\"0 0 15 32\" preserveAspectRatio=\"xMidYMid meet\" role=\"graphics-symbol\" aria-hidden=\"true\">\n<path d=\"M0.416 27.84l11.456-11.84-11.456-11.904q-0.832-0.832 0-1.536 0.832-0.832 1.536 0l12.544 12.608q0.768 0.832 0 1.6l-12.544 12.608q-0.704 0.832-1.536 0-0.832-0.704 0-1.536z\"><\/path>\n<\/svg><\/span><\/a><\/div><\/div><\/div><footer class=\"entry-footer\"><\/footer><span class='hidden'>\n\t\t\t\t<span class='av-structured-data'  itemprop=\"image\" itemscope=\"itemscope\" itemtype=\"https:\/\/schema.org\/ImageObject\" >\n\t\t\t\t\t\t<span itemprop='url'>https:\/\/agustinfernandezpaz.gal\/wp-content\/uploads\/2015\/03\/A_viaxe_de_Gagarin_def3.jpg<\/span>\n\t\t\t\t\t\t<span itemprop='height'>600<\/span>\n\t\t\t\t\t\t<span itemprop='width'>395<\/span>\n\t\t\t\t<\/span>\n\t\t\t\t<span class='av-structured-data'  itemprop=\"publisher\" itemtype=\"https:\/\/schema.org\/Organization\" itemscope=\"itemscope\" >\n\t\t\t\t\t\t<span itemprop='name'>Agust\u00edn Fern\u00e1ndez Paz<\/span>\n\t\t\t\t\t\t<span itemprop='logo' itemscope itemtype='https:\/\/schema.org\/ImageObject'>\n\t\t\t\t\t\t\t<span itemprop='url'>https:\/\/agustinfernandezpaz.gal\/wp-content\/uploads\/2018\/08\/agustinfernandezpaz-logo.png<\/span>\n\t\t\t\t\t\t<\/span>\n\t\t\t\t<\/span><span class='av-structured-data'  itemprop=\"author\" itemscope=\"itemscope\" itemtype=\"https:\/\/schema.org\/Person\" ><span itemprop='name'>Agust\u00edn Fern\u00e1ndez Paz<\/span><\/span><span class='av-structured-data'  itemprop=\"datePublished\" datetime=\"2012-09-11T10:33:01+02:00\" >2015-03-23 15:16:40<\/span><span class='av-structured-data'  itemprop=\"dateModified\" itemtype=\"https:\/\/schema.org\/dateModified\" >2015-05-15 13:39:22<\/span><span class='av-structured-data'  itemprop=\"mainEntityOfPage\" itemtype=\"https:\/\/schema.org\/mainEntityOfPage\" ><span itemprop='name'>A viaxe de Gagarin (\u2018Gagarin\u2019s Journey\u2019) Wins the 2014 &#8220;\u00c1nxel Casal&#8221; Award<\/span><\/span><\/span><\/article><article class='slide-entry flex_column  post-entry post-entry-10743 slide-entry-overview slide-loop-7 slide-parity-odd  av_one_fourth  real-thumbnail posttype-post post-format-standard'  itemscope=\"itemscope\" itemtype=\"https:\/\/schema.org\/CreativeWork\" ><a href='https:\/\/agustinfernandezpaz.gal\/en\/fervenzas-literarias-dobre-premio-para-agustin-fernandez-paz\/' data-rel='slide-1' class='slide-image' title='Fervenzas Literary Awards'><img decoding=\"async\" fetchpriority=\"high\" width=\"260\" height=\"185\" src=\"https:\/\/agustinfernandezpaz.gal\/wp-content\/uploads\/2015\/02\/A_viaxe_de_Gagarin_portada-260x185.jpg\" class=\"wp-image-10738 avia-img-lazy-loading-not-10738 attachment-portfolio_small size-portfolio_small wp-post-image\" alt=\"\" \/><\/a><div class=\"slide-content\"><header class=\"entry-content-header\" aria-label=\"Slide: Fervenzas Literary Awards\"><h3 class='slide-entry-title entry-title '  itemprop=\"headline\" ><a href='https:\/\/agustinfernandezpaz.gal\/en\/fervenzas-literarias-dobre-premio-para-agustin-fernandez-paz\/' title='Fervenzas Literary Awards'>Fervenzas Literary Awards<\/a><\/h3><span class=\"av-vertical-delimiter\"><\/span><\/header><div class=\"slide-meta\"><time class='slide-meta-time updated'  itemprop=\"datePublished\" datetime=\"2015-02-03T11:23:18+02:00\" >03\/02\/2015<\/time><\/div><div class='slide-entry-excerpt entry-content'  itemprop=\"text\" >Na selecci\u00f3n dos mellores de 2014, AFP foi elixido Autor do ano e A viaxe de Gagarin, como mellor libro de Narrativa de adultos.<div class=\"read-more-link\"><a href=\"https:\/\/agustinfernandezpaz.gal\/en\/fervenzas-literarias-dobre-premio-para-agustin-fernandez-paz\/\" class=\"more-link\">Read more<span class='more-link-arrow avia-svg-icon avia-font-svg_entypo-fontello' data-av_svg_icon='right-open-big' data-av_iconset='svg_entypo-fontello'><svg version=\"1.1\" xmlns=\"http:\/\/www.w3.org\/2000\/svg\" width=\"15\" height=\"32\" viewBox=\"0 0 15 32\" preserveAspectRatio=\"xMidYMid meet\" role=\"graphics-symbol\" aria-hidden=\"true\">\n<path d=\"M0.416 27.84l11.456-11.84-11.456-11.904q-0.832-0.832 0-1.536 0.832-0.832 1.536 0l12.544 12.608q0.768 0.832 0 1.6l-12.544 12.608q-0.704 0.832-1.536 0-0.832-0.704 0-1.536z\"><\/path>\n<\/svg><\/span><\/a><\/div><\/div><\/div><footer class=\"entry-footer\"><\/footer><span class='hidden'>\n\t\t\t\t<span class='av-structured-data'  itemprop=\"image\" itemscope=\"itemscope\" itemtype=\"https:\/\/schema.org\/ImageObject\" >\n\t\t\t\t\t\t<span itemprop='url'>https:\/\/agustinfernandezpaz.gal\/wp-content\/uploads\/2015\/02\/A_viaxe_de_Gagarin_portada.jpg<\/span>\n\t\t\t\t\t\t<span itemprop='height'>1417<\/span>\n\t\t\t\t\t\t<span itemprop='width'>934<\/span>\n\t\t\t\t<\/span>\n\t\t\t\t<span class='av-structured-data'  itemprop=\"publisher\" itemtype=\"https:\/\/schema.org\/Organization\" itemscope=\"itemscope\" >\n\t\t\t\t\t\t<span itemprop='name'>administrador<\/span>\n\t\t\t\t\t\t<span itemprop='logo' itemscope itemtype='https:\/\/schema.org\/ImageObject'>\n\t\t\t\t\t\t\t<span itemprop='url'>https:\/\/agustinfernandezpaz.gal\/wp-content\/uploads\/2018\/08\/agustinfernandezpaz-logo.png<\/span>\n\t\t\t\t\t\t<\/span>\n\t\t\t\t<\/span><span class='av-structured-data'  itemprop=\"author\" itemscope=\"itemscope\" itemtype=\"https:\/\/schema.org\/Person\" ><span itemprop='name'>administrador<\/span><\/span><span class='av-structured-data'  itemprop=\"datePublished\" datetime=\"2012-09-11T10:33:01+02:00\" >2015-02-03 11:23:18<\/span><span class='av-structured-data'  itemprop=\"dateModified\" itemtype=\"https:\/\/schema.org\/dateModified\" >2015-02-26 12:01:40<\/span><span class='av-structured-data'  itemprop=\"mainEntityOfPage\" itemtype=\"https:\/\/schema.org\/mainEntityOfPage\" ><span itemprop='name'>Fervenzas Literary Awards<\/span><\/span><\/span><\/article><article class='slide-entry flex_column  post-entry post-entry-10278 slide-entry-overview slide-loop-8 slide-parity-even  av_one_fourth  real-thumbnail posttype-post post-format-standard'  itemscope=\"itemscope\" itemtype=\"https:\/\/schema.org\/CreativeWork\" ><a href='https:\/\/agustinfernandezpaz.gal\/en\/trasalba-award-2014\/' data-rel='slide-1' class='slide-image' title='Trasalba Award 2014'><img decoding=\"async\" fetchpriority=\"high\" width=\"260\" height=\"185\" src=\"https:\/\/agustinfernandezpaz.gal\/wp-content\/uploads\/2014\/06\/Pazodesdeaentrada7-260x185.jpg\" class=\"wp-image-10297 avia-img-lazy-loading-not-10297 attachment-portfolio_small size-portfolio_small wp-post-image\" alt=\"\" \/><\/a><div class=\"slide-content\"><header class=\"entry-content-header\" aria-label=\"Slide: Trasalba Award 2014\"><h3 class='slide-entry-title entry-title '  itemprop=\"headline\" ><a href='https:\/\/agustinfernandezpaz.gal\/en\/trasalba-award-2014\/' title='Trasalba Award 2014'>Trasalba Award 2014<\/a><\/h3><span class=\"av-vertical-delimiter\"><\/span><\/header><div class=\"slide-meta\"><time class='slide-meta-time updated'  itemprop=\"datePublished\" datetime=\"2014-06-26T10:58:27+02:00\" >26\/06\/2014<\/time><\/div><div class='slide-entry-excerpt entry-content'  itemprop=\"text\" >(The image shows a view of the Pazo de Trasalba from the entrance\u2026<div class=\"read-more-link\"><a href=\"https:\/\/agustinfernandezpaz.gal\/en\/trasalba-award-2014\/\" class=\"more-link\">Read more<span class='more-link-arrow avia-svg-icon avia-font-svg_entypo-fontello' data-av_svg_icon='right-open-big' data-av_iconset='svg_entypo-fontello'><svg version=\"1.1\" xmlns=\"http:\/\/www.w3.org\/2000\/svg\" width=\"15\" height=\"32\" viewBox=\"0 0 15 32\" preserveAspectRatio=\"xMidYMid meet\" role=\"graphics-symbol\" aria-hidden=\"true\">\n<path d=\"M0.416 27.84l11.456-11.84-11.456-11.904q-0.832-0.832 0-1.536 0.832-0.832 1.536 0l12.544 12.608q0.768 0.832 0 1.6l-12.544 12.608q-0.704 0.832-1.536 0-0.832-0.704 0-1.536z\"><\/path>\n<\/svg><\/span><\/a><\/div><\/div><\/div><footer class=\"entry-footer\"><\/footer><span class='hidden'>\n\t\t\t\t<span class='av-structured-data'  itemprop=\"image\" itemscope=\"itemscope\" itemtype=\"https:\/\/schema.org\/ImageObject\" >\n\t\t\t\t\t\t<span itemprop='url'>https:\/\/agustinfernandezpaz.gal\/wp-content\/uploads\/2014\/06\/Pazodesdeaentrada7.jpg<\/span>\n\t\t\t\t\t\t<span itemprop='height'>1056<\/span>\n\t\t\t\t\t\t<span itemprop='width'>1600<\/span>\n\t\t\t\t<\/span>\n\t\t\t\t<span class='av-structured-data'  itemprop=\"publisher\" itemtype=\"https:\/\/schema.org\/Organization\" itemscope=\"itemscope\" >\n\t\t\t\t\t\t<span itemprop='name'>administrador<\/span>\n\t\t\t\t\t\t<span itemprop='logo' itemscope itemtype='https:\/\/schema.org\/ImageObject'>\n\t\t\t\t\t\t\t<span itemprop='url'>https:\/\/agustinfernandezpaz.gal\/wp-content\/uploads\/2018\/08\/agustinfernandezpaz-logo.png<\/span>\n\t\t\t\t\t\t<\/span>\n\t\t\t\t<\/span><span class='av-structured-data'  itemprop=\"author\" itemscope=\"itemscope\" itemtype=\"https:\/\/schema.org\/Person\" ><span itemprop='name'>administrador<\/span><\/span><span class='av-structured-data'  itemprop=\"datePublished\" datetime=\"2012-09-11T10:33:01+02:00\" >2014-06-26 10:58:27<\/span><span class='av-structured-data'  itemprop=\"dateModified\" itemtype=\"https:\/\/schema.org\/dateModified\" >2015-02-26 12:06:37<\/span><span class='av-structured-data'  itemprop=\"mainEntityOfPage\" itemtype=\"https:\/\/schema.org\/mainEntityOfPage\" ><span itemprop='name'>Trasalba Award 2014<\/span><\/span><\/span><\/article><\/div><div class=\"slide-entry-wrap\"><article class='slide-entry flex_column  post-entry post-entry-9686 slide-entry-overview slide-loop-9 slide-parity-odd  av_one_fourth first real-thumbnail posttype-post post-format-standard'  itemscope=\"itemscope\" itemtype=\"https:\/\/schema.org\/CreativeWork\" ><a href='https:\/\/agustinfernandezpaz.gal\/en\/publicase-a-30a-edicion-de-cartas-de-inverno-2\/' data-rel='slide-1' class='slide-image' title='The publication of the 30th edition of Winter Letters.'><img decoding=\"async\" fetchpriority=\"high\" width=\"260\" height=\"185\" src=\"https:\/\/agustinfernandezpaz.gal\/wp-content\/uploads\/2013\/11\/Imaxes-Cartas-de-inverno2-260x185.jpg\" class=\"wp-image-9690 avia-img-lazy-loading-not-9690 attachment-portfolio_small size-portfolio_small wp-post-image\" alt=\"\" \/><\/a><div class=\"slide-content\"><header class=\"entry-content-header\" aria-label=\"Slide: The publication of the 30th edition of Winter Letters.\"><h3 class='slide-entry-title entry-title '  itemprop=\"headline\" ><a href='https:\/\/agustinfernandezpaz.gal\/en\/publicase-a-30a-edicion-de-cartas-de-inverno-2\/' title='The publication of the 30th edition of Winter Letters.'>The publication of the 30th edition of Winter Letters.<\/a><\/h3><span class=\"av-vertical-delimiter\"><\/span><\/header><div class=\"slide-meta\"><time class='slide-meta-time updated'  itemprop=\"datePublished\" datetime=\"2013-11-06T13:47:05+02:00\" >06\/11\/2013<\/time><\/div><div class='slide-entry-excerpt entry-content'  itemprop=\"text\" >\r\n\r\n\r\nThe novel Winter Letters by Agust\u00edn Fern\u00e1ndez Paz has\u2026<div class=\"read-more-link\"><a href=\"https:\/\/agustinfernandezpaz.gal\/en\/publicase-a-30a-edicion-de-cartas-de-inverno-2\/\" class=\"more-link\">Read more<span class='more-link-arrow avia-svg-icon avia-font-svg_entypo-fontello' data-av_svg_icon='right-open-big' data-av_iconset='svg_entypo-fontello'><svg version=\"1.1\" xmlns=\"http:\/\/www.w3.org\/2000\/svg\" width=\"15\" height=\"32\" viewBox=\"0 0 15 32\" preserveAspectRatio=\"xMidYMid meet\" role=\"graphics-symbol\" aria-hidden=\"true\">\n<path d=\"M0.416 27.84l11.456-11.84-11.456-11.904q-0.832-0.832 0-1.536 0.832-0.832 1.536 0l12.544 12.608q0.768 0.832 0 1.6l-12.544 12.608q-0.704 0.832-1.536 0-0.832-0.704 0-1.536z\"><\/path>\n<\/svg><\/span><\/a><\/div><\/div><\/div><footer class=\"entry-footer\"><\/footer><span class='hidden'>\n\t\t\t\t<span class='av-structured-data'  itemprop=\"image\" itemscope=\"itemscope\" itemtype=\"https:\/\/schema.org\/ImageObject\" >\n\t\t\t\t\t\t<span itemprop='url'>https:\/\/agustinfernandezpaz.gal\/wp-content\/uploads\/2013\/11\/Imaxes-Cartas-de-inverno2.jpg<\/span>\n\t\t\t\t\t\t<span itemprop='height'>273<\/span>\n\t\t\t\t\t\t<span itemprop='width'>700<\/span>\n\t\t\t\t<\/span>\n\t\t\t\t<span class='av-structured-data'  itemprop=\"publisher\" itemtype=\"https:\/\/schema.org\/Organization\" itemscope=\"itemscope\" >\n\t\t\t\t\t\t<span itemprop='name'>administrador<\/span>\n\t\t\t\t\t\t<span itemprop='logo' itemscope itemtype='https:\/\/schema.org\/ImageObject'>\n\t\t\t\t\t\t\t<span itemprop='url'>https:\/\/agustinfernandezpaz.gal\/wp-content\/uploads\/2018\/08\/agustinfernandezpaz-logo.png<\/span>\n\t\t\t\t\t\t<\/span>\n\t\t\t\t<\/span><span class='av-structured-data'  itemprop=\"author\" itemscope=\"itemscope\" itemtype=\"https:\/\/schema.org\/Person\" ><span itemprop='name'>administrador<\/span><\/span><span class='av-structured-data'  itemprop=\"datePublished\" datetime=\"2012-09-11T10:33:01+02:00\" >2013-11-06 13:47:05<\/span><span class='av-structured-data'  itemprop=\"dateModified\" itemtype=\"https:\/\/schema.org\/dateModified\" >2014-01-23 20:10:22<\/span><span class='av-structured-data'  itemprop=\"mainEntityOfPage\" itemtype=\"https:\/\/schema.org\/mainEntityOfPage\" ><span itemprop='name'>The publication of the 30th edition of Winter Letters.<\/span><\/span><\/span><\/article><article class='slide-entry flex_column  post-entry post-entry-9609 slide-entry-overview slide-loop-10 slide-parity-even  av_one_fourth  real-thumbnail posttype-post post-format-standard'  itemscope=\"itemscope\" itemtype=\"https:\/\/schema.org\/CreativeWork\" ><a href='https:\/\/agustinfernandezpaz.gal\/en\/candidate-for-the-alma-award\/' data-rel='slide-1' class='slide-image' title='Candidate for the ALMA award'><img decoding=\"async\" fetchpriority=\"high\" width=\"260\" height=\"185\" src=\"https:\/\/agustinfernandezpaz.gal\/wp-content\/uploads\/2013\/10\/alma_logo3-260x185.jpg\" class=\"wp-image-9617 avia-img-lazy-loading-not-9617 attachment-portfolio_small size-portfolio_small wp-post-image\" alt=\"\" \/><\/a><div class=\"slide-content\"><header class=\"entry-content-header\" aria-label=\"Slide: Candidate for the ALMA award\"><h3 class='slide-entry-title entry-title '  itemprop=\"headline\" ><a href='https:\/\/agustinfernandezpaz.gal\/en\/candidate-for-the-alma-award\/' title='Candidate for the ALMA award'>Candidate for the ALMA award<\/a><\/h3><span class=\"av-vertical-delimiter\"><\/span><\/header><div class=\"slide-meta\"><time class='slide-meta-time updated'  itemprop=\"datePublished\" datetime=\"2013-10-25T11:01:12+02:00\" >25\/10\/2013<\/time><\/div><div class='slide-entry-excerpt entry-content'  itemprop=\"text\" >\r\n\r\n\r\nAgust\u00edn Fern\u00e1ndez Paz put forward as nominee\r\nfor the\u2026<div class=\"read-more-link\"><a href=\"https:\/\/agustinfernandezpaz.gal\/en\/candidate-for-the-alma-award\/\" class=\"more-link\">Read more<span class='more-link-arrow avia-svg-icon avia-font-svg_entypo-fontello' data-av_svg_icon='right-open-big' data-av_iconset='svg_entypo-fontello'><svg version=\"1.1\" xmlns=\"http:\/\/www.w3.org\/2000\/svg\" width=\"15\" height=\"32\" viewBox=\"0 0 15 32\" preserveAspectRatio=\"xMidYMid meet\" role=\"graphics-symbol\" aria-hidden=\"true\">\n<path d=\"M0.416 27.84l11.456-11.84-11.456-11.904q-0.832-0.832 0-1.536 0.832-0.832 1.536 0l12.544 12.608q0.768 0.832 0 1.6l-12.544 12.608q-0.704 0.832-1.536 0-0.832-0.704 0-1.536z\"><\/path>\n<\/svg><\/span><\/a><\/div><\/div><\/div><footer class=\"entry-footer\"><\/footer><span class='hidden'>\n\t\t\t\t<span class='av-structured-data'  itemprop=\"image\" itemscope=\"itemscope\" itemtype=\"https:\/\/schema.org\/ImageObject\" >\n\t\t\t\t\t\t<span itemprop='url'>https:\/\/agustinfernandezpaz.gal\/wp-content\/uploads\/2013\/10\/alma_logo3.jpg<\/span>\n\t\t\t\t\t\t<span itemprop='height'>464<\/span>\n\t\t\t\t\t\t<span itemprop='width'>700<\/span>\n\t\t\t\t<\/span>\n\t\t\t\t<span class='av-structured-data'  itemprop=\"publisher\" itemtype=\"https:\/\/schema.org\/Organization\" itemscope=\"itemscope\" >\n\t\t\t\t\t\t<span itemprop='name'>administrador<\/span>\n\t\t\t\t\t\t<span itemprop='logo' itemscope itemtype='https:\/\/schema.org\/ImageObject'>\n\t\t\t\t\t\t\t<span itemprop='url'>https:\/\/agustinfernandezpaz.gal\/wp-content\/uploads\/2018\/08\/agustinfernandezpaz-logo.png<\/span>\n\t\t\t\t\t\t<\/span>\n\t\t\t\t<\/span><span class='av-structured-data'  itemprop=\"author\" itemscope=\"itemscope\" itemtype=\"https:\/\/schema.org\/Person\" ><span itemprop='name'>administrador<\/span><\/span><span class='av-structured-data'  itemprop=\"datePublished\" datetime=\"2012-09-11T10:33:01+02:00\" >2013-10-25 11:01:12<\/span><span class='av-structured-data'  itemprop=\"dateModified\" itemtype=\"https:\/\/schema.org\/dateModified\" >2013-10-29 15:14:17<\/span><span class='av-structured-data'  itemprop=\"mainEntityOfPage\" itemtype=\"https:\/\/schema.org\/mainEntityOfPage\" ><span itemprop='name'>Candidate for the ALMA award<\/span><\/span><\/span><\/article><article class='slide-entry flex_column  post-entry post-entry-9575 slide-entry-overview slide-loop-11 slide-parity-odd  av_one_fourth  real-thumbnail posttype-post post-format-standard'  itemscope=\"itemscope\" itemtype=\"https:\/\/schema.org\/CreativeWork\" ><a href='https:\/\/agustinfernandezpaz.gal\/en\/its-time-for-translations\/' data-rel='slide-1' class='slide-image' title='A time of translations'><img decoding=\"async\" fetchpriority=\"high\" width=\"260\" height=\"185\" src=\"https:\/\/agustinfernandezpaz.gal\/wp-content\/uploads\/2013\/10\/portadas42-260x185.jpg\" class=\"wp-image-9570 avia-img-lazy-loading-not-9570 attachment-portfolio_small size-portfolio_small wp-post-image\" alt=\"\" \/><\/a><div class=\"slide-content\"><header class=\"entry-content-header\" aria-label=\"Slide: A time of translations\"><h3 class='slide-entry-title entry-title '  itemprop=\"headline\" ><a href='https:\/\/agustinfernandezpaz.gal\/en\/its-time-for-translations\/' title='A time of translations'>A time of translations<\/a><\/h3><span class=\"av-vertical-delimiter\"><\/span><\/header><div class=\"slide-meta\"><time class='slide-meta-time updated'  itemprop=\"datePublished\" datetime=\"2013-10-25T10:08:46+02:00\" >25\/10\/2013<\/time><\/div><div class='slide-entry-excerpt entry-content'  itemprop=\"text\" >\r\n\r\n\r\nIn the past few months, various translations of books by\u2026<div class=\"read-more-link\"><a href=\"https:\/\/agustinfernandezpaz.gal\/en\/its-time-for-translations\/\" class=\"more-link\">Read more<span class='more-link-arrow avia-svg-icon avia-font-svg_entypo-fontello' data-av_svg_icon='right-open-big' data-av_iconset='svg_entypo-fontello'><svg version=\"1.1\" xmlns=\"http:\/\/www.w3.org\/2000\/svg\" width=\"15\" height=\"32\" viewBox=\"0 0 15 32\" preserveAspectRatio=\"xMidYMid meet\" role=\"graphics-symbol\" aria-hidden=\"true\">\n<path d=\"M0.416 27.84l11.456-11.84-11.456-11.904q-0.832-0.832 0-1.536 0.832-0.832 1.536 0l12.544 12.608q0.768 0.832 0 1.6l-12.544 12.608q-0.704 0.832-1.536 0-0.832-0.704 0-1.536z\"><\/path>\n<\/svg><\/span><\/a><\/div><\/div><\/div><footer class=\"entry-footer\"><\/footer><span class='hidden'>\n\t\t\t\t<span class='av-structured-data'  itemprop=\"image\" itemscope=\"itemscope\" itemtype=\"https:\/\/schema.org\/ImageObject\" >\n\t\t\t\t\t\t<span itemprop='url'>https:\/\/agustinfernandezpaz.gal\/wp-content\/uploads\/2013\/10\/portadas42.jpg<\/span>\n\t\t\t\t\t\t<span itemprop='height'>400<\/span>\n\t\t\t\t\t\t<span itemprop='width'>960<\/span>\n\t\t\t\t<\/span>\n\t\t\t\t<span class='av-structured-data'  itemprop=\"publisher\" itemtype=\"https:\/\/schema.org\/Organization\" itemscope=\"itemscope\" >\n\t\t\t\t\t\t<span itemprop='name'>administrador<\/span>\n\t\t\t\t\t\t<span itemprop='logo' itemscope itemtype='https:\/\/schema.org\/ImageObject'>\n\t\t\t\t\t\t\t<span itemprop='url'>https:\/\/agustinfernandezpaz.gal\/wp-content\/uploads\/2018\/08\/agustinfernandezpaz-logo.png<\/span>\n\t\t\t\t\t\t<\/span>\n\t\t\t\t<\/span><span class='av-structured-data'  itemprop=\"author\" itemscope=\"itemscope\" itemtype=\"https:\/\/schema.org\/Person\" ><span itemprop='name'>administrador<\/span><\/span><span class='av-structured-data'  itemprop=\"datePublished\" datetime=\"2012-09-11T10:33:01+02:00\" >2013-10-25 10:08:46<\/span><span class='av-structured-data'  itemprop=\"dateModified\" itemtype=\"https:\/\/schema.org\/dateModified\" >2013-10-29 15:10:37<\/span><span class='av-structured-data'  itemprop=\"mainEntityOfPage\" itemtype=\"https:\/\/schema.org\/mainEntityOfPage\" ><span itemprop='name'>A time of translations<\/span><\/span><\/span><\/article><article class='slide-entry flex_column  post-entry post-entry-8225 slide-entry-overview slide-loop-12 slide-parity-even  av_one_fourth  real-thumbnail posttype-post post-format-standard'  itemscope=\"itemscope\" itemtype=\"https:\/\/schema.org\/CreativeWork\" ><a href='https:\/\/agustinfernandezpaz.gal\/en\/dobre-galardon-para-afp-na-seleccion-os-mellores-do-2012\/' data-rel='slide-1' class='slide-image' title='Dobre galard\u00f3n para AFP na selecci\u00f3n \u00abOs mellores do 2012\u00bb'><img decoding=\"async\" fetchpriority=\"high\" width=\"260\" height=\"185\" src=\"https:\/\/agustinfernandezpaz.gal\/wp-content\/uploads\/2013\/01\/Ao-fondo-o-barrio-dAs-Fonti\u00f1as-2-260x185.jpg\" class=\"wp-image-8688 avia-img-lazy-loading-not-8688 attachment-portfolio_small size-portfolio_small wp-post-image\" alt=\"\" \/><\/a><div class=\"slide-content\"><header class=\"entry-content-header\" aria-label=\"Slide: Dobre galard\u00f3n para AFP na selecci\u00f3n \u00abOs mellores do 2012\u00bb\"><h3 class='slide-entry-title entry-title '  itemprop=\"headline\" ><a href='https:\/\/agustinfernandezpaz.gal\/en\/dobre-galardon-para-afp-na-seleccion-os-mellores-do-2012\/' title='Dobre galard\u00f3n para AFP na selecci\u00f3n \u00abOs mellores do 2012\u00bb'>Dobre galard\u00f3n para AFP na selecci\u00f3n \u00abOs mellores do 2012\u00bb<\/a><\/h3><span class=\"av-vertical-delimiter\"><\/span><\/header><div class=\"slide-meta\"><time class='slide-meta-time updated'  itemprop=\"datePublished\" datetime=\"2013-01-19T19:28:48+02:00\" >19\/01\/2013<\/time><\/div><div class='slide-entry-excerpt entry-content'  itemprop=\"text\" >\r\n\r\nNos primeiros d\u00edas deste mes de xaneiro, a comunidade lectora\u2026<div class=\"read-more-link\"><a href=\"https:\/\/agustinfernandezpaz.gal\/en\/dobre-galardon-para-afp-na-seleccion-os-mellores-do-2012\/\" class=\"more-link\">Read more<span class='more-link-arrow avia-svg-icon avia-font-svg_entypo-fontello' data-av_svg_icon='right-open-big' data-av_iconset='svg_entypo-fontello'><svg version=\"1.1\" xmlns=\"http:\/\/www.w3.org\/2000\/svg\" width=\"15\" height=\"32\" viewBox=\"0 0 15 32\" preserveAspectRatio=\"xMidYMid meet\" role=\"graphics-symbol\" aria-hidden=\"true\">\n<path d=\"M0.416 27.84l11.456-11.84-11.456-11.904q-0.832-0.832 0-1.536 0.832-0.832 1.536 0l12.544 12.608q0.768 0.832 0 1.6l-12.544 12.608q-0.704 0.832-1.536 0-0.832-0.704 0-1.536z\"><\/path>\n<\/svg><\/span><\/a><\/div><\/div><\/div><footer class=\"entry-footer\"><\/footer><span class='hidden'>\n\t\t\t\t<span class='av-structured-data'  itemprop=\"image\" itemscope=\"itemscope\" itemtype=\"https:\/\/schema.org\/ImageObject\" >\n\t\t\t\t\t\t<span itemprop='url'>https:\/\/agustinfernandezpaz.gal\/wp-content\/uploads\/2013\/01\/Ao-fondo-o-barrio-dAs-Fonti\u00f1as-2.jpg<\/span>\n\t\t\t\t\t\t<span itemprop='height'>804<\/span>\n\t\t\t\t\t\t<span itemprop='width'>1200<\/span>\n\t\t\t\t<\/span>\n\t\t\t\t<span class='av-structured-data'  itemprop=\"publisher\" itemtype=\"https:\/\/schema.org\/Organization\" itemscope=\"itemscope\" >\n\t\t\t\t\t\t<span itemprop='name'>Agust\u00edn Fern\u00e1ndez Paz<\/span>\n\t\t\t\t\t\t<span itemprop='logo' itemscope itemtype='https:\/\/schema.org\/ImageObject'>\n\t\t\t\t\t\t\t<span itemprop='url'>https:\/\/agustinfernandezpaz.gal\/wp-content\/uploads\/2018\/08\/agustinfernandezpaz-logo.png<\/span>\n\t\t\t\t\t\t<\/span>\n\t\t\t\t<\/span><span class='av-structured-data'  itemprop=\"author\" itemscope=\"itemscope\" itemtype=\"https:\/\/schema.org\/Person\" ><span itemprop='name'>Agust\u00edn Fern\u00e1ndez Paz<\/span><\/span><span class='av-structured-data'  itemprop=\"datePublished\" datetime=\"2012-09-11T10:33:01+02:00\" >2013-01-19 19:28:48<\/span><span class='av-structured-data'  itemprop=\"dateModified\" itemtype=\"https:\/\/schema.org\/dateModified\" >2013-03-18 17:02:23<\/span><span class='av-structured-data'  itemprop=\"mainEntityOfPage\" itemtype=\"https:\/\/schema.org\/mainEntityOfPage\" ><span itemprop='name'>Dobre galard\u00f3n para AFP na selecci\u00f3n \u00abOs mellores do 2012\u00bb<\/span><\/span><\/span><\/article><\/div><div class=\"slide-entry-wrap\"><article class='slide-entry flex_column  post-entry post-entry-7872 slide-entry-overview slide-loop-13 slide-parity-odd  av_one_fourth first real-thumbnail posttype-post post-format-standard'  itemscope=\"itemscope\" itemtype=\"https:\/\/schema.org\/CreativeWork\" ><a href='https:\/\/agustinfernandezpaz.gal\/en\/pemon-bouzas-fala-con-agustin-fernandez-paz-sobre-o-rastro-que-deixamos\/' data-rel='slide-1' class='slide-image' title='Pem\u00f3n Bouzas fala con Agust\u00edn Fern\u00e1ndez Paz sobre &#8220;O rastro que deixamos&#8221;'><img decoding=\"async\" fetchpriority=\"high\" width=\"260\" height=\"185\" src=\"https:\/\/agustinfernandezpaz.gal\/wp-content\/uploads\/2012\/12\/Con-Pem\u00f3n-Bouzas-260x185.jpg\" class=\"wp-image-8678 avia-img-lazy-loading-not-8678 attachment-portfolio_small size-portfolio_small wp-post-image\" alt=\"\" \/><\/a><div class=\"slide-content\"><header class=\"entry-content-header\" aria-label=\"Slide: Pem\u00f3n Bouzas fala con Agust\u00edn Fern\u00e1ndez Paz sobre &quot;O rastro que deixamos&quot;\"><h3 class='slide-entry-title entry-title '  itemprop=\"headline\" ><a href='https:\/\/agustinfernandezpaz.gal\/en\/pemon-bouzas-fala-con-agustin-fernandez-paz-sobre-o-rastro-que-deixamos\/' title='Pem\u00f3n Bouzas fala con Agust\u00edn Fern\u00e1ndez Paz sobre &#8220;O rastro que deixamos&#8221;'>Pem\u00f3n Bouzas fala con Agust\u00edn Fern\u00e1ndez Paz sobre &#8220;O rastro que deixamos&#8221;<\/a><\/h3><span class=\"av-vertical-delimiter\"><\/span><\/header><div class=\"slide-meta\"><time class='slide-meta-time updated'  itemprop=\"datePublished\" datetime=\"2012-12-04T14:51:05+02:00\" >04\/12\/2012<\/time><\/div><div class='slide-entry-excerpt entry-content'  itemprop=\"text\" >No programa Eirado, emitido na TVG o pasado 1 de decembro, Pem\u00f3n\u2026<div class=\"read-more-link\"><a href=\"https:\/\/agustinfernandezpaz.gal\/en\/pemon-bouzas-fala-con-agustin-fernandez-paz-sobre-o-rastro-que-deixamos\/\" class=\"more-link\">Read more<span class='more-link-arrow avia-svg-icon avia-font-svg_entypo-fontello' data-av_svg_icon='right-open-big' data-av_iconset='svg_entypo-fontello'><svg version=\"1.1\" xmlns=\"http:\/\/www.w3.org\/2000\/svg\" width=\"15\" height=\"32\" viewBox=\"0 0 15 32\" preserveAspectRatio=\"xMidYMid meet\" role=\"graphics-symbol\" aria-hidden=\"true\">\n<path d=\"M0.416 27.84l11.456-11.84-11.456-11.904q-0.832-0.832 0-1.536 0.832-0.832 1.536 0l12.544 12.608q0.768 0.832 0 1.6l-12.544 12.608q-0.704 0.832-1.536 0-0.832-0.704 0-1.536z\"><\/path>\n<\/svg><\/span><\/a><\/div><\/div><\/div><footer class=\"entry-footer\"><\/footer><span class='hidden'>\n\t\t\t\t<span class='av-structured-data'  itemprop=\"image\" itemscope=\"itemscope\" itemtype=\"https:\/\/schema.org\/ImageObject\" >\n\t\t\t\t\t\t<span itemprop='url'>https:\/\/agustinfernandezpaz.gal\/wp-content\/uploads\/2012\/12\/Con-Pem\u00f3n-Bouzas.jpg<\/span>\n\t\t\t\t\t\t<span itemprop='height'>720<\/span>\n\t\t\t\t\t\t<span itemprop='width'>960<\/span>\n\t\t\t\t<\/span>\n\t\t\t\t<span class='av-structured-data'  itemprop=\"publisher\" itemtype=\"https:\/\/schema.org\/Organization\" itemscope=\"itemscope\" >\n\t\t\t\t\t\t<span itemprop='name'>Agust\u00edn Fern\u00e1ndez Paz<\/span>\n\t\t\t\t\t\t<span itemprop='logo' itemscope itemtype='https:\/\/schema.org\/ImageObject'>\n\t\t\t\t\t\t\t<span itemprop='url'>https:\/\/agustinfernandezpaz.gal\/wp-content\/uploads\/2018\/08\/agustinfernandezpaz-logo.png<\/span>\n\t\t\t\t\t\t<\/span>\n\t\t\t\t<\/span><span class='av-structured-data'  itemprop=\"author\" itemscope=\"itemscope\" itemtype=\"https:\/\/schema.org\/Person\" ><span itemprop='name'>Agust\u00edn Fern\u00e1ndez Paz<\/span><\/span><span class='av-structured-data'  itemprop=\"datePublished\" datetime=\"2012-09-11T10:33:01+02:00\" >2012-12-04 14:51:05<\/span><span class='av-structured-data'  itemprop=\"dateModified\" itemtype=\"https:\/\/schema.org\/dateModified\" >2013-03-18 16:43:25<\/span><span class='av-structured-data'  itemprop=\"mainEntityOfPage\" itemtype=\"https:\/\/schema.org\/mainEntityOfPage\" ><span itemprop='name'>Pem\u00f3n Bouzas fala con Agust\u00edn Fern\u00e1ndez Paz sobre &#8220;O rastro que deixamos&#8221;<\/span><\/span><\/span><\/article><article class='slide-entry flex_column  post-entry post-entry-7709 slide-entry-overview slide-loop-14 slide-parity-even  av_one_fourth  real-thumbnail posttype-post post-format-standard'  itemscope=\"itemscope\" itemtype=\"https:\/\/schema.org\/CreativeWork\" ><a href='https:\/\/agustinfernandezpaz.gal\/en\/fantasmas-de-luz-premio-da-critica-galicia-2012\/' data-rel='slide-1' class='slide-image' title='&#8220;Fantasmas de luz&#8221;, Premio da Cr\u00edtica Galicia 2012'><img decoding=\"async\" fetchpriority=\"high\" width=\"260\" height=\"185\" src=\"https:\/\/agustinfernandezpaz.gal\/wp-content\/uploads\/2012\/11\/Foto-Fantasmas-de-luz-260x185.jpg\" class=\"wp-image-8717 avia-img-lazy-loading-not-8717 attachment-portfolio_small size-portfolio_small wp-post-image\" alt=\"\" srcset=\"https:\/\/agustinfernandezpaz.gal\/wp-content\/uploads\/2012\/11\/Foto-Fantasmas-de-luz-260x185.jpg 260w, https:\/\/agustinfernandezpaz.gal\/wp-content\/uploads\/2012\/11\/Foto-Fantasmas-de-luz-300x214.jpg 300w, https:\/\/agustinfernandezpaz.gal\/wp-content\/uploads\/2012\/11\/Foto-Fantasmas-de-luz-495x355.jpg 495w, https:\/\/agustinfernandezpaz.gal\/wp-content\/uploads\/2012\/11\/Foto-Fantasmas-de-luz-450x322.jpg 450w, https:\/\/agustinfernandezpaz.gal\/wp-content\/uploads\/2012\/11\/Foto-Fantasmas-de-luz-110x78.jpg 110w, https:\/\/agustinfernandezpaz.gal\/wp-content\/uploads\/2012\/11\/Foto-Fantasmas-de-luz.jpg 496w\" sizes=\"(max-width: 260px) 100vw, 260px\" \/><\/a><div class=\"slide-content\"><header class=\"entry-content-header\" aria-label=\"Slide: &quot;Fantasmas de luz&quot;, Premio da Cr\u00edtica Galicia 2012\"><h3 class='slide-entry-title entry-title '  itemprop=\"headline\" ><a href='https:\/\/agustinfernandezpaz.gal\/en\/fantasmas-de-luz-premio-da-critica-galicia-2012\/' title='&#8220;Fantasmas de luz&#8221;, Premio da Cr\u00edtica Galicia 2012'>&#8220;Fantasmas de luz&#8221;, Premio da Cr\u00edtica Galicia 2012<\/a><\/h3><span class=\"av-vertical-delimiter\"><\/span><\/header><div class=\"slide-meta\"><time class='slide-meta-time updated'  itemprop=\"datePublished\" datetime=\"2012-11-18T18:02:39+02:00\" >18\/11\/2012<\/time><\/div><div class='slide-entry-excerpt entry-content'  itemprop=\"text\" >Na noite do s\u00e1bado 17 de novembro, a Fundaci\u00f3n Premios da Cr\u00edtica\u2026<div class=\"read-more-link\"><a href=\"https:\/\/agustinfernandezpaz.gal\/en\/fantasmas-de-luz-premio-da-critica-galicia-2012\/\" class=\"more-link\">Read more<span class='more-link-arrow avia-svg-icon avia-font-svg_entypo-fontello' data-av_svg_icon='right-open-big' data-av_iconset='svg_entypo-fontello'><svg version=\"1.1\" xmlns=\"http:\/\/www.w3.org\/2000\/svg\" width=\"15\" height=\"32\" viewBox=\"0 0 15 32\" preserveAspectRatio=\"xMidYMid meet\" role=\"graphics-symbol\" aria-hidden=\"true\">\n<path d=\"M0.416 27.84l11.456-11.84-11.456-11.904q-0.832-0.832 0-1.536 0.832-0.832 1.536 0l12.544 12.608q0.768 0.832 0 1.6l-12.544 12.608q-0.704 0.832-1.536 0-0.832-0.704 0-1.536z\"><\/path>\n<\/svg><\/span><\/a><\/div><\/div><\/div><footer class=\"entry-footer\"><\/footer><span class='hidden'>\n\t\t\t\t<span class='av-structured-data'  itemprop=\"image\" itemscope=\"itemscope\" itemtype=\"https:\/\/schema.org\/ImageObject\" >\n\t\t\t\t\t\t<span itemprop='url'>https:\/\/agustinfernandezpaz.gal\/wp-content\/uploads\/2012\/11\/Foto-Fantasmas-de-luz.jpg<\/span>\n\t\t\t\t\t\t<span itemprop='height'>355<\/span>\n\t\t\t\t\t\t<span itemprop='width'>496<\/span>\n\t\t\t\t<\/span>\n\t\t\t\t<span class='av-structured-data'  itemprop=\"publisher\" itemtype=\"https:\/\/schema.org\/Organization\" itemscope=\"itemscope\" >\n\t\t\t\t\t\t<span itemprop='name'>Agust\u00edn Fern\u00e1ndez Paz<\/span>\n\t\t\t\t\t\t<span itemprop='logo' itemscope itemtype='https:\/\/schema.org\/ImageObject'>\n\t\t\t\t\t\t\t<span itemprop='url'>https:\/\/agustinfernandezpaz.gal\/wp-content\/uploads\/2018\/08\/agustinfernandezpaz-logo.png<\/span>\n\t\t\t\t\t\t<\/span>\n\t\t\t\t<\/span><span class='av-structured-data'  itemprop=\"author\" itemscope=\"itemscope\" itemtype=\"https:\/\/schema.org\/Person\" ><span itemprop='name'>Agust\u00edn Fern\u00e1ndez Paz<\/span><\/span><span class='av-structured-data'  itemprop=\"datePublished\" datetime=\"2012-09-11T10:33:01+02:00\" >2012-11-18 18:02:39<\/span><span class='av-structured-data'  itemprop=\"dateModified\" itemtype=\"https:\/\/schema.org\/dateModified\" >2012-11-18 18:03:00<\/span><span class='av-structured-data'  itemprop=\"mainEntityOfPage\" itemtype=\"https:\/\/schema.org\/mainEntityOfPage\" ><span itemprop='name'>&#8220;Fantasmas de luz&#8221;, Premio da Cr\u00edtica Galicia 2012<\/span><\/span><\/span><\/article><article class='slide-entry flex_column  post-entry post-entry-7609 slide-entry-overview slide-loop-15 slide-parity-odd  av_one_fourth  real-thumbnail posttype-post post-format-standard'  itemscope=\"itemscope\" itemtype=\"https:\/\/schema.org\/CreativeWork\" ><a href='https:\/\/agustinfernandezpaz.gal\/en\/afp-doctor-honoris-causa-por-la-universidad-de-vigo\/' data-rel='slide-1' class='slide-image' title='Agust\u00edn Fern\u00e1ndez Paz, Doctor Honoris Causa por la Universidad de Vigo'><img decoding=\"async\" fetchpriority=\"high\" width=\"260\" height=\"185\" src=\"https:\/\/agustinfernandezpaz.gal\/wp-content\/uploads\/2012\/11\/Honoris-Causa-1031-530x3541-260x185.jpg\" class=\"wp-image-8921 avia-img-lazy-loading-not-8921 attachment-portfolio_small size-portfolio_small wp-post-image\" alt=\"\" srcset=\"https:\/\/agustinfernandezpaz.gal\/wp-content\/uploads\/2012\/11\/Honoris-Causa-1031-530x3541-260x185.jpg 260w, https:\/\/agustinfernandezpaz.gal\/wp-content\/uploads\/2012\/11\/Honoris-Causa-1031-530x3541-495x354.jpg 495w\" sizes=\"(max-width: 260px) 100vw, 260px\" \/><\/a><div class=\"slide-content\"><header class=\"entry-content-header\" aria-label=\"Slide: Agust\u00edn Fern\u00e1ndez Paz, Doctor Honoris Causa por la Universidad de Vigo\"><h3 class='slide-entry-title entry-title '  itemprop=\"headline\" ><a href='https:\/\/agustinfernandezpaz.gal\/en\/afp-doctor-honoris-causa-por-la-universidad-de-vigo\/' title='Agust\u00edn Fern\u00e1ndez Paz, Doctor Honoris Causa por la Universidad de Vigo'>Agust\u00edn Fern\u00e1ndez Paz, Doctor Honoris Causa por la Universidad de Vigo<\/a><\/h3><span class=\"av-vertical-delimiter\"><\/span><\/header><div class=\"slide-meta\"><time class='slide-meta-time updated'  itemprop=\"datePublished\" datetime=\"2012-11-15T14:52:51+02:00\" >15\/11\/2012<\/time><\/div><div class='slide-entry-excerpt entry-content'  itemprop=\"text\" >El 12 de noviembre, el Consejo de Gobierno de la Universidad\u2026<div class=\"read-more-link\"><a href=\"https:\/\/agustinfernandezpaz.gal\/en\/afp-doctor-honoris-causa-por-la-universidad-de-vigo\/\" class=\"more-link\">Read more<span class='more-link-arrow avia-svg-icon avia-font-svg_entypo-fontello' data-av_svg_icon='right-open-big' data-av_iconset='svg_entypo-fontello'><svg version=\"1.1\" xmlns=\"http:\/\/www.w3.org\/2000\/svg\" width=\"15\" height=\"32\" viewBox=\"0 0 15 32\" preserveAspectRatio=\"xMidYMid meet\" role=\"graphics-symbol\" aria-hidden=\"true\">\n<path d=\"M0.416 27.84l11.456-11.84-11.456-11.904q-0.832-0.832 0-1.536 0.832-0.832 1.536 0l12.544 12.608q0.768 0.832 0 1.6l-12.544 12.608q-0.704 0.832-1.536 0-0.832-0.704 0-1.536z\"><\/path>\n<\/svg><\/span><\/a><\/div><\/div><\/div><footer class=\"entry-footer\"><\/footer><span class='hidden'>\n\t\t\t\t<span class='av-structured-data'  itemprop=\"image\" itemscope=\"itemscope\" itemtype=\"https:\/\/schema.org\/ImageObject\" >\n\t\t\t\t\t\t<span itemprop='url'>https:\/\/agustinfernandezpaz.gal\/wp-content\/uploads\/2012\/11\/Honoris-Causa-1031-530x3541.jpg<\/span>\n\t\t\t\t\t\t<span itemprop='height'>354<\/span>\n\t\t\t\t\t\t<span itemprop='width'>530<\/span>\n\t\t\t\t<\/span>\n\t\t\t\t<span class='av-structured-data'  itemprop=\"publisher\" itemtype=\"https:\/\/schema.org\/Organization\" itemscope=\"itemscope\" >\n\t\t\t\t\t\t<span itemprop='name'>administrador<\/span>\n\t\t\t\t\t\t<span itemprop='logo' itemscope itemtype='https:\/\/schema.org\/ImageObject'>\n\t\t\t\t\t\t\t<span itemprop='url'>https:\/\/agustinfernandezpaz.gal\/wp-content\/uploads\/2018\/08\/agustinfernandezpaz-logo.png<\/span>\n\t\t\t\t\t\t<\/span>\n\t\t\t\t<\/span><span class='av-structured-data'  itemprop=\"author\" itemscope=\"itemscope\" itemtype=\"https:\/\/schema.org\/Person\" ><span itemprop='name'>administrador<\/span><\/span><span class='av-structured-data'  itemprop=\"datePublished\" datetime=\"2012-09-11T10:33:01+02:00\" >2012-11-15 14:52:51<\/span><span class='av-structured-data'  itemprop=\"dateModified\" itemtype=\"https:\/\/schema.org\/dateModified\" >2013-04-03 17:38:04<\/span><span class='av-structured-data'  itemprop=\"mainEntityOfPage\" itemtype=\"https:\/\/schema.org\/mainEntityOfPage\" ><span itemprop='name'>Agust\u00edn Fern\u00e1ndez Paz, Doctor Honoris Causa por la Universidad de Vigo<\/span><\/span><\/span><\/article><article class='slide-entry flex_column  post-entry post-entry-7383 slide-entry-overview slide-loop-16 slide-parity-even  post-entry-last  av_one_fourth  fake-thumbnail posttype-post post-format-standard'  itemscope=\"itemscope\" itemtype=\"https:\/\/schema.org\/CreativeWork\" ><a href='https:\/\/agustinfernandezpaz.gal\/en\/a-biblioteca-do-ies-de-ponteareas-leva-o-nome-de-afp\/' data-rel='slide-1' class='slide-image' title='A Biblioteca do IES de Ponteareas leva o nome de AFP'><span class='fallback-post-type-icon avia-svg-icon avia-font-svg_entypo-fontello' data-av_svg_icon='pencil' data-av_iconset='svg_entypo-fontello'><svg version=\"1.1\" xmlns=\"http:\/\/www.w3.org\/2000\/svg\" width=\"25\" height=\"32\" viewBox=\"0 0 25 32\" preserveAspectRatio=\"xMidYMid meet\" role=\"graphics-symbol\" aria-hidden=\"true\">\n<path d=\"M22.976 5.44q1.024 1.024 1.504 2.048t0.48 1.536v0.512l-8.064 8.064-9.28 9.216-7.616 1.664 1.6-7.68 9.28-9.216 8.064-8.064q1.728-0.384 4.032 1.92zM7.168 25.92l0.768-0.768q-0.064-1.408-1.664-3.008-0.704-0.704-1.44-1.12t-1.12-0.416l-0.448-0.064-0.704 0.768-0.576 2.56q0.896 0.512 1.472 1.088 0.768 0.768 1.152 1.536z\"><\/path>\n<\/svg><\/span><span class='slider-fallback-image'><img decoding=\"async\" fetchpriority=\"high\" width=\"260\" height=\"185\" src=\"https:\/\/agustinfernandezpaz.gal\/wp-content\/uploads\/2012\/11\/Honoris-Causa-1031-530x3541-260x185.jpg\" class=\"wp-image-8921 avia-img-lazy-loading-not-8921 attachment-portfolio_small size-portfolio_small wp-post-image\" alt=\"\" srcset=\"https:\/\/agustinfernandezpaz.gal\/wp-content\/uploads\/2012\/11\/Honoris-Causa-1031-530x3541-260x185.jpg 260w, https:\/\/agustinfernandezpaz.gal\/wp-content\/uploads\/2012\/11\/Honoris-Causa-1031-530x3541-495x354.jpg 495w\" sizes=\"(max-width: 260px) 100vw, 260px\" \/><\/span><\/a><div class=\"slide-content\"><header class=\"entry-content-header\" aria-label=\"Slide: A Biblioteca do IES de Ponteareas leva o nome de AFP\"><h3 class='slide-entry-title entry-title '  itemprop=\"headline\" ><a href='https:\/\/agustinfernandezpaz.gal\/en\/a-biblioteca-do-ies-de-ponteareas-leva-o-nome-de-afp\/' title='A Biblioteca do IES de Ponteareas leva o nome de AFP'>A Biblioteca do IES de Ponteareas leva o nome de AFP<\/a><\/h3><span class=\"av-vertical-delimiter\"><\/span><\/header><div class=\"slide-meta\"><time class='slide-meta-time updated'  itemprop=\"datePublished\" datetime=\"2012-11-05T20:26:01+02:00\" >05\/11\/2012<\/time><\/div><div class='slide-entry-excerpt entry-content'  itemprop=\"text\" >O vindeiro d\u00eda 7 de novembro, Agust\u00edn Fern\u00e1ndez Paz visitar\u00e1\u2026<div class=\"read-more-link\"><a href=\"https:\/\/agustinfernandezpaz.gal\/en\/a-biblioteca-do-ies-de-ponteareas-leva-o-nome-de-afp\/\" class=\"more-link\">Read more<span class='more-link-arrow avia-svg-icon avia-font-svg_entypo-fontello' data-av_svg_icon='right-open-big' data-av_iconset='svg_entypo-fontello'><svg version=\"1.1\" xmlns=\"http:\/\/www.w3.org\/2000\/svg\" width=\"15\" height=\"32\" viewBox=\"0 0 15 32\" preserveAspectRatio=\"xMidYMid meet\" role=\"graphics-symbol\" aria-hidden=\"true\">\n<path d=\"M0.416 27.84l11.456-11.84-11.456-11.904q-0.832-0.832 0-1.536 0.832-0.832 1.536 0l12.544 12.608q0.768 0.832 0 1.6l-12.544 12.608q-0.704 0.832-1.536 0-0.832-0.704 0-1.536z\"><\/path>\n<\/svg><\/span><\/a><\/div><\/div><\/div><footer class=\"entry-footer\"><\/footer><span class='hidden'>\n\t\t\t\t<span class='av-structured-data'  itemprop=\"image\" itemscope=\"itemscope\" itemtype=\"https:\/\/schema.org\/ImageObject\" >\n\t\t\t\t\t\t<span itemprop='url'>https:\/\/agustinfernandezpaz.gal\/wp-content\/uploads\/2018\/08\/agustinfernandezpaz-logo.png<\/span>\n\t\t\t\t\t\t<span itemprop='height'>0<\/span>\n\t\t\t\t\t\t<span itemprop='width'>0<\/span>\n\t\t\t\t<\/span>\n\t\t\t\t<span class='av-structured-data'  itemprop=\"publisher\" itemtype=\"https:\/\/schema.org\/Organization\" itemscope=\"itemscope\" >\n\t\t\t\t\t\t<span itemprop='name'>Agust\u00edn Fern\u00e1ndez Paz<\/span>\n\t\t\t\t\t\t<span itemprop='logo' itemscope itemtype='https:\/\/schema.org\/ImageObject'>\n\t\t\t\t\t\t\t<span itemprop='url'>https:\/\/agustinfernandezpaz.gal\/wp-content\/uploads\/2018\/08\/agustinfernandezpaz-logo.png<\/span>\n\t\t\t\t\t\t<\/span>\n\t\t\t\t<\/span><span class='av-structured-data'  itemprop=\"author\" itemscope=\"itemscope\" itemtype=\"https:\/\/schema.org\/Person\" ><span itemprop='name'>Agust\u00edn Fern\u00e1ndez Paz<\/span><\/span><span class='av-structured-data'  itemprop=\"datePublished\" datetime=\"2012-09-11T10:33:01+02:00\" >2012-11-05 20:26:01<\/span><span class='av-structured-data'  itemprop=\"dateModified\" itemtype=\"https:\/\/schema.org\/dateModified\" >2012-11-05 20:28:16<\/span><span class='av-structured-data'  itemprop=\"mainEntityOfPage\" itemtype=\"https:\/\/schema.org\/mainEntityOfPage\" ><span itemprop='name'>A Biblioteca do IES de Ponteareas leva o nome de AFP<\/span><\/span><\/span><\/article><\/div><\/div><div class='pagination-wrap pagination-slider'><nav class='pagination'><span class='pagination-meta'>Page 1 of 2<\/span><span class='current'>1<\/span><a href='https:\/\/agustinfernandezpaz.gal\/en\/wp-json\/wp\/v2\/pages\/5068\/?avia-element-paging=2' class='inactive next_page' >2<\/a><\/nav>\n<\/div><\/div>\n<\/p>\n","protected":false},"excerpt":{"rendered":"","protected":false},"author":1,"featured_media":0,"parent":0,"menu_order":0,"comment_status":"closed","ping_status":"closed","template":"","meta":{"footnotes":""},"class_list":["post-5068","page","type-page","status-publish","hentry"],"_links":{"self":[{"href":"https:\/\/agustinfernandezpaz.gal\/en\/wp-json\/wp\/v2\/pages\/5068","targetHints":{"allow":["GET"]}}],"collection":[{"href":"https:\/\/agustinfernandezpaz.gal\/en\/wp-json\/wp\/v2\/pages"}],"about":[{"href":"https:\/\/agustinfernandezpaz.gal\/en\/wp-json\/wp\/v2\/types\/page"}],"author":[{"embeddable":true,"href":"https:\/\/agustinfernandezpaz.gal\/en\/wp-json\/wp\/v2\/users\/1"}],"replies":[{"embeddable":true,"href":"https:\/\/agustinfernandezpaz.gal\/en\/wp-json\/wp\/v2\/comments?post=5068"}],"version-history":[{"count":0,"href":"https:\/\/agustinfernandezpaz.gal\/en\/wp-json\/wp\/v2\/pages\/5068\/revisions"}],"wp:attachment":[{"href":"https:\/\/agustinfernandezpaz.gal\/en\/wp-json\/wp\/v2\/media?parent=5068"}],"curies":[{"name":"wp","href":"https:\/\/api.w.org\/{rel}","templated":true}]}}