{"id":4970,"date":"2012-09-11T07:48:38","date_gmt":"2012-09-11T07:48:38","guid":{"rendered":"https:\/\/agustinfernandezpaz.gal\/?page_id=4970"},"modified":"2018-08-13T14:51:50","modified_gmt":"2018-08-13T12:51:50","slug":"interviews","status":"publish","type":"page","link":"https:\/\/agustinfernandezpaz.gal\/en\/interviews\/","title":{"rendered":"Interviews"},"content":{"rendered":"\n<style type=\"text\/css\" data-created_by=\"avia_inline_auto\" id=\"style-css-av-5dfmi5-121f5e6bf9287321b0587264570e7ef7\">\n.avia-section.av-5dfmi5-121f5e6bf9287321b0587264570e7ef7{\nbackground-color:#f7f7f7;\nbackground-image:unset;\n}\n<\/style>\n<div id='av_section_1'  class='avia-section av-5dfmi5-121f5e6bf9287321b0587264570e7ef7 main_color avia-section-default avia-no-border-styling  avia-builder-el-0  el_before_av_section  avia-builder-el-first  avia-bg-style-scroll container_wrap fullsize'  ><div class='container av-section-cont-open' ><main  role=\"main\" itemprop=\"mainContentOfPage\"  class='template-page content  av-content-full alpha units'><div class='post-entry post-entry-type-page post-entry-4970'><div class='entry-content-wrapper clearfix'>\n\n<style type=\"text\/css\" data-created_by=\"avia_inline_auto\" id=\"style-css-av-jk3vn8se-ff0cdfb5405c3bb0caa67102985f02d1\">\n#top .av-special-heading.av-jk3vn8se-ff0cdfb5405c3bb0caa67102985f02d1{\npadding-bottom:40px;\n}\nbody .av-special-heading.av-jk3vn8se-ff0cdfb5405c3bb0caa67102985f02d1 .av-special-heading-tag .heading-char{\nfont-size:25px;\n}\n.av-special-heading.av-jk3vn8se-ff0cdfb5405c3bb0caa67102985f02d1 .av-subheading{\nfont-size:15px;\n}\n<\/style>\n<div  class='av-special-heading av-jk3vn8se-ff0cdfb5405c3bb0caa67102985f02d1 av-special-heading-h1 blockquote modern-quote  avia-builder-el-1  el_before_av_hr  avia-builder-el-first '><h1 class='av-special-heading-tag '  itemprop=\"headline\"  >Interviews<\/h1><div class=\"special-heading-border\"><div class=\"special-heading-inner-border\"><\/div><\/div><\/div>\n\n<style type=\"text\/css\" data-created_by=\"avia_inline_auto\" id=\"style-css-av-jjo9sqpl-c123849a318f9e29435efff558c62180\">\n#top .hr.hr-invisible.av-jjo9sqpl-c123849a318f9e29435efff558c62180{\nmargin-top:-40px;\nheight:1px;\n}\n<\/style>\n<div  class='hr av-jjo9sqpl-c123849a318f9e29435efff558c62180 hr-invisible  avia-builder-el-2  el_after_av_heading  avia-builder-el-last '><span class='hr-inner '><span class=\"hr-inner-style\"><\/span><\/span><\/div>\n\n<\/div><\/div><\/main><!-- close content main element --><\/div><\/div><div id='av_section_2'  class='avia-section av-2u8vjp-2449a38d7a00b8b57a2965ddafbf3e25 main_color avia-section-default avia-no-border-styling  avia-builder-el-3  el_after_av_section  avia-builder-el-last  avia-bg-style-scroll container_wrap fullsize'  ><div class='container av-section-cont-open' ><div class='template-page content  av-content-full alpha units'><div class='post-entry post-entry-type-page post-entry-4970'><div class='entry-content-wrapper clearfix'>\n\n<style type=\"text\/css\" data-created_by=\"avia_inline_auto\" id=\"style-css-av-jjzd29x8-c3e35cd7a1ebe5c7121e72c7b90e762c\">\n.flex_column.av-jjzd29x8-c3e35cd7a1ebe5c7121e72c7b90e762c{\nborder-radius:0px 0px 0px 0px;\npadding:15px 15px 15px 15px;\nbackground-color:#f7f7f7;\n}\n<\/style>\n<div  class='flex_column av-jjzd29x8-c3e35cd7a1ebe5c7121e72c7b90e762c av_one_third  avia-builder-el-4  el_before_av_two_third  avia-builder-el-first  first flex_column_div  '     ><style type=\"text\/css\" data-created_by=\"avia_inline_auto\" id=\"style-css-av-jjzd1p8v-6d07e91b3a46fa58b5b14f1905225e4f\">\n.avia-image-container.av-jjzd1p8v-6d07e91b3a46fa58b5b14f1905225e4f img.avia_image{\nbox-shadow:none;\n}\n.avia-image-container.av-jjzd1p8v-6d07e91b3a46fa58b5b14f1905225e4f .av-caption-image-overlay-bg{\nopacity:0.4;\nbackground-color:#000000;\n}\n.avia-image-container.av-jjzd1p8v-6d07e91b3a46fa58b5b14f1905225e4f .av-image-caption-overlay-center{\ncolor:#ffffff;\n}\n<\/style>\n<div  class='avia-image-container av-jjzd1p8v-6d07e91b3a46fa58b5b14f1905225e4f av-styling- avia-align-center  avia-builder-el-5  avia-builder-el-no-sibling  noHover av-overlay-on-hover'   itemprop=\"image\" itemscope=\"itemscope\" itemtype=\"https:\/\/schema.org\/ImageObject\" ><div class=\"avia-image-container-inner\"><div class=\"avia-image-overlay-wrap\"><div class=\"av-image-caption-overlay\"><div class=\"av-caption-image-overlay-bg\"><\/div><div class=\"av-image-caption-overlay-position\"><div class=\"av-image-caption-overlay-center\"><p>Agust\u00edn Fern\u00e1ndez Paz<br \/>\nCC BY-SA Santos-D\u00edez<\/p>\n<\/div><\/div><\/div><img decoding=\"async\" fetchpriority=\"high\" class='wp-image-12665 avia-img-lazy-loading-not-12665 avia_image ' src=\"https:\/\/agustinfernandezpaz.gal\/wp-content\/uploads\/2018\/07\/4fa62d699359a-fpaz.jpg\" alt='Agust\u00edn Fern\u00e1ndez Paz CC BY-SA Santos-D\u00edez' title='4fa62d699359a-fpaz'  height=\"1045\" width=\"620\"  itemprop=\"thumbnailUrl\" srcset=\"https:\/\/agustinfernandezpaz.gal\/wp-content\/uploads\/2018\/07\/4fa62d699359a-fpaz.jpg 620w, https:\/\/agustinfernandezpaz.gal\/wp-content\/uploads\/2018\/07\/4fa62d699359a-fpaz-178x300.jpg 178w, https:\/\/agustinfernandezpaz.gal\/wp-content\/uploads\/2018\/07\/4fa62d699359a-fpaz-611x1030.jpg 611w, https:\/\/agustinfernandezpaz.gal\/wp-content\/uploads\/2018\/07\/4fa62d699359a-fpaz-418x705.jpg 418w, https:\/\/agustinfernandezpaz.gal\/wp-content\/uploads\/2018\/07\/4fa62d699359a-fpaz-450x758.jpg 450w, https:\/\/agustinfernandezpaz.gal\/wp-content\/uploads\/2018\/07\/4fa62d699359a-fpaz-530x893.jpg 530w, https:\/\/agustinfernandezpaz.gal\/wp-content\/uploads\/2018\/07\/4fa62d699359a-fpaz-110x185.jpg 110w\" sizes=\"(max-width: 620px) 100vw, 620px\" \/><\/div><\/div><\/div><\/div>\n<style type=\"text\/css\" data-created_by=\"avia_inline_auto\" id=\"style-css-av-2i5ryt-6cda0d8f6f2b6005e8f047032af2ab8f\">\n.flex_column.av-2i5ryt-6cda0d8f6f2b6005e8f047032af2ab8f{\nborder-radius:0px 0px 0px 0px;\npadding:0px 0px 0px 0px;\n}\n<\/style>\n<div  class='flex_column av-2i5ryt-6cda0d8f6f2b6005e8f047032af2ab8f av_two_third  avia-builder-el-6  el_after_av_one_third  avia-builder-el-last  flex_column_div av-zero-column-padding  '     ><div  id=\"avia-magazine-1\"  class='av-magazine av-jjzcy6sj-af4acd938382e8991a6330ff4fb58d02  avia-builder-el-7  avia-builder-el-no-sibling   avia-builder-el-7  avia-builder-el-no-sibling ' ><div class='av-magazine-group sort_all'><article class='av-magazine-entry av-magazine-entry-id-11267 av-magazine-format-standard av-magazine-type-post av-magazine-entry-1 av-magazine-entry-small av-magazine-no-thumb'  itemscope=\"itemscope\" itemtype=\"https:\/\/schema.org\/CreativeWork\" ><div class=\"av-magazine-content-wrap\"><header class=\"entry-content-header\" aria-label=\"Post: Reportaxe no programa &quot;Zigzag&quot; (TVG) sobre os novos libros de Agust\u00edn Fern\u00e1ndez Paz\"><time class='av-magazine-time updated'  itemprop=\"datePublished\" datetime=\"2015-06-19T18:44:56+02:00\" >19\/06\/2015<\/time><h3 class='av-magazine-title entry-title '  itemprop=\"headline\" ><a href='https:\/\/agustinfernandezpaz.gal\/en\/reportaxe-no-programa-zigzag-tvg-sobre-os-novos-libros-de-agustin-fernandez-paz\/' title='Link to: Reportaxe no programa &#8220;Zigzag&#8221; (TVG) sobre os novos libros de Agust\u00edn Fern\u00e1ndez Paz'>Reportaxe no programa &#8220;Zigzag&#8221; (TVG) sobre os novos libros de Agust\u00edn Fern\u00e1ndez Paz<\/a><\/h3><\/header><\/div><footer class=\"entry-footer\"><\/footer><\/article><article class='av-magazine-entry av-magazine-entry-id-11163 av-magazine-format-standard av-magazine-type-post av-magazine-entry-2 av-magazine-entry-small av-magazine-no-thumb'  itemscope=\"itemscope\" itemtype=\"https:\/\/schema.org\/CreativeWork\" ><div class=\"av-magazine-content-wrap\"><header class=\"entry-content-header\" aria-label=\"Post: As raz\u00f3ns do galego\"><time class='av-magazine-time updated'  itemprop=\"datePublished\" datetime=\"2015-05-18T13:22:16+02:00\" >18\/05\/2015<\/time><h3 class='av-magazine-title entry-title '  itemprop=\"headline\" ><a href='https:\/\/agustinfernandezpaz.gal\/en\/as-razons-do-galego\/' title='Link to: As raz\u00f3ns do galego'>As raz\u00f3ns do galego<\/a><\/h3><\/header><\/div><footer class=\"entry-footer\"><\/footer><\/article><article class='av-magazine-entry av-magazine-entry-id-11115 av-magazine-format-standard av-magazine-type-post av-magazine-entry-3 av-magazine-entry-small av-magazine-no-thumb'  itemscope=\"itemscope\" itemtype=\"https:\/\/schema.org\/CreativeWork\" ><div class=\"av-magazine-content-wrap\"><header class=\"entry-content-header\" aria-label=\"Post: 1816: O &quot;ano sen ver\u00e1n&quot;\"><time class='av-magazine-time updated'  itemprop=\"datePublished\" datetime=\"2015-05-14T13:37:15+02:00\" >14\/05\/2015<\/time><h3 class='av-magazine-title entry-title '  itemprop=\"headline\" ><a href='https:\/\/agustinfernandezpaz.gal\/en\/1816-o-ano-sen-veran\/' title='Link to: 1816: O &#8220;ano sen ver\u00e1n&#8221;'>1816: O &#8220;ano sen ver\u00e1n&#8221;<\/a><\/h3><\/header><\/div><footer class=\"entry-footer\"><\/footer><\/article><article class='av-magazine-entry av-magazine-entry-id-11076 av-magazine-format-standard av-magazine-type-post av-magazine-entry-4 av-magazine-entry-small av-magazine-no-thumb'  itemscope=\"itemscope\" itemtype=\"https:\/\/schema.org\/CreativeWork\" ><div class=\"av-magazine-content-wrap\"><header class=\"entry-content-header\" aria-label=\"Post: &quot;A viaxe de Gagarin&quot; obt\u00e9n o Premio de Narrativa da AELG\"><time class='av-magazine-time updated'  itemprop=\"datePublished\" datetime=\"2015-05-11T19:06:20+02:00\" >11\/05\/2015<\/time><h3 class='av-magazine-title entry-title '  itemprop=\"headline\" ><a href='https:\/\/agustinfernandezpaz.gal\/en\/a-viaxe-de-gagarin-obten-o-premio-de-narrativa-da-aelg\/' title='Link to: &#8220;A viaxe de Gagarin&#8221; obt\u00e9n o Premio de Narrativa da AELG'>&#8220;A viaxe de Gagarin&#8221; obt\u00e9n o Premio de Narrativa da AELG<\/a><\/h3><\/header><\/div><footer class=\"entry-footer\"><\/footer><\/article><article class='av-magazine-entry av-magazine-entry-id-11055 av-magazine-format-standard av-magazine-type-post av-magazine-entry-5 av-magazine-entry-small av-magazine-no-thumb'  itemscope=\"itemscope\" itemtype=\"https:\/\/schema.org\/CreativeWork\" ><div class=\"av-magazine-content-wrap\"><header class=\"entry-content-header\" aria-label=\"Post: Cruzando o Atl\u00e1ntico\"><time class='av-magazine-time updated'  itemprop=\"datePublished\" datetime=\"2015-05-08T19:25:37+02:00\" >08\/05\/2015<\/time><h3 class='av-magazine-title entry-title '  itemprop=\"headline\" ><a href='https:\/\/agustinfernandezpaz.gal\/en\/cruzando-o-atlantico\/' title='Link to: Cruzando o Atl\u00e1ntico'>Cruzando o Atl\u00e1ntico<\/a><\/h3><\/header><\/div><footer class=\"entry-footer\"><\/footer><\/article><article class='av-magazine-entry av-magazine-entry-id-11019 av-magazine-format-standard av-magazine-type-post av-magazine-entry-6 av-magazine-entry-small av-magazine-no-thumb'  itemscope=\"itemscope\" itemtype=\"https:\/\/schema.org\/CreativeWork\" ><div class=\"av-magazine-content-wrap\"><header class=\"entry-content-header\" aria-label=\"Post: Agust\u00edn Fern\u00e1ndez Paz, Reading Clubs Award 2015\"><time class='av-magazine-time updated'  itemprop=\"datePublished\" datetime=\"2015-04-27T13:33:01+02:00\" >27\/04\/2015<\/time><h3 class='av-magazine-title entry-title '  itemprop=\"headline\" ><a href='https:\/\/agustinfernandezpaz.gal\/en\/agustin-fernandez-paz-premio-dos-clubs-de-lectura-2015\/' title='Link to: Agust\u00edn Fern\u00e1ndez Paz, Reading Clubs Award 2015'>Agust\u00edn Fern\u00e1ndez Paz, Reading Clubs Award 2015<\/a><\/h3><\/header><\/div><footer class=\"entry-footer\"><\/footer><\/article><article class='av-magazine-entry av-magazine-entry-id-10941 av-magazine-format-standard av-magazine-type-post av-magazine-entry-7 av-magazine-entry-small av-magazine-no-thumb'  itemscope=\"itemscope\" itemtype=\"https:\/\/schema.org\/CreativeWork\" ><div class=\"av-magazine-content-wrap\"><header class=\"entry-content-header\" aria-label=\"Post: La P\u00e1gina Escrita Publishes an Extensive Interview with Agust\u00edn Fern\u00e1ndez Paz\"><time class='av-magazine-time updated'  itemprop=\"datePublished\" datetime=\"2015-04-13T11:39:37+02:00\" >13\/04\/2015<\/time><h3 class='av-magazine-title entry-title '  itemprop=\"headline\" ><a href='https:\/\/agustinfernandezpaz.gal\/en\/la-pagina-escrita-publica-una-extensa-entrevista-con-agustin-fernandez-paz\/' title='Link to: La P\u00e1gina Escrita Publishes an Extensive Interview with Agust\u00edn Fern\u00e1ndez Paz'>La P\u00e1gina Escrita Publishes an Extensive Interview with Agust\u00edn Fern\u00e1ndez Paz<\/a><\/h3><\/header><\/div><footer class=\"entry-footer\"><\/footer><\/article><article class='av-magazine-entry av-magazine-entry-id-10992 av-magazine-format-standard av-magazine-type-post av-magazine-entry-8 av-magazine-entry-small av-magazine-no-thumb'  itemscope=\"itemscope\" itemtype=\"https:\/\/schema.org\/CreativeWork\" ><div class=\"av-magazine-content-wrap\"><header class=\"entry-content-header\" aria-label=\"Post: Interview \/ Report on the TVG2 Programme \u201cZigzag\u201d (4-4-2015)\"><time class='av-magazine-time updated'  itemprop=\"datePublished\" datetime=\"2015-04-12T19:06:26+02:00\" >12\/04\/2015<\/time><h3 class='av-magazine-title entry-title '  itemprop=\"headline\" ><a href='https:\/\/agustinfernandezpaz.gal\/en\/entrevista-en-zigzag-tvg2-sobre-amizades-secretas\/' title='Link to: Interview \/ Report on the TVG2 Programme \u201cZigzag\u201d (4-4-2015)'>Interview \/ Report on the TVG2 Programme \u201cZigzag\u201d (4-4-2015)<\/a><\/h3><\/header><\/div><footer class=\"entry-footer\"><\/footer><\/article><article class='av-magazine-entry av-magazine-entry-id-10888 av-magazine-format-standard av-magazine-type-post av-magazine-entry-9 av-magazine-entry-small av-magazine-no-thumb'  itemscope=\"itemscope\" itemtype=\"https:\/\/schema.org\/CreativeWork\" ><div class=\"av-magazine-content-wrap\"><header class=\"entry-content-header\" aria-label=\"Post: Conversation with AFP about the World of Comics\"><time class='av-magazine-time updated'  itemprop=\"datePublished\" datetime=\"2015-04-11T22:00:38+02:00\" >11\/04\/2015<\/time><h3 class='av-magazine-title entry-title '  itemprop=\"headline\" ><a href='https:\/\/agustinfernandezpaz.gal\/en\/conversa-con-afp-sobre-o-mundo-da-bd\/' title='Link to: Conversation with AFP about the World of Comics'>Conversation with AFP about the World of Comics<\/a><\/h3><\/header><\/div><footer class=\"entry-footer\"><\/footer><\/article><article class='av-magazine-entry av-magazine-entry-id-10853 av-magazine-format-standard av-magazine-type-post av-magazine-entry-10 av-magazine-entry-small av-magazine-no-thumb'  itemscope=\"itemscope\" itemtype=\"https:\/\/schema.org\/CreativeWork\" ><div class=\"av-magazine-content-wrap\"><header class=\"entry-content-header\" aria-label=\"Post: Publication of A neve interminable (\u2018The Endless Snow\u2019)\"><time class='av-magazine-time updated'  itemprop=\"datePublished\" datetime=\"2015-04-10T13:53:13+02:00\" >10\/04\/2015<\/time><h3 class='av-magazine-title entry-title '  itemprop=\"headline\" ><a href='https:\/\/agustinfernandezpaz.gal\/en\/publicase-a-neve-interminable\/' title='Link to: Publication of A neve interminable (\u2018The Endless Snow\u2019)'>Publication of A neve interminable (\u2018The Endless Snow\u2019)<\/a><\/h3><\/header><\/div><footer class=\"entry-footer\"><\/footer><\/article><article class='av-magazine-entry av-magazine-entry-id-10836 av-magazine-format-standard av-magazine-type-post av-magazine-entry-11 av-magazine-entry-small av-magazine-no-thumb'  itemscope=\"itemscope\" itemtype=\"https:\/\/schema.org\/CreativeWork\" ><div class=\"av-magazine-content-wrap\"><header class=\"entry-content-header\" aria-label=\"Post: A viaxe de Gagarin (\u2018Gagarin\u2019s Journey\u2019) Wins the 2014 &quot;\u00c1nxel Casal&quot; Award\"><time class='av-magazine-time updated'  itemprop=\"datePublished\" datetime=\"2015-03-23T15:16:40+02:00\" >23\/03\/2015<\/time><h3 class='av-magazine-title entry-title '  itemprop=\"headline\" ><a href='https:\/\/agustinfernandezpaz.gal\/en\/a-viaxe-de-gagarin-obten-o-premio-anxel-casal-2014\/' title='Link to: A viaxe de Gagarin (\u2018Gagarin\u2019s Journey\u2019) Wins the 2014 &#8220;\u00c1nxel Casal&#8221; Award'>A viaxe de Gagarin (\u2018Gagarin\u2019s Journey\u2019) Wins the 2014 &#8220;\u00c1nxel Casal&#8221; Award<\/a><\/h3><\/header><\/div><footer class=\"entry-footer\"><\/footer><\/article><article class='av-magazine-entry av-magazine-entry-id-10808 av-magazine-format-standard av-magazine-type-post av-magazine-entry-12 av-magazine-entry-small av-magazine-no-thumb'  itemscope=\"itemscope\" itemtype=\"https:\/\/schema.org\/CreativeWork\" ><div class=\"av-magazine-content-wrap\"><header class=\"entry-content-header\" aria-label=\"Post: &quot;Aqu\u00ed Radio Espa\u00f1a Independiente, Estaci\u00f3n Pirenaica&quot;\"><time class='av-magazine-time updated'  itemprop=\"datePublished\" datetime=\"2015-02-13T14:22:34+02:00\" >13\/02\/2015<\/time><h3 class='av-magazine-title entry-title '  itemprop=\"headline\" ><a href='https:\/\/agustinfernandezpaz.gal\/en\/aqui-radio-espana-independiente-estacion-pirenaica\/' title='Link to: &#8220;Aqu\u00ed Radio Espa\u00f1a Independiente, Estaci\u00f3n Pirenaica&#8221;'>&#8220;Aqu\u00ed Radio Espa\u00f1a Independiente, Estaci\u00f3n Pirenaica&#8221;<\/a><\/h3><\/header><\/div><footer class=\"entry-footer\"><\/footer><\/article><article class='av-magazine-entry av-magazine-entry-id-10788 av-magazine-format-standard av-magazine-type-post av-magazine-entry-13 av-magazine-entry-small av-magazine-no-thumb'  itemscope=\"itemscope\" itemtype=\"https:\/\/schema.org\/CreativeWork\" ><div class=\"av-magazine-content-wrap\"><header class=\"entry-content-header\" aria-label=\"Post: O Xes\u00fas Cristo de Pasolini\"><time class='av-magazine-time updated'  itemprop=\"datePublished\" datetime=\"2015-02-09T22:36:07+02:00\" >09\/02\/2015<\/time><h3 class='av-magazine-title entry-title '  itemprop=\"headline\" ><a href='https:\/\/agustinfernandezpaz.gal\/en\/o-xesus-cristo-de-pasolini\/' title='Link to: O Xes\u00fas Cristo de Pasolini'>O Xes\u00fas Cristo de Pasolini<\/a><\/h3><\/header><\/div><footer class=\"entry-footer\"><\/footer><\/article><article class='av-magazine-entry av-magazine-entry-id-10743 av-magazine-format-standard av-magazine-type-post av-magazine-entry-14 av-magazine-entry-small av-magazine-no-thumb'  itemscope=\"itemscope\" itemtype=\"https:\/\/schema.org\/CreativeWork\" ><div class=\"av-magazine-content-wrap\"><header class=\"entry-content-header\" aria-label=\"Post: Fervenzas Literary Awards\"><time class='av-magazine-time updated'  itemprop=\"datePublished\" datetime=\"2015-02-03T11:23:18+02:00\" >03\/02\/2015<\/time><h3 class='av-magazine-title entry-title '  itemprop=\"headline\" ><a href='https:\/\/agustinfernandezpaz.gal\/en\/fervenzas-literarias-dobre-premio-para-agustin-fernandez-paz\/' title='Link to: Fervenzas Literary Awards'>Fervenzas Literary Awards<\/a><\/h3><\/header><\/div><footer class=\"entry-footer\"><\/footer><\/article><article class='av-magazine-entry av-magazine-entry-id-10703 av-magazine-format-standard av-magazine-type-post av-magazine-entry-15 av-magazine-entry-small av-magazine-no-thumb'  itemscope=\"itemscope\" itemtype=\"https:\/\/schema.org\/CreativeWork\" ><div class=\"av-magazine-content-wrap\"><header class=\"entry-content-header\" aria-label=\"Post: Lembranza de The Mamas &amp; The Papas\"><time class='av-magazine-time updated'  itemprop=\"datePublished\" datetime=\"2014-12-19T15:31:42+02:00\" >19\/12\/2014<\/time><h3 class='av-magazine-title entry-title '  itemprop=\"headline\" ><a href='https:\/\/agustinfernandezpaz.gal\/en\/lembranza-de-the-mamas-the-papas\/' title='Link to: Lembranza de The Mamas &#038; The Papas'>Lembranza de The Mamas &#038; The Papas<\/a><\/h3><\/header><\/div><footer class=\"entry-footer\"><\/footer><\/article><article class='av-magazine-entry av-magazine-entry-id-10675 av-magazine-format-standard av-magazine-type-post av-magazine-entry-16 av-magazine-entry-small av-magazine-no-thumb'  itemscope=\"itemscope\" itemtype=\"https:\/\/schema.org\/CreativeWork\" ><div class=\"av-magazine-content-wrap\"><header class=\"entry-content-header\" aria-label=\"Post: &quot;En Navidad, siente a un pobre en su mesa&quot;\"><time class='av-magazine-time updated'  itemprop=\"datePublished\" datetime=\"2014-12-09T19:40:31+02:00\" >09\/12\/2014<\/time><h3 class='av-magazine-title entry-title '  itemprop=\"headline\" ><a href='https:\/\/agustinfernandezpaz.gal\/en\/en-navidad-siente-a-un-pobre-en-su-mesa\/' title='Link to: &#8220;En Navidad, siente a un pobre en su mesa&#8221;'>&#8220;En Navidad, siente a un pobre en su mesa&#8221;<\/a><\/h3><\/header><\/div><footer class=\"entry-footer\"><\/footer><\/article><article class='av-magazine-entry av-magazine-entry-id-10600 av-magazine-format-standard av-magazine-type-post av-magazine-entry-17 av-magazine-entry-small av-magazine-no-thumb'  itemscope=\"itemscope\" itemtype=\"https:\/\/schema.org\/CreativeWork\" ><div class=\"av-magazine-content-wrap\"><header class=\"entry-content-header\" aria-label=\"Post: Os proletas non te\u00f1en alma\"><time class='av-magazine-time updated'  itemprop=\"datePublished\" datetime=\"2014-11-27T05:48:56+02:00\" >27\/11\/2014<\/time><h3 class='av-magazine-title entry-title '  itemprop=\"headline\" ><a href='https:\/\/agustinfernandezpaz.gal\/en\/os-proletas-non-tenen-alma\/' title='Link to: Os proletas non te\u00f1en alma'>Os proletas non te\u00f1en alma<\/a><\/h3><\/header><\/div><footer class=\"entry-footer\"><\/footer><\/article><article class='av-magazine-entry av-magazine-entry-id-10573 av-magazine-format-standard av-magazine-type-post av-magazine-entry-18 av-magazine-entry-small av-magazine-no-thumb'  itemscope=\"itemscope\" itemtype=\"https:\/\/schema.org\/CreativeWork\" ><div class=\"av-magazine-content-wrap\"><header class=\"entry-content-header\" aria-label=\"Post: Por non ser dos que calan\"><time class='av-magazine-time updated'  itemprop=\"datePublished\" datetime=\"2014-11-14T20:09:15+02:00\" >14\/11\/2014<\/time><h3 class='av-magazine-title entry-title '  itemprop=\"headline\" ><a href='https:\/\/agustinfernandezpaz.gal\/en\/por-non-ser-dos-que-calan\/' title='Link to: Por non ser dos que calan'>Por non ser dos que calan<\/a><\/h3><\/header><\/div><footer class=\"entry-footer\"><\/footer><\/article><article class='av-magazine-entry av-magazine-entry-id-10533 av-magazine-format-standard av-magazine-type-post av-magazine-entry-19 av-magazine-entry-small av-magazine-no-thumb'  itemscope=\"itemscope\" itemtype=\"https:\/\/schema.org\/CreativeWork\" ><div class=\"av-magazine-content-wrap\"><header class=\"entry-content-header\" aria-label=\"Post: Un bo d\u00eda para regresar\"><time class='av-magazine-time updated'  itemprop=\"datePublished\" datetime=\"2014-11-11T21:32:45+02:00\" >11\/11\/2014<\/time><h3 class='av-magazine-title entry-title '  itemprop=\"headline\" ><a href='https:\/\/agustinfernandezpaz.gal\/en\/un-bo-dia-para-regresar\/' title='Link to: Un bo d\u00eda para regresar'>Un bo d\u00eda para regresar<\/a><\/h3><\/header><\/div><footer class=\"entry-footer\"><\/footer><\/article><article class='av-magazine-entry av-magazine-entry-id-10490 av-magazine-format-standard av-magazine-type-post av-magazine-entry-20 av-magazine-entry-small av-magazine-no-thumb'  itemscope=\"itemscope\" itemtype=\"https:\/\/schema.org\/CreativeWork\" ><div class=\"av-magazine-content-wrap\"><header class=\"entry-content-header\" aria-label=\"Post: Contos m\u00ednimos (e 8)\"><time class='av-magazine-time updated'  itemprop=\"datePublished\" datetime=\"2014-08-29T13:15:00+02:00\" >29\/08\/2014<\/time><h3 class='av-magazine-title entry-title '  itemprop=\"headline\" ><a href='https:\/\/agustinfernandezpaz.gal\/en\/contos-minimos-e-8\/' title='Link to: Contos m\u00ednimos (e 8)'>Contos m\u00ednimos (e 8)<\/a><\/h3><\/header><\/div><footer class=\"entry-footer\"><\/footer><\/article><article class='av-magazine-entry av-magazine-entry-id-10475 av-magazine-format-standard av-magazine-type-post av-magazine-entry-21 av-magazine-entry-small av-magazine-no-thumb'  itemscope=\"itemscope\" itemtype=\"https:\/\/schema.org\/CreativeWork\" ><div class=\"av-magazine-content-wrap\"><header class=\"entry-content-header\" aria-label=\"Post: Contos m\u00ednimos (7)\"><time class='av-magazine-time updated'  itemprop=\"datePublished\" datetime=\"2014-08-26T13:43:26+02:00\" >26\/08\/2014<\/time><h3 class='av-magazine-title entry-title '  itemprop=\"headline\" ><a href='https:\/\/agustinfernandezpaz.gal\/en\/contos-minimos-7\/' title='Link to: Contos m\u00ednimos (7)'>Contos m\u00ednimos (7)<\/a><\/h3><\/header><\/div><footer class=\"entry-footer\"><\/footer><\/article><article class='av-magazine-entry av-magazine-entry-id-10463 av-magazine-format-standard av-magazine-type-post av-magazine-entry-22 av-magazine-entry-small av-magazine-no-thumb'  itemscope=\"itemscope\" itemtype=\"https:\/\/schema.org\/CreativeWork\" ><div class=\"av-magazine-content-wrap\"><header class=\"entry-content-header\" aria-label=\"Post: Contos m\u00ednimos (6)\"><time class='av-magazine-time updated'  itemprop=\"datePublished\" datetime=\"2014-08-20T20:39:17+02:00\" >20\/08\/2014<\/time><h3 class='av-magazine-title entry-title '  itemprop=\"headline\" ><a href='https:\/\/agustinfernandezpaz.gal\/en\/contos-minimos-6\/' title='Link to: Contos m\u00ednimos (6)'>Contos m\u00ednimos (6)<\/a><\/h3><\/header><\/div><footer class=\"entry-footer\"><\/footer><\/article><article class='av-magazine-entry av-magazine-entry-id-10405 av-magazine-format-standard av-magazine-type-post av-magazine-entry-23 av-magazine-entry-small av-magazine-no-thumb'  itemscope=\"itemscope\" itemtype=\"https:\/\/schema.org\/CreativeWork\" ><div class=\"av-magazine-content-wrap\"><header class=\"entry-content-header\" aria-label=\"Post: Contos m\u00ednimos (5)\"><time class='av-magazine-time updated'  itemprop=\"datePublished\" datetime=\"2014-08-16T16:30:07+02:00\" >16\/08\/2014<\/time><h3 class='av-magazine-title entry-title '  itemprop=\"headline\" ><a href='https:\/\/agustinfernandezpaz.gal\/en\/contos-minimos-5\/' title='Link to: Contos m\u00ednimos (5)'>Contos m\u00ednimos (5)<\/a><\/h3><\/header><\/div><footer class=\"entry-footer\"><\/footer><\/article><article class='av-magazine-entry av-magazine-entry-id-10393 av-magazine-format-standard av-magazine-type-post av-magazine-entry-24 av-magazine-entry-small av-magazine-no-thumb'  itemscope=\"itemscope\" itemtype=\"https:\/\/schema.org\/CreativeWork\" ><div class=\"av-magazine-content-wrap\"><header class=\"entry-content-header\" aria-label=\"Post: Contos m\u00ednimos (4)\"><time class='av-magazine-time updated'  itemprop=\"datePublished\" datetime=\"2014-08-13T11:38:08+02:00\" >13\/08\/2014<\/time><h3 class='av-magazine-title entry-title '  itemprop=\"headline\" ><a href='https:\/\/agustinfernandezpaz.gal\/en\/contos-minimos-4\/' title='Link to: Contos m\u00ednimos (4)'>Contos m\u00ednimos (4)<\/a><\/h3><\/header><\/div><footer class=\"entry-footer\"><\/footer><\/article><article class='av-magazine-entry av-magazine-entry-id-10422 av-magazine-format-standard av-magazine-type-post av-magazine-entry-25 av-magazine-entry-small av-magazine-no-thumb'  itemscope=\"itemscope\" itemtype=\"https:\/\/schema.org\/CreativeWork\" ><div class=\"av-magazine-content-wrap\"><header class=\"entry-content-header\" aria-label=\"Post: Contos m\u00ednimos (3)\"><time class='av-magazine-time updated'  itemprop=\"datePublished\" datetime=\"2014-08-09T12:00:55+02:00\" >09\/08\/2014<\/time><h3 class='av-magazine-title entry-title '  itemprop=\"headline\" ><a href='https:\/\/agustinfernandezpaz.gal\/en\/contos-minimos-3-2\/' title='Link to: Contos m\u00ednimos (3)'>Contos m\u00ednimos (3)<\/a><\/h3><\/header><\/div><footer class=\"entry-footer\"><\/footer><\/article><article class='av-magazine-entry av-magazine-entry-id-10362 av-magazine-format-standard av-magazine-type-post av-magazine-entry-26 av-magazine-entry-small av-magazine-no-thumb'  itemscope=\"itemscope\" itemtype=\"https:\/\/schema.org\/CreativeWork\" ><div class=\"av-magazine-content-wrap\"><header class=\"entry-content-header\" aria-label=\"Post: Contos m\u00ednimos (2)\"><time class='av-magazine-time updated'  itemprop=\"datePublished\" datetime=\"2014-08-07T01:22:31+02:00\" >07\/08\/2014<\/time><h3 class='av-magazine-title entry-title '  itemprop=\"headline\" ><a href='https:\/\/agustinfernandezpaz.gal\/en\/contos-minimos-2-2\/' title='Link to: Contos m\u00ednimos (2)'>Contos m\u00ednimos (2)<\/a><\/h3><\/header><\/div><footer class=\"entry-footer\"><\/footer><\/article><article class='av-magazine-entry av-magazine-entry-id-10309 av-magazine-format-standard av-magazine-type-post av-magazine-entry-27 av-magazine-entry-small av-magazine-no-thumb'  itemscope=\"itemscope\" itemtype=\"https:\/\/schema.org\/CreativeWork\" ><div class=\"av-magazine-content-wrap\"><header class=\"entry-content-header\" aria-label=\"Post: Contos m\u00ednimos (1)\"><time class='av-magazine-time updated'  itemprop=\"datePublished\" datetime=\"2014-08-01T11:53:05+02:00\" >01\/08\/2014<\/time><h3 class='av-magazine-title entry-title '  itemprop=\"headline\" ><a href='https:\/\/agustinfernandezpaz.gal\/en\/contos-minimos-1\/' title='Link to: Contos m\u00ednimos (1)'>Contos m\u00ednimos (1)<\/a><\/h3><\/header><\/div><footer class=\"entry-footer\"><\/footer><\/article><article class='av-magazine-entry av-magazine-entry-id-10278 av-magazine-format-standard av-magazine-type-post av-magazine-entry-28 av-magazine-entry-small av-magazine-no-thumb'  itemscope=\"itemscope\" itemtype=\"https:\/\/schema.org\/CreativeWork\" ><div class=\"av-magazine-content-wrap\"><header class=\"entry-content-header\" aria-label=\"Post: Trasalba Award 2014\"><time class='av-magazine-time updated'  itemprop=\"datePublished\" datetime=\"2014-06-26T10:58:27+02:00\" >26\/06\/2014<\/time><h3 class='av-magazine-title entry-title '  itemprop=\"headline\" ><a href='https:\/\/agustinfernandezpaz.gal\/en\/trasalba-award-2014\/' title='Link to: Trasalba Award 2014'>Trasalba Award 2014<\/a><\/h3><\/header><\/div><footer class=\"entry-footer\"><\/footer><\/article><article class='av-magazine-entry av-magazine-entry-id-10242 av-magazine-format-standard av-magazine-type-post av-magazine-entry-29 av-magazine-entry-small av-magazine-no-thumb'  itemscope=\"itemscope\" itemtype=\"https:\/\/schema.org\/CreativeWork\" ><div class=\"av-magazine-content-wrap\"><header class=\"entry-content-header\" aria-label=\"Post: 53 anos da viaxe de Iuri Gagarin\"><time class='av-magazine-time updated'  itemprop=\"datePublished\" datetime=\"2014-04-12T12:58:42+02:00\" >12\/04\/2014<\/time><h3 class='av-magazine-title entry-title '  itemprop=\"headline\" ><a href='https:\/\/agustinfernandezpaz.gal\/en\/53-anos-da-viaxe-de-iuri-gagarin\/' title='Link to: 53 anos da viaxe de Iuri Gagarin'>53 anos da viaxe de Iuri Gagarin<\/a><\/h3><\/header><\/div><footer class=\"entry-footer\"><\/footer><\/article><article class='av-magazine-entry av-magazine-entry-id-10210 av-magazine-format-standard av-magazine-type-post av-magazine-entry-30 av-magazine-entry-small av-magazine-no-thumb'  itemscope=\"itemscope\" itemtype=\"https:\/\/schema.org\/CreativeWork\" ><div class=\"av-magazine-content-wrap\"><header class=\"entry-content-header\" aria-label=\"Post: Abrir as portas\"><time class='av-magazine-time updated'  itemprop=\"datePublished\" datetime=\"2014-04-06T19:18:57+02:00\" >06\/04\/2014<\/time><h3 class='av-magazine-title entry-title '  itemprop=\"headline\" ><a href='https:\/\/agustinfernandezpaz.gal\/en\/abrir-as-portas\/' title='Link to: Abrir as portas'>Abrir as portas<\/a><\/h3><\/header><\/div><footer class=\"entry-footer\"><\/footer><\/article><article class='av-magazine-entry av-magazine-entry-id-10188 av-magazine-format-standard av-magazine-type-post av-magazine-entry-31 av-magazine-entry-small av-magazine-no-thumb'  itemscope=\"itemscope\" itemtype=\"https:\/\/schema.org\/CreativeWork\" ><div class=\"av-magazine-content-wrap\"><header class=\"entry-content-header\" aria-label=\"Post: As bruxas de Roald Dahl\"><time class='av-magazine-time updated'  itemprop=\"datePublished\" datetime=\"2014-03-31T17:57:36+02:00\" >31\/03\/2014<\/time><h3 class='av-magazine-title entry-title '  itemprop=\"headline\" ><a href='https:\/\/agustinfernandezpaz.gal\/en\/as-bruxas-de-roald-dahl\/' title='Link to: As bruxas de Roald Dahl'>As bruxas de Roald Dahl<\/a><\/h3><\/header><\/div><footer class=\"entry-footer\"><\/footer><\/article><article class='av-magazine-entry av-magazine-entry-id-10139 av-magazine-format-standard av-magazine-type-post av-magazine-entry-32 av-magazine-entry-small av-magazine-no-thumb'  itemscope=\"itemscope\" itemtype=\"https:\/\/schema.org\/CreativeWork\" ><div class=\"av-magazine-content-wrap\"><header class=\"entry-content-header\" aria-label=\"Post: Chove pra que eu so\u00f1e...\"><time class='av-magazine-time updated'  itemprop=\"datePublished\" datetime=\"2014-03-23T18:25:43+02:00\" >23\/03\/2014<\/time><h3 class='av-magazine-title entry-title '  itemprop=\"headline\" ><a href='https:\/\/agustinfernandezpaz.gal\/en\/chove-pra-que-eu-sone\/' title='Link to: Chove pra que eu so\u00f1e&#8230;'>Chove pra que eu so\u00f1e&#8230;<\/a><\/h3><\/header><\/div><footer class=\"entry-footer\"><\/footer><\/article><article class='av-magazine-entry av-magazine-entry-id-10101 av-magazine-format-standard av-magazine-type-post av-magazine-entry-33 av-magazine-entry-small av-magazine-no-thumb'  itemscope=\"itemscope\" itemtype=\"https:\/\/schema.org\/CreativeWork\" ><div class=\"av-magazine-content-wrap\"><header class=\"entry-content-header\" aria-label=\"Post: E todos, todos se van\"><time class='av-magazine-time updated'  itemprop=\"datePublished\" datetime=\"2014-03-16T21:36:38+02:00\" >16\/03\/2014<\/time><h3 class='av-magazine-title entry-title '  itemprop=\"headline\" ><a href='https:\/\/agustinfernandezpaz.gal\/en\/e-todos-todos-se-van\/' title='Link to: E todos, todos se van'>E todos, todos se van<\/a><\/h3><\/header><\/div><footer class=\"entry-footer\"><\/footer><\/article><article class='av-magazine-entry av-magazine-entry-id-10061 av-magazine-format-standard av-magazine-type-post av-magazine-entry-34 av-magazine-entry-small av-magazine-no-thumb'  itemscope=\"itemscope\" itemtype=\"https:\/\/schema.org\/CreativeWork\" ><div class=\"av-magazine-content-wrap\"><header class=\"entry-content-header\" aria-label=\"Post: Cr\u00f3nicas da clase obreira\"><time class='av-magazine-time updated'  itemprop=\"datePublished\" datetime=\"2014-03-03T14:44:02+02:00\" >03\/03\/2014<\/time><h3 class='av-magazine-title entry-title '  itemprop=\"headline\" ><a href='https:\/\/agustinfernandezpaz.gal\/en\/cronicas-da-clase-obreira\/' title='Link to: Cr\u00f3nicas da clase obreira'>Cr\u00f3nicas da clase obreira<\/a><\/h3><\/header><\/div><footer class=\"entry-footer\"><\/footer><\/article><article class='av-magazine-entry av-magazine-entry-id-10026 av-magazine-format-standard av-magazine-type-post av-magazine-entry-35 av-magazine-entry-small av-magazine-no-thumb'  itemscope=\"itemscope\" itemtype=\"https:\/\/schema.org\/CreativeWork\" ><div class=\"av-magazine-content-wrap\"><header class=\"entry-content-header\" aria-label=\"Post: Os mortos de Spoon River\"><time class='av-magazine-time updated'  itemprop=\"datePublished\" datetime=\"2014-02-23T13:22:59+02:00\" >23\/02\/2014<\/time><h3 class='av-magazine-title entry-title '  itemprop=\"headline\" ><a href='https:\/\/agustinfernandezpaz.gal\/en\/os-mortos-de-spoon-river\/' title='Link to: Os mortos de Spoon River'>Os mortos de Spoon River<\/a><\/h3><\/header><\/div><footer class=\"entry-footer\"><\/footer><\/article><article class='av-magazine-entry av-magazine-entry-id-9988 av-magazine-format-standard av-magazine-type-post av-magazine-entry-36 av-magazine-entry-small av-magazine-no-thumb'  itemscope=\"itemscope\" itemtype=\"https:\/\/schema.org\/CreativeWork\" ><div class=\"av-magazine-content-wrap\"><header class=\"entry-content-header\" aria-label=\"Post: Fahrenheit 451: a pel\u00edcula\"><time class='av-magazine-time updated'  itemprop=\"datePublished\" datetime=\"2014-02-16T22:00:33+02:00\" >16\/02\/2014<\/time><h3 class='av-magazine-title entry-title '  itemprop=\"headline\" ><a href='https:\/\/agustinfernandezpaz.gal\/en\/fahrenheit-451-a-pelicula\/' title='Link to: Fahrenheit 451: a pel\u00edcula'>Fahrenheit 451: a pel\u00edcula<\/a><\/h3><\/header><\/div><footer class=\"entry-footer\"><\/footer><\/article><article class='av-magazine-entry av-magazine-entry-id-9960 av-magazine-format-standard av-magazine-type-post av-magazine-entry-37 av-magazine-entry-small av-magazine-no-thumb'  itemscope=\"itemscope\" itemtype=\"https:\/\/schema.org\/CreativeWork\" ><div class=\"av-magazine-content-wrap\"><header class=\"entry-content-header\" aria-label=\"Post: Fahrenheit 451: o libro\"><time class='av-magazine-time updated'  itemprop=\"datePublished\" datetime=\"2014-02-09T22:19:08+02:00\" >09\/02\/2014<\/time><h3 class='av-magazine-title entry-title '  itemprop=\"headline\" ><a href='https:\/\/agustinfernandezpaz.gal\/en\/fahrenheit-451-o-libro\/' title='Link to: Fahrenheit 451: o libro'>Fahrenheit 451: o libro<\/a><\/h3><\/header><\/div><footer class=\"entry-footer\"><\/footer><\/article><article class='av-magazine-entry av-magazine-entry-id-9916 av-magazine-format-standard av-magazine-type-post av-magazine-entry-38 av-magazine-entry-small av-magazine-no-thumb'  itemscope=\"itemscope\" itemtype=\"https:\/\/schema.org\/CreativeWork\" ><div class=\"av-magazine-content-wrap\"><header class=\"entry-content-header\" aria-label=\"Post: Contra a violencia e a inxustiza\"><time class='av-magazine-time updated'  itemprop=\"datePublished\" datetime=\"2014-01-27T13:37:57+02:00\" >27\/01\/2014<\/time><h3 class='av-magazine-title entry-title '  itemprop=\"headline\" ><a href='https:\/\/agustinfernandezpaz.gal\/en\/contra-a-violencia-e-a-inxustiza\/' title='Link to: Contra a violencia e a inxustiza'>Contra a violencia e a inxustiza<\/a><\/h3><\/header><\/div><footer class=\"entry-footer\"><\/footer><\/article><article class='av-magazine-entry av-magazine-entry-id-9889 av-magazine-format-standard av-magazine-type-post av-magazine-entry-39 av-magazine-entry-small av-magazine-no-thumb'  itemscope=\"itemscope\" itemtype=\"https:\/\/schema.org\/CreativeWork\" ><div class=\"av-magazine-content-wrap\"><header class=\"entry-content-header\" aria-label=\"Post: Solsticio de inverno\"><time class='av-magazine-time updated'  itemprop=\"datePublished\" datetime=\"2013-12-21T23:09:53+02:00\" >21\/12\/2013<\/time><h3 class='av-magazine-title entry-title '  itemprop=\"headline\" ><a href='https:\/\/agustinfernandezpaz.gal\/en\/solsticio-de-inverno\/' title='Link to: Solsticio de inverno'>Solsticio de inverno<\/a><\/h3><\/header><\/div><footer class=\"entry-footer\"><\/footer><\/article><article class='av-magazine-entry av-magazine-entry-id-9871 av-magazine-format-standard av-magazine-type-post av-magazine-entry-40 av-magazine-entry-small av-magazine-no-thumb'  itemscope=\"itemscope\" itemtype=\"https:\/\/schema.org\/CreativeWork\" ><div class=\"av-magazine-content-wrap\"><header class=\"entry-content-header\" aria-label=\"Post: Tempo de guerra, tempo de paz\"><time class='av-magazine-time updated'  itemprop=\"datePublished\" datetime=\"2013-12-15T17:40:52+02:00\" >15\/12\/2013<\/time><h3 class='av-magazine-title entry-title '  itemprop=\"headline\" ><a href='https:\/\/agustinfernandezpaz.gal\/en\/tempo-de-guerra-tempo-de-paz\/' title='Link to: Tempo de guerra, tempo de paz'>Tempo de guerra, tempo de paz<\/a><\/h3><\/header><\/div><footer class=\"entry-footer\"><\/footer><\/article><article class='av-magazine-entry av-magazine-entry-id-9847 av-magazine-format-standard av-magazine-type-post av-magazine-entry-41 av-magazine-entry-small av-magazine-no-thumb'  itemscope=\"itemscope\" itemtype=\"https:\/\/schema.org\/CreativeWork\" ><div class=\"av-magazine-content-wrap\"><header class=\"entry-content-header\" aria-label=\"Post: Entrevista con AFP na web da Fundaci\u00f3n Cuatrogatos\"><time class='av-magazine-time updated'  itemprop=\"datePublished\" datetime=\"2013-12-11T18:38:15+02:00\" >11\/12\/2013<\/time><h3 class='av-magazine-title entry-title '  itemprop=\"headline\" ><a href='https:\/\/agustinfernandezpaz.gal\/en\/entrevista-con-afp-na-web-da-fundacion-cuatrogatos\/' title='Link to: Entrevista con AFP na web da Fundaci\u00f3n Cuatrogatos'>Entrevista con AFP na web da Fundaci\u00f3n Cuatrogatos<\/a><\/h3><\/header><\/div><footer class=\"entry-footer\"><\/footer><\/article><article class='av-magazine-entry av-magazine-entry-id-9756 av-magazine-format-standard av-magazine-type-post av-magazine-entry-42 av-magazine-entry-small av-magazine-no-thumb'  itemscope=\"itemscope\" itemtype=\"https:\/\/schema.org\/CreativeWork\" ><div class=\"av-magazine-content-wrap\"><header class=\"entry-content-header\" aria-label=\"Post: Este vaise e aquel vaise\"><time class='av-magazine-time updated'  itemprop=\"datePublished\" datetime=\"2013-12-07T22:25:01+02:00\" >07\/12\/2013<\/time><h3 class='av-magazine-title entry-title '  itemprop=\"headline\" ><a href='https:\/\/agustinfernandezpaz.gal\/en\/este-vaise-e-aquel-vaise\/' title='Link to: Este vaise e aquel vaise'>Este vaise e aquel vaise<\/a><\/h3><\/header><\/div><footer class=\"entry-footer\"><\/footer><\/article><article class='av-magazine-entry av-magazine-entry-id-9686 av-magazine-format-standard av-magazine-type-post av-magazine-entry-43 av-magazine-entry-small av-magazine-no-thumb'  itemscope=\"itemscope\" itemtype=\"https:\/\/schema.org\/CreativeWork\" ><div class=\"av-magazine-content-wrap\"><header class=\"entry-content-header\" aria-label=\"Post: The publication of the 30th edition of Winter Letters.\"><time class='av-magazine-time updated'  itemprop=\"datePublished\" datetime=\"2013-11-06T13:47:05+02:00\" >06\/11\/2013<\/time><h3 class='av-magazine-title entry-title '  itemprop=\"headline\" ><a href='https:\/\/agustinfernandezpaz.gal\/en\/publicase-a-30a-edicion-de-cartas-de-inverno-2\/' title='Link to: The publication of the 30th edition of Winter Letters.'>The publication of the 30th edition of Winter Letters.<\/a><\/h3><\/header><\/div><footer class=\"entry-footer\"><\/footer><\/article><article class='av-magazine-entry av-magazine-entry-id-9609 av-magazine-format-standard av-magazine-type-post av-magazine-entry-44 av-magazine-entry-small av-magazine-no-thumb'  itemscope=\"itemscope\" itemtype=\"https:\/\/schema.org\/CreativeWork\" ><div class=\"av-magazine-content-wrap\"><header class=\"entry-content-header\" aria-label=\"Post: Candidate for the ALMA award\"><time class='av-magazine-time updated'  itemprop=\"datePublished\" datetime=\"2013-10-25T11:01:12+02:00\" >25\/10\/2013<\/time><h3 class='av-magazine-title entry-title '  itemprop=\"headline\" ><a href='https:\/\/agustinfernandezpaz.gal\/en\/candidate-for-the-alma-award\/' title='Link to: Candidate for the ALMA award'>Candidate for the ALMA award<\/a><\/h3><\/header><\/div><footer class=\"entry-footer\"><\/footer><\/article><article class='av-magazine-entry av-magazine-entry-id-9575 av-magazine-format-standard av-magazine-type-post av-magazine-entry-45 av-magazine-entry-small av-magazine-no-thumb'  itemscope=\"itemscope\" itemtype=\"https:\/\/schema.org\/CreativeWork\" ><div class=\"av-magazine-content-wrap\"><header class=\"entry-content-header\" aria-label=\"Post: A time of translations\"><time class='av-magazine-time updated'  itemprop=\"datePublished\" datetime=\"2013-10-25T10:08:46+02:00\" >25\/10\/2013<\/time><h3 class='av-magazine-title entry-title '  itemprop=\"headline\" ><a href='https:\/\/agustinfernandezpaz.gal\/en\/its-time-for-translations\/' title='Link to: A time of translations'>A time of translations<\/a><\/h3><\/header><\/div><footer class=\"entry-footer\"><\/footer><\/article><article class='av-magazine-entry av-magazine-entry-id-9533 av-magazine-format-standard av-magazine-type-post av-magazine-entry-46 av-magazine-entry-small av-magazine-no-thumb'  itemscope=\"itemscope\" itemtype=\"https:\/\/schema.org\/CreativeWork\" ><div class=\"av-magazine-content-wrap\"><header class=\"entry-content-header\" aria-label=\"Post: Por fuci\u00f1os! Por cacheiras!\"><time class='av-magazine-time updated'  itemprop=\"datePublished\" datetime=\"2013-10-01T21:35:16+02:00\" >01\/10\/2013<\/time><h3 class='av-magazine-title entry-title '  itemprop=\"headline\" ><a href='https:\/\/agustinfernandezpaz.gal\/en\/por-fucinos-por-cacheiras\/' title='Link to: Por fuci\u00f1os! Por cacheiras!'>Por fuci\u00f1os! Por cacheiras!<\/a><\/h3><\/header><\/div><footer class=\"entry-footer\"><\/footer><\/article><article class='av-magazine-entry av-magazine-entry-id-9511 av-magazine-format-standard av-magazine-type-post av-magazine-entry-47 av-magazine-entry-small av-magazine-no-thumb'  itemscope=\"itemscope\" itemtype=\"https:\/\/schema.org\/CreativeWork\" ><div class=\"av-magazine-content-wrap\"><header class=\"entry-content-header\" aria-label=\"Post: Algo pra seguir so\u00f1ando\"><time class='av-magazine-time updated'  itemprop=\"datePublished\" datetime=\"2013-09-19T19:20:21+02:00\" >19\/09\/2013<\/time><h3 class='av-magazine-title entry-title '  itemprop=\"headline\" ><a href='https:\/\/agustinfernandezpaz.gal\/en\/algo-pra-seguir-sonando\/' title='Link to: Algo pra seguir so\u00f1ando'>Algo pra seguir so\u00f1ando<\/a><\/h3><\/header><\/div><footer class=\"entry-footer\"><\/footer><\/article><article class='av-magazine-entry av-magazine-entry-id-9490 av-magazine-format-standard av-magazine-type-post av-magazine-entry-48 av-magazine-entry-small av-magazine-no-thumb'  itemscope=\"itemscope\" itemtype=\"https:\/\/schema.org\/CreativeWork\" ><div class=\"av-magazine-content-wrap\"><header class=\"entry-content-header\" aria-label=\"Post: Ser nena no s\u00e9culo XIX\"><time class='av-magazine-time updated'  itemprop=\"datePublished\" datetime=\"2013-07-11T15:44:40+02:00\" >11\/07\/2013<\/time><h3 class='av-magazine-title entry-title '  itemprop=\"headline\" ><a href='https:\/\/agustinfernandezpaz.gal\/en\/ser-nena-no-seculo-xix-2\/' title='Link to: Ser nena no s\u00e9culo XIX'>Ser nena no s\u00e9culo XIX<\/a><\/h3><\/header><\/div><footer class=\"entry-footer\"><\/footer><\/article><article class='av-magazine-entry av-magazine-entry-id-9440 av-magazine-format-standard av-magazine-type-post av-magazine-entry-49 av-magazine-entry-small av-magazine-no-thumb'  itemscope=\"itemscope\" itemtype=\"https:\/\/schema.org\/CreativeWork\" ><div class=\"av-magazine-content-wrap\"><header class=\"entry-content-header\" aria-label=\"Post: Facer cincuenta\"><time class='av-magazine-time updated'  itemprop=\"datePublished\" datetime=\"2013-06-30T18:42:23+02:00\" >30\/06\/2013<\/time><h3 class='av-magazine-title entry-title '  itemprop=\"headline\" ><a href='https:\/\/agustinfernandezpaz.gal\/en\/facer-cincuenta\/' title='Link to: Facer cincuenta'>Facer cincuenta<\/a><\/h3><\/header><\/div><footer class=\"entry-footer\"><\/footer><\/article><article class='av-magazine-entry av-magazine-entry-id-9420 av-magazine-format-standard av-magazine-type-post av-magazine-entry-50 av-magazine-entry-small av-magazine-no-thumb'  itemscope=\"itemscope\" itemtype=\"https:\/\/schema.org\/CreativeWork\" ><div class=\"av-magazine-content-wrap\"><header class=\"entry-content-header\" aria-label=\"Post: Toda esa xente solitaria\"><time class='av-magazine-time updated'  itemprop=\"datePublished\" datetime=\"2013-06-22T16:02:19+02:00\" >22\/06\/2013<\/time><h3 class='av-magazine-title entry-title '  itemprop=\"headline\" ><a href='https:\/\/agustinfernandezpaz.gal\/en\/toda-esa-xente-solitaria\/' title='Link to: Toda esa xente solitaria'>Toda esa xente solitaria<\/a><\/h3><\/header><\/div><footer class=\"entry-footer\"><\/footer><\/article><article class='av-magazine-entry av-magazine-entry-id-9381 av-magazine-format-standard av-magazine-type-post av-magazine-entry-51 av-magazine-entry-small av-magazine-no-thumb'  itemscope=\"itemscope\" itemtype=\"https:\/\/schema.org\/CreativeWork\" ><div class=\"av-magazine-content-wrap\"><header class=\"entry-content-header\" aria-label=\"Post: A alegr\u00eda de escribir\"><time class='av-magazine-time updated'  itemprop=\"datePublished\" datetime=\"2013-06-02T15:22:51+02:00\" >02\/06\/2013<\/time><h3 class='av-magazine-title entry-title '  itemprop=\"headline\" ><a href='https:\/\/agustinfernandezpaz.gal\/en\/a-alegria-de-escribir\/' title='Link to: A alegr\u00eda de escribir'>A alegr\u00eda de escribir<\/a><\/h3><\/header><\/div><footer class=\"entry-footer\"><\/footer><\/article><article class='av-magazine-entry av-magazine-entry-id-9361 av-magazine-format-standard av-magazine-type-post av-magazine-entry-52 av-magazine-entry-small av-magazine-no-thumb'  itemscope=\"itemscope\" itemtype=\"https:\/\/schema.org\/CreativeWork\" ><div class=\"av-magazine-content-wrap\"><header class=\"entry-content-header\" aria-label=\"Post: A casa de Norman Bates\"><time class='av-magazine-time updated'  itemprop=\"datePublished\" datetime=\"2013-05-26T01:01:58+02:00\" >26\/05\/2013<\/time><h3 class='av-magazine-title entry-title '  itemprop=\"headline\" ><a href='https:\/\/agustinfernandezpaz.gal\/en\/a-casa-de-norman-bates\/' title='Link to: A casa de Norman Bates'>A casa de Norman Bates<\/a><\/h3><\/header><\/div><footer class=\"entry-footer\"><\/footer><\/article><article class='av-magazine-entry av-magazine-entry-id-9324 av-magazine-format-standard av-magazine-type-post av-magazine-entry-53 av-magazine-entry-small av-magazine-no-thumb'  itemscope=\"itemscope\" itemtype=\"https:\/\/schema.org\/CreativeWork\" ><div class=\"av-magazine-content-wrap\"><header class=\"entry-content-header\" aria-label=\"Post: Fantasmas en Comala\"><time class='av-magazine-time updated'  itemprop=\"datePublished\" datetime=\"2013-05-18T20:12:24+02:00\" >18\/05\/2013<\/time><h3 class='av-magazine-title entry-title '  itemprop=\"headline\" ><a href='https:\/\/agustinfernandezpaz.gal\/en\/fantasmas-en-comala-3\/' title='Link to: Fantasmas en Comala'>Fantasmas en Comala<\/a><\/h3><\/header><\/div><footer class=\"entry-footer\"><\/footer><\/article><article class='av-magazine-entry av-magazine-entry-id-9283 av-magazine-format-standard av-magazine-type-post av-magazine-entry-54 av-magazine-entry-small av-magazine-no-thumb'  itemscope=\"itemscope\" itemtype=\"https:\/\/schema.org\/CreativeWork\" ><div class=\"av-magazine-content-wrap\"><header class=\"entry-content-header\" aria-label=\"Post: \u00abPopotitos\u00bb: canci\u00f3ns para un tempo gris\"><time class='av-magazine-time updated'  itemprop=\"datePublished\" datetime=\"2013-05-04T13:42:53+02:00\" >04\/05\/2013<\/time><h3 class='av-magazine-title entry-title '  itemprop=\"headline\" ><a href='https:\/\/agustinfernandezpaz.gal\/en\/popotitos-cancions-para-un-tempo-gris\/' title='Link to: \u00abPopotitos\u00bb: canci\u00f3ns para un tempo gris'>\u00abPopotitos\u00bb: canci\u00f3ns para un tempo gris<\/a><\/h3><\/header><\/div><footer class=\"entry-footer\"><\/footer><\/article><article class='av-magazine-entry av-magazine-entry-id-9254 av-magazine-format-standard av-magazine-type-post av-magazine-entry-55 av-magazine-entry-small av-magazine-no-thumb'  itemscope=\"itemscope\" itemtype=\"https:\/\/schema.org\/CreativeWork\" ><div class=\"av-magazine-content-wrap\"><header class=\"entry-content-header\" aria-label=\"Post: Os tempos sombr\u00edos han quedar atr\u00e1s\"><time class='av-magazine-time updated'  itemprop=\"datePublished\" datetime=\"2013-04-30T11:15:48+02:00\" >30\/04\/2013<\/time><h3 class='av-magazine-title entry-title '  itemprop=\"headline\" ><a href='https:\/\/agustinfernandezpaz.gal\/en\/os-tempos-sombrios-han-quedar-atras\/' title='Link to: Os tempos sombr\u00edos han quedar atr\u00e1s'>Os tempos sombr\u00edos han quedar atr\u00e1s<\/a><\/h3><\/header><\/div><footer class=\"entry-footer\"><\/footer><\/article><article class='av-magazine-entry av-magazine-entry-id-9243 av-magazine-format-standard av-magazine-type-post av-magazine-entry-56 av-magazine-entry-small av-magazine-no-thumb'  itemscope=\"itemscope\" itemtype=\"https:\/\/schema.org\/CreativeWork\" ><div class=\"av-magazine-content-wrap\"><header class=\"entry-content-header\" aria-label=\"Post: Amor e represi\u00f3n en Praga\"><time class='av-magazine-time updated'  itemprop=\"datePublished\" datetime=\"2013-04-28T12:35:49+02:00\" >28\/04\/2013<\/time><h3 class='av-magazine-title entry-title '  itemprop=\"headline\" ><a href='https:\/\/agustinfernandezpaz.gal\/en\/amor-e-represion-en-praga\/' title='Link to: Amor e represi\u00f3n en Praga'>Amor e represi\u00f3n en Praga<\/a><\/h3><\/header><\/div><footer class=\"entry-footer\"><\/footer><\/article><article class='av-magazine-entry av-magazine-entry-id-18199 av-magazine-format-standard av-magazine-type-post av-magazine-entry-57 av-magazine-entry-small av-magazine-no-thumb'  itemscope=\"itemscope\" itemtype=\"https:\/\/schema.org\/CreativeWork\" ><div class=\"av-magazine-content-wrap\"><header class=\"entry-content-header\" aria-label=\"Post: &quot;A construci\u00f3n do lector&quot;: intervenci\u00f3n de Agust\u00edn Fern\u00e1ndez Paz\"><time class='av-magazine-time updated'  itemprop=\"datePublished\" datetime=\"2013-04-25T00:27:56+02:00\" >25\/04\/2013<\/time><h3 class='av-magazine-title entry-title '  itemprop=\"headline\" ><a href='https:\/\/agustinfernandezpaz.gal\/en\/a-construcion-do-lector-intervencion-de-agustin-fernandez-paz\/' title='Link to: &#8220;A construci\u00f3n do lector&#8221;: intervenci\u00f3n de Agust\u00edn Fern\u00e1ndez Paz'>&#8220;A construci\u00f3n do lector&#8221;: intervenci\u00f3n de Agust\u00edn Fern\u00e1ndez Paz<\/a><\/h3><\/header><\/div><footer class=\"entry-footer\"><\/footer><\/article><article class='av-magazine-entry av-magazine-entry-id-9152 av-magazine-format-standard av-magazine-type-post av-magazine-entry-58 av-magazine-entry-small av-magazine-no-thumb'  itemscope=\"itemscope\" itemtype=\"https:\/\/schema.org\/CreativeWork\" ><div class=\"av-magazine-content-wrap\"><header class=\"entry-content-header\" aria-label=\"Post: R\u00edos de palabras\"><time class='av-magazine-time updated'  itemprop=\"datePublished\" datetime=\"2013-04-19T15:54:08+02:00\" >19\/04\/2013<\/time><h3 class='av-magazine-title entry-title '  itemprop=\"headline\" ><a href='https:\/\/agustinfernandezpaz.gal\/en\/rios-de-palabras\/' title='Link to: R\u00edos de palabras'>R\u00edos de palabras<\/a><\/h3><\/header><\/div><footer class=\"entry-footer\"><\/footer><\/article><article class='av-magazine-entry av-magazine-entry-id-9124 av-magazine-format-standard av-magazine-type-post av-magazine-entry-59 av-magazine-entry-small av-magazine-no-thumb'  itemscope=\"itemscope\" itemtype=\"https:\/\/schema.org\/CreativeWork\" ><div class=\"av-magazine-content-wrap\"><header class=\"entry-content-header\" aria-label=\"Post: Josep Coll: unha reivindicaci\u00f3n\"><time class='av-magazine-time updated'  itemprop=\"datePublished\" datetime=\"2013-04-17T20:16:45+02:00\" >17\/04\/2013<\/time><h3 class='av-magazine-title entry-title '  itemprop=\"headline\" ><a href='https:\/\/agustinfernandezpaz.gal\/en\/josep-coll-unha-reivindicacion-2\/' title='Link to: Josep Coll: unha reivindicaci\u00f3n'>Josep Coll: unha reivindicaci\u00f3n<\/a><\/h3><\/header><\/div><footer class=\"entry-footer\"><\/footer><\/article><article class='av-magazine-entry av-magazine-entry-id-9062 av-magazine-format-standard av-magazine-type-post av-magazine-entry-60 av-magazine-entry-small av-magazine-no-thumb'  itemscope=\"itemscope\" itemtype=\"https:\/\/schema.org\/CreativeWork\" ><div class=\"av-magazine-content-wrap\"><header class=\"entry-content-header\" aria-label=\"Post: Gianni Rodari: unha conversa imaxinaria\"><time class='av-magazine-time updated'  itemprop=\"datePublished\" datetime=\"2013-04-10T22:12:44+02:00\" >10\/04\/2013<\/time><h3 class='av-magazine-title entry-title '  itemprop=\"headline\" ><a href='https:\/\/agustinfernandezpaz.gal\/en\/gianni-rodari-unha-conversa-imaxinaria\/' title='Link to: Gianni Rodari: unha conversa imaxinaria'>Gianni Rodari: unha conversa imaxinaria<\/a><\/h3><\/header><\/div><footer class=\"entry-footer\"><\/footer><\/article><article class='av-magazine-entry av-magazine-entry-id-9026 av-magazine-format-standard av-magazine-type-post av-magazine-entry-61 av-magazine-entry-small av-magazine-no-thumb'  itemscope=\"itemscope\" itemtype=\"https:\/\/schema.org\/CreativeWork\" ><div class=\"av-magazine-content-wrap\"><header class=\"entry-content-header\" aria-label=\"Post: Para que ningu\u00e9n sexa escravo\"><time class='av-magazine-time updated'  itemprop=\"datePublished\" datetime=\"2013-04-09T13:11:46+02:00\" >09\/04\/2013<\/time><h3 class='av-magazine-title entry-title '  itemprop=\"headline\" ><a href='https:\/\/agustinfernandezpaz.gal\/en\/para-que-ninguen-sexa-escravo\/' title='Link to: Para que ningu\u00e9n sexa escravo'>Para que ningu\u00e9n sexa escravo<\/a><\/h3><\/header><\/div><footer class=\"entry-footer\"><\/footer><\/article><article class='av-magazine-entry av-magazine-entry-id-8989 av-magazine-format-standard av-magazine-type-post av-magazine-entry-62 av-magazine-entry-small av-magazine-no-thumb'  itemscope=\"itemscope\" itemtype=\"https:\/\/schema.org\/CreativeWork\" ><div class=\"av-magazine-content-wrap\"><header class=\"entry-content-header\" aria-label=\"Post: Estra\u00f1a e amarga colleita\"><time class='av-magazine-time updated'  itemprop=\"datePublished\" datetime=\"2013-04-06T10:30:21+02:00\" >06\/04\/2013<\/time><h3 class='av-magazine-title entry-title '  itemprop=\"headline\" ><a href='https:\/\/agustinfernandezpaz.gal\/en\/estrana-e-amarga-colleita\/' title='Link to: Estra\u00f1a e amarga colleita'>Estra\u00f1a e amarga colleita<\/a><\/h3><\/header><\/div><footer class=\"entry-footer\"><\/footer><\/article><article class='av-magazine-entry av-magazine-entry-id-8809 av-magazine-format-standard av-magazine-type-post av-magazine-entry-63 av-magazine-entry-small av-magazine-no-thumb'  itemscope=\"itemscope\" itemtype=\"https:\/\/schema.org\/CreativeWork\" ><div class=\"av-magazine-content-wrap\"><header class=\"entry-content-header\" aria-label=\"Post: Un mundo de palabras\"><time class='av-magazine-time updated'  itemprop=\"datePublished\" datetime=\"2013-04-02T02:11:47+02:00\" >02\/04\/2013<\/time><h3 class='av-magazine-title entry-title '  itemprop=\"headline\" ><a href='https:\/\/agustinfernandezpaz.gal\/en\/un-mundo-de-palabras\/' title='Link to: Un mundo de palabras'>Un mundo de palabras<\/a><\/h3><\/header><\/div><footer class=\"entry-footer\"><\/footer><\/article><article class='av-magazine-entry av-magazine-entry-id-8779 av-magazine-format-standard av-magazine-type-post av-magazine-entry-64 av-magazine-entry-small av-magazine-no-thumb'  itemscope=\"itemscope\" itemtype=\"https:\/\/schema.org\/CreativeWork\" ><div class=\"av-magazine-content-wrap\"><header class=\"entry-content-header\" aria-label=\"Post: Nunca \u00e9 tarde para lembrar\"><time class='av-magazine-time updated'  itemprop=\"datePublished\" datetime=\"2013-03-30T16:50:09+02:00\" >30\/03\/2013<\/time><h3 class='av-magazine-title entry-title '  itemprop=\"headline\" ><a href='https:\/\/agustinfernandezpaz.gal\/en\/nunca-e-tarde-para-lembrar\/' title='Link to: Nunca \u00e9 tarde para lembrar'>Nunca \u00e9 tarde para lembrar<\/a><\/h3><\/header><\/div><footer class=\"entry-footer\"><\/footer><\/article><article class='av-magazine-entry av-magazine-entry-id-8750 av-magazine-format-standard av-magazine-type-post av-magazine-entry-65 av-magazine-entry-small av-magazine-no-thumb'  itemscope=\"itemscope\" itemtype=\"https:\/\/schema.org\/CreativeWork\" ><div class=\"av-magazine-content-wrap\"><header class=\"entry-content-header\" aria-label=\"Post: 108 anos sen Verne\"><time class='av-magazine-time updated'  itemprop=\"datePublished\" datetime=\"2013-03-24T18:13:16+02:00\" >24\/03\/2013<\/time><h3 class='av-magazine-title entry-title '  itemprop=\"headline\" ><a href='https:\/\/agustinfernandezpaz.gal\/en\/108-anos-sen-verne\/' title='Link to: 108 anos sen Verne'>108 anos sen Verne<\/a><\/h3><\/header><\/div><footer class=\"entry-footer\"><\/footer><\/article><article class='av-magazine-entry av-magazine-entry-id-8727 av-magazine-format-standard av-magazine-type-post av-magazine-entry-66 av-magazine-entry-small av-magazine-no-thumb'  itemscope=\"itemscope\" itemtype=\"https:\/\/schema.org\/CreativeWork\" ><div class=\"av-magazine-content-wrap\"><header class=\"entry-content-header\" aria-label=\"Post: Sempre The Kinks!\"><time class='av-magazine-time updated'  itemprop=\"datePublished\" datetime=\"2013-03-22T20:06:29+02:00\" >22\/03\/2013<\/time><h3 class='av-magazine-title entry-title '  itemprop=\"headline\" ><a href='https:\/\/agustinfernandezpaz.gal\/en\/sempre-the-kinks\/' title='Link to: Sempre The Kinks!'>Sempre The Kinks!<\/a><\/h3><\/header><\/div><footer class=\"entry-footer\"><\/footer><\/article><article class='av-magazine-entry av-magazine-entry-id-8704 av-magazine-format-standard av-magazine-type-post av-magazine-entry-67 av-magazine-entry-small av-magazine-no-thumb'  itemscope=\"itemscope\" itemtype=\"https:\/\/schema.org\/CreativeWork\" ><div class=\"av-magazine-content-wrap\"><header class=\"entry-content-header\" aria-label=\"Post: Tres poemas para o 21 de marzo\"><time class='av-magazine-time updated'  itemprop=\"datePublished\" datetime=\"2013-03-21T01:45:35+02:00\" >21\/03\/2013<\/time><h3 class='av-magazine-title entry-title '  itemprop=\"headline\" ><a href='https:\/\/agustinfernandezpaz.gal\/en\/tres-poemas-para-o-21-de-marzo\/' title='Link to: Tres poemas para o 21 de marzo'>Tres poemas para o 21 de marzo<\/a><\/h3><\/header><\/div><footer class=\"entry-footer\"><\/footer><\/article><article class='av-magazine-entry av-magazine-entry-id-8640 av-magazine-format-standard av-magazine-type-post av-magazine-entry-68 av-magazine-entry-small av-magazine-no-thumb'  itemscope=\"itemscope\" itemtype=\"https:\/\/schema.org\/CreativeWork\" ><div class=\"av-magazine-content-wrap\"><header class=\"entry-content-header\" aria-label=\"Post: A Casa Pequena, no pa\u00eds de Arnoia\"><time class='av-magazine-time updated'  itemprop=\"datePublished\" datetime=\"2013-03-16T15:59:55+02:00\" >16\/03\/2013<\/time><h3 class='av-magazine-title entry-title '  itemprop=\"headline\" ><a href='https:\/\/agustinfernandezpaz.gal\/en\/a-casa-pequena-no-pais-de-arnoia\/' title='Link to: A Casa Pequena, no pa\u00eds de Arnoia'>A Casa Pequena, no pa\u00eds de Arnoia<\/a><\/h3><\/header><\/div><footer class=\"entry-footer\"><\/footer><\/article><article class='av-magazine-entry av-magazine-entry-id-8583 av-magazine-format-standard av-magazine-type-post av-magazine-entry-69 av-magazine-entry-small av-magazine-no-thumb'  itemscope=\"itemscope\" itemtype=\"https:\/\/schema.org\/CreativeWork\" ><div class=\"av-magazine-content-wrap\"><header class=\"entry-content-header\" aria-label=\"Post: Un book trailer que veu de lonxe\"><time class='av-magazine-time updated'  itemprop=\"datePublished\" datetime=\"2013-03-13T10:49:04+02:00\" >13\/03\/2013<\/time><h3 class='av-magazine-title entry-title '  itemprop=\"headline\" ><a href='https:\/\/agustinfernandezpaz.gal\/en\/un-book-trailer-que-veu-de-lonxe\/' title='Link to: Un book trailer que veu de lonxe'>Un book trailer que veu de lonxe<\/a><\/h3><\/header><\/div><footer class=\"entry-footer\"><\/footer><\/article><article class='av-magazine-entry av-magazine-entry-id-8514 av-magazine-format-standard av-magazine-type-post av-magazine-entry-70 av-magazine-entry-small av-magazine-no-thumb'  itemscope=\"itemscope\" itemtype=\"https:\/\/schema.org\/CreativeWork\" ><div class=\"av-magazine-content-wrap\"><header class=\"entry-content-header\" aria-label=\"Post: Era inverno cruel de chumbo e morte\"><time class='av-magazine-time updated'  itemprop=\"datePublished\" datetime=\"2013-03-10T16:15:03+02:00\" >10\/03\/2013<\/time><h3 class='av-magazine-title entry-title '  itemprop=\"headline\" ><a href='https:\/\/agustinfernandezpaz.gal\/en\/era-inverno-cruel-de-chumbo-e-morte\/' title='Link to: Era inverno cruel de chumbo e morte'>Era inverno cruel de chumbo e morte<\/a><\/h3><\/header><\/div><footer class=\"entry-footer\"><\/footer><\/article><article class='av-magazine-entry av-magazine-entry-id-8495 av-magazine-format-standard av-magazine-type-post av-magazine-entry-71 av-magazine-entry-small av-magazine-no-thumb'  itemscope=\"itemscope\" itemtype=\"https:\/\/schema.org\/CreativeWork\" ><div class=\"av-magazine-content-wrap\"><header class=\"entry-content-header\" aria-label=\"Post: \u00abO sal da terra\u00bb e a Caza de Bruxas\"><time class='av-magazine-time updated'  itemprop=\"datePublished\" datetime=\"2013-03-04T14:11:33+02:00\" >04\/03\/2013<\/time><h3 class='av-magazine-title entry-title '  itemprop=\"headline\" ><a href='https:\/\/agustinfernandezpaz.gal\/en\/o-sal-da-terra-e-a-caza-de-bruxas\/' title='Link to: \u00abO sal da terra\u00bb e a Caza de Bruxas'>\u00abO sal da terra\u00bb e a Caza de Bruxas<\/a><\/h3><\/header><\/div><footer class=\"entry-footer\"><\/footer><\/article><article class='av-magazine-entry av-magazine-entry-id-8471 av-magazine-format-standard av-magazine-type-post av-magazine-entry-72 av-magazine-entry-small av-magazine-no-thumb'  itemscope=\"itemscope\" itemtype=\"https:\/\/schema.org\/CreativeWork\" ><div class=\"av-magazine-content-wrap\"><header class=\"entry-content-header\" aria-label=\"Post: &quot;Se estou aqu\u00ed \u00e9 por ela&quot;\"><time class='av-magazine-time updated'  itemprop=\"datePublished\" datetime=\"2013-03-02T19:10:38+02:00\" >02\/03\/2013<\/time><h3 class='av-magazine-title entry-title '  itemprop=\"headline\" ><a href='https:\/\/agustinfernandezpaz.gal\/en\/se-estou-aqui-e-por-ela\/' title='Link to: &#8220;Se estou aqu\u00ed \u00e9 por ela&#8221;'>&#8220;Se estou aqu\u00ed \u00e9 por ela&#8221;<\/a><\/h3><\/header><\/div><footer class=\"entry-footer\"><\/footer><\/article><article class='av-magazine-entry av-magazine-entry-id-8449 av-magazine-format-standard av-magazine-type-post av-magazine-entry-73 av-magazine-entry-small av-magazine-no-thumb'  itemscope=\"itemscope\" itemtype=\"https:\/\/schema.org\/CreativeWork\" ><div class=\"av-magazine-content-wrap\"><header class=\"entry-content-header\" aria-label=\"Post: Con Rosal\u00eda, en Xix\u00f3n\"><time class='av-magazine-time updated'  itemprop=\"datePublished\" datetime=\"2013-02-23T10:56:31+02:00\" >23\/02\/2013<\/time><h3 class='av-magazine-title entry-title '  itemprop=\"headline\" ><a href='https:\/\/agustinfernandezpaz.gal\/en\/con-rosalia-en-xixon\/' title='Link to: Con Rosal\u00eda, en Xix\u00f3n'>Con Rosal\u00eda, en Xix\u00f3n<\/a><\/h3><\/header><\/div><footer class=\"entry-footer\"><\/footer><\/article><article class='av-magazine-entry av-magazine-entry-id-8425 av-magazine-format-standard av-magazine-type-post av-magazine-entry-74 av-magazine-entry-small av-magazine-no-thumb'  itemscope=\"itemscope\" itemtype=\"https:\/\/schema.org\/CreativeWork\" ><div class=\"av-magazine-content-wrap\"><header class=\"entry-content-header\" aria-label=\"Post: Ser nena no Senegal\"><time class='av-magazine-time updated'  itemprop=\"datePublished\" datetime=\"2013-02-17T22:51:57+02:00\" >17\/02\/2013<\/time><h3 class='av-magazine-title entry-title '  itemprop=\"headline\" ><a href='https:\/\/agustinfernandezpaz.gal\/en\/ser-nena-no-senegal\/' title='Link to: Ser nena no Senegal'>Ser nena no Senegal<\/a><\/h3><\/header><\/div><footer class=\"entry-footer\"><\/footer><\/article><article class='av-magazine-entry av-magazine-entry-id-8405 av-magazine-format-standard av-magazine-type-post av-magazine-entry-75 av-magazine-entry-small av-magazine-no-thumb'  itemscope=\"itemscope\" itemtype=\"https:\/\/schema.org\/CreativeWork\" ><div class=\"av-magazine-content-wrap\"><header class=\"entry-content-header\" aria-label=\"Post: Seis lembranzas e unha narraci\u00f3n\"><time class='av-magazine-time updated'  itemprop=\"datePublished\" datetime=\"2013-02-15T01:58:39+02:00\" >15\/02\/2013<\/time><h3 class='av-magazine-title entry-title '  itemprop=\"headline\" ><a href='https:\/\/agustinfernandezpaz.gal\/en\/seis-lembranzas-e-unha-narracion\/' title='Link to: Seis lembranzas e unha narraci\u00f3n'>Seis lembranzas e unha narraci\u00f3n<\/a><\/h3><\/header><\/div><footer class=\"entry-footer\"><\/footer><\/article><article class='av-magazine-entry av-magazine-entry-id-8375 av-magazine-format-standard av-magazine-type-post av-magazine-entry-76 av-magazine-entry-small av-magazine-no-thumb'  itemscope=\"itemscope\" itemtype=\"https:\/\/schema.org\/CreativeWork\" ><div class=\"av-magazine-content-wrap\"><header class=\"entry-content-header\" aria-label=\"Post: Paco Ib\u00e1\u00f1ez canta a Neruda\"><time class='av-magazine-time updated'  itemprop=\"datePublished\" datetime=\"2013-02-11T14:58:05+02:00\" >11\/02\/2013<\/time><h3 class='av-magazine-title entry-title '  itemprop=\"headline\" ><a href='https:\/\/agustinfernandezpaz.gal\/en\/paco-ibanez-canta-a-neruda\/' title='Link to: Paco Ib\u00e1\u00f1ez canta a Neruda'>Paco Ib\u00e1\u00f1ez canta a Neruda<\/a><\/h3><\/header><\/div><footer class=\"entry-footer\"><\/footer><\/article><article class='av-magazine-entry av-magazine-entry-id-8355 av-magazine-format-standard av-magazine-type-post av-magazine-entry-77 av-magazine-entry-small av-magazine-no-thumb'  itemscope=\"itemscope\" itemtype=\"https:\/\/schema.org\/CreativeWork\" ><div class=\"av-magazine-content-wrap\"><header class=\"entry-content-header\" aria-label=\"Post: Non conv\u00e9n chorar m\u00e1is\"><time class='av-magazine-time updated'  itemprop=\"datePublished\" datetime=\"2013-02-10T11:47:52+02:00\" >10\/02\/2013<\/time><h3 class='av-magazine-title entry-title '  itemprop=\"headline\" ><a href='https:\/\/agustinfernandezpaz.gal\/en\/non-conven-chorar-mais\/' title='Link to: Non conv\u00e9n chorar m\u00e1is'>Non conv\u00e9n chorar m\u00e1is<\/a><\/h3><\/header><\/div><footer class=\"entry-footer\"><\/footer><\/article><article class='av-magazine-entry av-magazine-entry-id-8319 av-magazine-format-standard av-magazine-type-post av-magazine-entry-78 av-magazine-entry-small av-magazine-no-thumb'  itemscope=\"itemscope\" itemtype=\"https:\/\/schema.org\/CreativeWork\" ><div class=\"av-magazine-content-wrap\"><header class=\"entry-content-header\" aria-label=\"Post: O autob\u00fas de Rosa\"><time class='av-magazine-time updated'  itemprop=\"datePublished\" datetime=\"2013-02-04T01:05:34+02:00\" >04\/02\/2013<\/time><h3 class='av-magazine-title entry-title '  itemprop=\"headline\" ><a href='https:\/\/agustinfernandezpaz.gal\/en\/o-autobus-de-rosa\/' title='Link to: O autob\u00fas de Rosa'>O autob\u00fas de Rosa<\/a><\/h3><\/header><\/div><footer class=\"entry-footer\"><\/footer><\/article><article class='av-magazine-entry av-magazine-entry-id-8286 av-magazine-format-standard av-magazine-type-post av-magazine-entry-79 av-magazine-entry-small av-magazine-no-thumb'  itemscope=\"itemscope\" itemtype=\"https:\/\/schema.org\/CreativeWork\" ><div class=\"av-magazine-content-wrap\"><header class=\"entry-content-header\" aria-label=\"Post: Unha noite con The Animals\"><time class='av-magazine-time updated'  itemprop=\"datePublished\" datetime=\"2013-02-02T20:34:57+02:00\" >02\/02\/2013<\/time><h3 class='av-magazine-title entry-title '  itemprop=\"headline\" ><a href='https:\/\/agustinfernandezpaz.gal\/en\/unha-noite-con-the-animals\/' title='Link to: Unha noite con The Animals'>Unha noite con The Animals<\/a><\/h3><\/header><\/div><footer class=\"entry-footer\"><\/footer><\/article><article class='av-magazine-entry av-magazine-entry-id-8291 av-magazine-format-standard av-magazine-type-post av-magazine-entry-80 av-magazine-entry-small av-magazine-no-thumb'  itemscope=\"itemscope\" itemtype=\"https:\/\/schema.org\/CreativeWork\" ><div class=\"av-magazine-content-wrap\"><header class=\"entry-content-header\" aria-label=\"Post: Dous relatos m\u00ednimos\"><time class='av-magazine-time updated'  itemprop=\"datePublished\" datetime=\"2013-02-02T20:34:18+02:00\" >02\/02\/2013<\/time><h3 class='av-magazine-title entry-title '  itemprop=\"headline\" ><a href='https:\/\/agustinfernandezpaz.gal\/en\/dous-relatos-minimos\/' title='Link to: Dous relatos m\u00ednimos'>Dous relatos m\u00ednimos<\/a><\/h3><\/header><\/div><footer class=\"entry-footer\"><\/footer><\/article><article class='av-magazine-entry av-magazine-entry-id-8191 av-magazine-format-standard av-magazine-type-post av-magazine-entry-81 av-magazine-entry-small av-magazine-no-thumb'  itemscope=\"itemscope\" itemtype=\"https:\/\/schema.org\/CreativeWork\" ><div class=\"av-magazine-content-wrap\"><header class=\"entry-content-header\" aria-label=\"Post: Ant\u00f3n Ch\u00e9khov en New York\"><time class='av-magazine-time updated'  itemprop=\"datePublished\" datetime=\"2013-01-23T17:11:24+02:00\" >23\/01\/2013<\/time><h3 class='av-magazine-title entry-title '  itemprop=\"headline\" ><a href='https:\/\/agustinfernandezpaz.gal\/en\/anton-chekhov-en-new-york\/' title='Link to: Ant\u00f3n Ch\u00e9khov en New York'>Ant\u00f3n Ch\u00e9khov en New York<\/a><\/h3><\/header><\/div><footer class=\"entry-footer\"><\/footer><\/article><article class='av-magazine-entry av-magazine-entry-id-8203 av-magazine-format-standard av-magazine-type-post av-magazine-entry-82 av-magazine-entry-small av-magazine-no-thumb'  itemscope=\"itemscope\" itemtype=\"https:\/\/schema.org\/CreativeWork\" ><div class=\"av-magazine-content-wrap\"><header class=\"entry-content-header\" aria-label=\"Post: Fascinaci\u00f3n por Julianne Moore\"><time class='av-magazine-time updated'  itemprop=\"datePublished\" datetime=\"2013-01-23T14:12:04+02:00\" >23\/01\/2013<\/time><h3 class='av-magazine-title entry-title '  itemprop=\"headline\" ><a href='https:\/\/agustinfernandezpaz.gal\/en\/fascinacion-por-julianne-moore\/' title='Link to: Fascinaci\u00f3n por Julianne Moore'>Fascinaci\u00f3n por Julianne Moore<\/a><\/h3><\/header><\/div><footer class=\"entry-footer\"><\/footer><\/article><article class='av-magazine-entry av-magazine-entry-id-8225 av-magazine-format-standard av-magazine-type-post av-magazine-entry-83 av-magazine-entry-small av-magazine-no-thumb'  itemscope=\"itemscope\" itemtype=\"https:\/\/schema.org\/CreativeWork\" ><div class=\"av-magazine-content-wrap\"><header class=\"entry-content-header\" aria-label=\"Post: Dobre galard\u00f3n para AFP na selecci\u00f3n \u00abOs mellores do 2012\u00bb\"><time class='av-magazine-time updated'  itemprop=\"datePublished\" datetime=\"2013-01-19T19:28:48+02:00\" >19\/01\/2013<\/time><h3 class='av-magazine-title entry-title '  itemprop=\"headline\" ><a href='https:\/\/agustinfernandezpaz.gal\/en\/dobre-galardon-para-afp-na-seleccion-os-mellores-do-2012\/' title='Link to: Dobre galard\u00f3n para AFP na selecci\u00f3n \u00abOs mellores do 2012\u00bb'>Dobre galard\u00f3n para AFP na selecci\u00f3n \u00abOs mellores do 2012\u00bb<\/a><\/h3><\/header><\/div><footer class=\"entry-footer\"><\/footer><\/article><article class='av-magazine-entry av-magazine-entry-id-8146 av-magazine-format-standard av-magazine-type-post av-magazine-entry-84 av-magazine-entry-small av-magazine-no-thumb'  itemscope=\"itemscope\" itemtype=\"https:\/\/schema.org\/CreativeWork\" ><div class=\"av-magazine-content-wrap\"><header class=\"entry-content-header\" aria-label=\"Post: Os tempos est\u00e1n a cambiar\"><time class='av-magazine-time updated'  itemprop=\"datePublished\" datetime=\"2013-01-13T21:22:07+02:00\" >13\/01\/2013<\/time><h3 class='av-magazine-title entry-title '  itemprop=\"headline\" ><a href='https:\/\/agustinfernandezpaz.gal\/en\/os-tempos-estan-a-cambiar\/' title='Link to: Os tempos est\u00e1n a cambiar'>Os tempos est\u00e1n a cambiar<\/a><\/h3><\/header><\/div><footer class=\"entry-footer\"><\/footer><\/article><article class='av-magazine-entry av-magazine-entry-id-8076 av-magazine-format-standard av-magazine-type-post av-magazine-entry-85 av-magazine-entry-small av-magazine-no-thumb'  itemscope=\"itemscope\" itemtype=\"https:\/\/schema.org\/CreativeWork\" ><div class=\"av-magazine-content-wrap\"><header class=\"entry-content-header\" aria-label=\"Post: A balada de Corto Malt\u00e9s\"><time class='av-magazine-time updated'  itemprop=\"datePublished\" datetime=\"2013-01-08T21:52:17+02:00\" >08\/01\/2013<\/time><h3 class='av-magazine-title entry-title '  itemprop=\"headline\" ><a href='https:\/\/agustinfernandezpaz.gal\/en\/a-balada-de-corto-maltes\/' title='Link to: A balada de Corto Malt\u00e9s'>A balada de Corto Malt\u00e9s<\/a><\/h3><\/header><\/div><footer class=\"entry-footer\"><\/footer><\/article><article class='av-magazine-entry av-magazine-entry-id-8022 av-magazine-format-standard av-magazine-type-post av-magazine-entry-86 av-magazine-entry-small av-magazine-no-thumb'  itemscope=\"itemscope\" itemtype=\"https:\/\/schema.org\/CreativeWork\" ><div class=\"av-magazine-content-wrap\"><header class=\"entry-content-header\" aria-label=\"Post: Tres poemas de amor\"><time class='av-magazine-time updated'  itemprop=\"datePublished\" datetime=\"2013-01-05T18:33:21+02:00\" >05\/01\/2013<\/time><h3 class='av-magazine-title entry-title '  itemprop=\"headline\" ><a href='https:\/\/agustinfernandezpaz.gal\/en\/dous-poemas-de-amor\/' title='Link to: Tres poemas de amor'>Tres poemas de amor<\/a><\/h3><\/header><\/div><footer class=\"entry-footer\"><\/footer><\/article><article class='av-magazine-entry av-magazine-entry-id-8013 av-magazine-format-standard av-magazine-type-post av-magazine-entry-87 av-magazine-entry-small av-magazine-no-thumb'  itemscope=\"itemscope\" itemtype=\"https:\/\/schema.org\/CreativeWork\" ><div class=\"av-magazine-content-wrap\"><header class=\"entry-content-header\" aria-label=\"Post: Un conto de Nadal\"><time class='av-magazine-time updated'  itemprop=\"datePublished\" datetime=\"2013-01-05T17:02:10+02:00\" >05\/01\/2013<\/time><h3 class='av-magazine-title entry-title '  itemprop=\"headline\" ><a href='https:\/\/agustinfernandezpaz.gal\/en\/un-conto-de-nadal\/' title='Link to: Un conto de Nadal'>Un conto de Nadal<\/a><\/h3><\/header><\/div><footer class=\"entry-footer\"><\/footer><\/article><article class='av-magazine-entry av-magazine-entry-id-7994 av-magazine-format-standard av-magazine-type-post av-magazine-entry-88 av-magazine-entry-small av-magazine-no-thumb'  itemscope=\"itemscope\" itemtype=\"https:\/\/schema.org\/CreativeWork\" ><div class=\"av-magazine-content-wrap\"><header class=\"entry-content-header\" aria-label=\"Post: A casa de Gregor Samsa\"><time class='av-magazine-time updated'  itemprop=\"datePublished\" datetime=\"2012-12-23T22:15:20+02:00\" >23\/12\/2012<\/time><h3 class='av-magazine-title entry-title '  itemprop=\"headline\" ><a href='https:\/\/agustinfernandezpaz.gal\/en\/a-casa-de-gregor-samsa\/' title='Link to: A casa de Gregor Samsa'>A casa de Gregor Samsa<\/a><\/h3><\/header><\/div><footer class=\"entry-footer\"><\/footer><\/article><article class='av-magazine-entry av-magazine-entry-id-7966 av-magazine-format-standard av-magazine-type-post av-magazine-entry-89 av-magazine-entry-small av-magazine-no-thumb'  itemscope=\"itemscope\" itemtype=\"https:\/\/schema.org\/CreativeWork\" ><div class=\"av-magazine-content-wrap\"><header class=\"entry-content-header\" aria-label=\"Post: \u00abOrdet\u00bb: un milagre cinematogr\u00e1fico\"><time class='av-magazine-time updated'  itemprop=\"datePublished\" datetime=\"2012-12-14T15:41:51+02:00\" >14\/12\/2012<\/time><h3 class='av-magazine-title entry-title '  itemprop=\"headline\" ><a href='https:\/\/agustinfernandezpaz.gal\/en\/ordet-un-milagre-cinematografico\/' title='Link to: \u00abOrdet\u00bb: un milagre cinematogr\u00e1fico'>\u00abOrdet\u00bb: un milagre cinematogr\u00e1fico<\/a><\/h3><\/header><\/div><footer class=\"entry-footer\"><\/footer><\/article><article class='av-magazine-entry av-magazine-entry-id-7919 av-magazine-format-standard av-magazine-type-post av-magazine-entry-90 av-magazine-entry-small av-magazine-no-thumb'  itemscope=\"itemscope\" itemtype=\"https:\/\/schema.org\/CreativeWork\" ><div class=\"av-magazine-content-wrap\"><header class=\"entry-content-header\" aria-label=\"Post: &quot;Ardal\u00e9n&quot;: excepcional e inesgotable\"><time class='av-magazine-time updated'  itemprop=\"datePublished\" datetime=\"2012-12-07T12:35:38+02:00\" >07\/12\/2012<\/time><h3 class='av-magazine-title entry-title '  itemprop=\"headline\" ><a href='https:\/\/agustinfernandezpaz.gal\/en\/ardalen-excepcional-e-inesgotable\/' title='Link to: &#8220;Ardal\u00e9n&#8221;: excepcional e inesgotable'>&#8220;Ardal\u00e9n&#8221;: excepcional e inesgotable<\/a><\/h3><\/header><\/div><footer class=\"entry-footer\"><\/footer><\/article><article class='av-magazine-entry av-magazine-entry-id-7877 av-magazine-format-standard av-magazine-type-post av-magazine-entry-91 av-magazine-entry-small av-magazine-no-thumb'  itemscope=\"itemscope\" itemtype=\"https:\/\/schema.org\/CreativeWork\" ><div class=\"av-magazine-content-wrap\"><header class=\"entry-content-header\" aria-label=\"Post: Entrevista no programa &quot;Eirado&quot; (TVG, 1-12-2012)\"><time class='av-magazine-time updated'  itemprop=\"datePublished\" datetime=\"2012-12-04T15:02:25+02:00\" >04\/12\/2012<\/time><h3 class='av-magazine-title entry-title '  itemprop=\"headline\" ><a href='https:\/\/agustinfernandezpaz.gal\/en\/entrevista-no-programa-eirado-tvg-1-12-2012\/' title='Link to: Entrevista no programa &#8220;Eirado&#8221; (TVG, 1-12-2012)'>Entrevista no programa &#8220;Eirado&#8221; (TVG, 1-12-2012)<\/a><\/h3><\/header><\/div><footer class=\"entry-footer\"><\/footer><\/article><article class='av-magazine-entry av-magazine-entry-id-7872 av-magazine-format-standard av-magazine-type-post av-magazine-entry-92 av-magazine-entry-small av-magazine-no-thumb'  itemscope=\"itemscope\" itemtype=\"https:\/\/schema.org\/CreativeWork\" ><div class=\"av-magazine-content-wrap\"><header class=\"entry-content-header\" aria-label=\"Post: Pem\u00f3n Bouzas fala con Agust\u00edn Fern\u00e1ndez Paz sobre &quot;O rastro que deixamos&quot;\"><time class='av-magazine-time updated'  itemprop=\"datePublished\" datetime=\"2012-12-04T14:51:05+02:00\" >04\/12\/2012<\/time><h3 class='av-magazine-title entry-title '  itemprop=\"headline\" ><a href='https:\/\/agustinfernandezpaz.gal\/en\/pemon-bouzas-fala-con-agustin-fernandez-paz-sobre-o-rastro-que-deixamos\/' title='Link to: Pem\u00f3n Bouzas fala con Agust\u00edn Fern\u00e1ndez Paz sobre &#8220;O rastro que deixamos&#8221;'>Pem\u00f3n Bouzas fala con Agust\u00edn Fern\u00e1ndez Paz sobre &#8220;O rastro que deixamos&#8221;<\/a><\/h3><\/header><\/div><footer class=\"entry-footer\"><\/footer><\/article><article class='av-magazine-entry av-magazine-entry-id-7865 av-magazine-format-standard av-magazine-type-post av-magazine-entry-93 av-magazine-entry-small av-magazine-no-thumb'  itemscope=\"itemscope\" itemtype=\"https:\/\/schema.org\/CreativeWork\" ><div class=\"av-magazine-content-wrap\"><header class=\"entry-content-header\" aria-label=\"Post: Para ler en d\u00edas de tristeza\"><time class='av-magazine-time updated'  itemprop=\"datePublished\" datetime=\"2012-12-01T19:17:40+02:00\" >01\/12\/2012<\/time><h3 class='av-magazine-title entry-title '  itemprop=\"headline\" ><a href='https:\/\/agustinfernandezpaz.gal\/en\/para-ler-en-dias-de-tristeza\/' title='Link to: Para ler en d\u00edas de tristeza'>Para ler en d\u00edas de tristeza<\/a><\/h3><\/header><\/div><footer class=\"entry-footer\"><\/footer><\/article><article class='av-magazine-entry av-magazine-entry-id-7842 av-magazine-format-standard av-magazine-type-post av-magazine-entry-94 av-magazine-entry-small av-magazine-no-thumb'  itemscope=\"itemscope\" itemtype=\"https:\/\/schema.org\/CreativeWork\" ><div class=\"av-magazine-content-wrap\"><header class=\"entry-content-header\" aria-label=\"Post: As falanxes da Orde Negra\"><time class='av-magazine-time updated'  itemprop=\"datePublished\" datetime=\"2012-11-30T18:32:38+02:00\" >30\/11\/2012<\/time><h3 class='av-magazine-title entry-title '  itemprop=\"headline\" ><a href='https:\/\/agustinfernandezpaz.gal\/en\/as-falanxes-da-orde-negra\/' title='Link to: As falanxes da Orde Negra'>As falanxes da Orde Negra<\/a><\/h3><\/header><\/div><footer class=\"entry-footer\"><\/footer><\/article><article class='av-magazine-entry av-magazine-entry-id-7793 av-magazine-format-standard av-magazine-type-post av-magazine-entry-95 av-magazine-entry-small av-magazine-no-thumb'  itemscope=\"itemscope\" itemtype=\"https:\/\/schema.org\/CreativeWork\" ><div class=\"av-magazine-content-wrap\"><header class=\"entry-content-header\" aria-label=\"Post: O fest\u00edn de Babette\"><time class='av-magazine-time updated'  itemprop=\"datePublished\" datetime=\"2012-11-24T18:45:49+02:00\" >24\/11\/2012<\/time><h3 class='av-magazine-title entry-title '  itemprop=\"headline\" ><a href='https:\/\/agustinfernandezpaz.gal\/en\/o-festin-de-babette\/' title='Link to: O fest\u00edn de Babette'>O fest\u00edn de Babette<\/a><\/h3><\/header><\/div><footer class=\"entry-footer\"><\/footer><\/article><article class='av-magazine-entry av-magazine-entry-id-7727 av-magazine-format-standard av-magazine-type-post av-magazine-entry-96 av-magazine-entry-small av-magazine-no-thumb'  itemscope=\"itemscope\" itemtype=\"https:\/\/schema.org\/CreativeWork\" ><div class=\"av-magazine-content-wrap\"><header class=\"entry-content-header\" aria-label=\"Post: Entrevista a Agust\u00edn Fern\u00e1ndez Paz, no programa Zigzag, da TVG-2 (19-11-2012)\"><time class='av-magazine-time updated'  itemprop=\"datePublished\" datetime=\"2012-11-20T17:56:11+02:00\" >20\/11\/2012<\/time><h3 class='av-magazine-title entry-title '  itemprop=\"headline\" ><a href='https:\/\/agustinfernandezpaz.gal\/en\/entrevista-a-agustin-fernandez-paz-na-rtvg\/' title='Link to: Entrevista a Agust\u00edn Fern\u00e1ndez Paz, no programa Zigzag, da TVG-2 (19-11-2012)'>Entrevista a Agust\u00edn Fern\u00e1ndez Paz, no programa Zigzag, da TVG-2 (19-11-2012)<\/a><\/h3><\/header><\/div><footer class=\"entry-footer\"><\/footer><\/article><article class='av-magazine-entry av-magazine-entry-id-7709 av-magazine-format-standard av-magazine-type-post av-magazine-entry-97 av-magazine-entry-small av-magazine-no-thumb'  itemscope=\"itemscope\" itemtype=\"https:\/\/schema.org\/CreativeWork\" ><div class=\"av-magazine-content-wrap\"><header class=\"entry-content-header\" aria-label=\"Post: &quot;Fantasmas de luz&quot;, Premio da Cr\u00edtica Galicia 2012\"><time class='av-magazine-time updated'  itemprop=\"datePublished\" datetime=\"2012-11-18T18:02:39+02:00\" >18\/11\/2012<\/time><h3 class='av-magazine-title entry-title '  itemprop=\"headline\" ><a href='https:\/\/agustinfernandezpaz.gal\/en\/fantasmas-de-luz-premio-da-critica-galicia-2012\/' title='Link to: &#8220;Fantasmas de luz&#8221;, Premio da Cr\u00edtica Galicia 2012'>&#8220;Fantasmas de luz&#8221;, Premio da Cr\u00edtica Galicia 2012<\/a><\/h3><\/header><\/div><footer class=\"entry-footer\"><\/footer><\/article><article class='av-magazine-entry av-magazine-entry-id-7646 av-magazine-format-standard av-magazine-type-post av-magazine-entry-98 av-magazine-entry-small av-magazine-no-thumb'  itemscope=\"itemscope\" itemtype=\"https:\/\/schema.org\/CreativeWork\" ><div class=\"av-magazine-content-wrap\"><header class=\"entry-content-header\" aria-label=\"Post: Sempre Valente: Punto cero\"><time class='av-magazine-time updated'  itemprop=\"datePublished\" datetime=\"2012-11-16T19:33:16+02:00\" >16\/11\/2012<\/time><h3 class='av-magazine-title entry-title '  itemprop=\"headline\" ><a href='https:\/\/agustinfernandezpaz.gal\/en\/sempre-valente-punto-cero\/' title='Link to: Sempre Valente: Punto cero'>Sempre Valente: Punto cero<\/a><\/h3><\/header><\/div><footer class=\"entry-footer\"><\/footer><\/article><article class='av-magazine-entry av-magazine-entry-id-7609 av-magazine-format-standard av-magazine-type-post av-magazine-entry-99 av-magazine-entry-small av-magazine-no-thumb'  itemscope=\"itemscope\" itemtype=\"https:\/\/schema.org\/CreativeWork\" ><div class=\"av-magazine-content-wrap\"><header class=\"entry-content-header\" aria-label=\"Post: Agust\u00edn Fern\u00e1ndez Paz, Doctor Honoris Causa por la Universidad de Vigo\"><time class='av-magazine-time updated'  itemprop=\"datePublished\" datetime=\"2012-11-15T14:52:51+02:00\" >15\/11\/2012<\/time><h3 class='av-magazine-title entry-title '  itemprop=\"headline\" ><a href='https:\/\/agustinfernandezpaz.gal\/en\/afp-doctor-honoris-causa-por-la-universidad-de-vigo\/' title='Link to: Agust\u00edn Fern\u00e1ndez Paz, Doctor Honoris Causa por la Universidad de Vigo'>Agust\u00edn Fern\u00e1ndez Paz, Doctor Honoris Causa por la Universidad de Vigo<\/a><\/h3><\/header><\/div><footer class=\"entry-footer\"><\/footer><\/article><article class='av-magazine-entry av-magazine-entry-id-7581 av-magazine-format-standard av-magazine-type-post av-magazine-entry-100 av-magazine-entry-small av-magazine-no-thumb'  itemscope=\"itemscope\" itemtype=\"https:\/\/schema.org\/CreativeWork\" ><div class=\"av-magazine-content-wrap\"><header class=\"entry-content-header\" aria-label=\"Post: As uvas da ira\"><time class='av-magazine-time updated'  itemprop=\"datePublished\" datetime=\"2012-11-11T22:42:39+02:00\" >11\/11\/2012<\/time><h3 class='av-magazine-title entry-title '  itemprop=\"headline\" ><a href='https:\/\/agustinfernandezpaz.gal\/en\/as-uvas-da-ira\/' title='Link to: As uvas da ira'>As uvas da ira<\/a><\/h3><\/header><\/div><footer class=\"entry-footer\"><\/footer><\/article><article class='av-magazine-entry av-magazine-entry-id-7449 av-magazine-format-standard av-magazine-type-post av-magazine-entry-101 av-magazine-entry-small av-magazine-no-thumb'  itemscope=\"itemscope\" itemtype=\"https:\/\/schema.org\/CreativeWork\" ><div class=\"av-magazine-content-wrap\"><header class=\"entry-content-header\" aria-label=\"Post: Keep On Running\"><time class='av-magazine-time updated'  itemprop=\"datePublished\" datetime=\"2012-11-07T19:34:26+02:00\" >07\/11\/2012<\/time><h3 class='av-magazine-title entry-title '  itemprop=\"headline\" ><a href='https:\/\/agustinfernandezpaz.gal\/en\/keep-on-running\/' title='Link to: Keep On Running'>Keep On Running<\/a><\/h3><\/header><\/div><footer class=\"entry-footer\"><\/footer><\/article><article class='av-magazine-entry av-magazine-entry-id-7383 av-magazine-format-standard av-magazine-type-post av-magazine-entry-102 av-magazine-entry-small av-magazine-no-thumb'  itemscope=\"itemscope\" itemtype=\"https:\/\/schema.org\/CreativeWork\" ><div class=\"av-magazine-content-wrap\"><header class=\"entry-content-header\" aria-label=\"Post: A Biblioteca do IES de Ponteareas leva o nome de AFP\"><time class='av-magazine-time updated'  itemprop=\"datePublished\" datetime=\"2012-11-05T20:26:01+02:00\" >05\/11\/2012<\/time><h3 class='av-magazine-title entry-title '  itemprop=\"headline\" ><a href='https:\/\/agustinfernandezpaz.gal\/en\/a-biblioteca-do-ies-de-ponteareas-leva-o-nome-de-afp\/' title='Link to: A Biblioteca do IES de Ponteareas leva o nome de AFP'>A Biblioteca do IES de Ponteareas leva o nome de AFP<\/a><\/h3><\/header><\/div><footer class=\"entry-footer\"><\/footer><\/article><article class='av-magazine-entry av-magazine-entry-id-7363 av-magazine-format-standard av-magazine-type-post av-magazine-entry-103 av-magazine-entry-small av-magazine-no-thumb'  itemscope=\"itemscope\" itemtype=\"https:\/\/schema.org\/CreativeWork\" ><div class=\"av-magazine-content-wrap\"><header class=\"entry-content-header\" aria-label=\"Post: Carta a unha mestra\"><time class='av-magazine-time updated'  itemprop=\"datePublished\" datetime=\"2012-11-04T11:05:18+02:00\" >04\/11\/2012<\/time><h3 class='av-magazine-title entry-title '  itemprop=\"headline\" ><a href='https:\/\/agustinfernandezpaz.gal\/en\/carta-a-unha-mestra-2\/' title='Link to: Carta a unha mestra'>Carta a unha mestra<\/a><\/h3><\/header><\/div><footer class=\"entry-footer\"><\/footer><\/article><article class='av-magazine-entry av-magazine-entry-id-7325 av-magazine-format-standard av-magazine-type-post av-magazine-entry-104 av-magazine-entry-small av-magazine-no-thumb'  itemscope=\"itemscope\" itemtype=\"https:\/\/schema.org\/CreativeWork\" ><div class=\"av-magazine-content-wrap\"><header class=\"entry-content-header\" aria-label=\"Post: Grupo Salvaxe\"><time class='av-magazine-time updated'  itemprop=\"datePublished\" datetime=\"2012-10-31T16:36:17+02:00\" >31\/10\/2012<\/time><h3 class='av-magazine-title entry-title '  itemprop=\"headline\" ><a href='https:\/\/agustinfernandezpaz.gal\/en\/grupo-salvaxe-the-wild-bunch-1969\/' title='Link to: Grupo Salvaxe'>Grupo Salvaxe<\/a><\/h3><\/header><\/div><footer class=\"entry-footer\"><\/footer><\/article><article class='av-magazine-entry av-magazine-entry-id-7260 av-magazine-format-standard av-magazine-type-post av-magazine-entry-105 av-magazine-entry-small av-magazine-no-thumb'  itemscope=\"itemscope\" itemtype=\"https:\/\/schema.org\/CreativeWork\" ><div class=\"av-magazine-content-wrap\"><header class=\"entry-content-header\" aria-label=\"Post: Agust\u00edn Fern\u00e1ndez Paz, Astrid Lingdren Award Candidate\"><time class='av-magazine-time updated'  itemprop=\"datePublished\" datetime=\"2012-10-16T11:08:07+02:00\" >16\/10\/2012<\/time><h3 class='av-magazine-title entry-title '  itemprop=\"headline\" ><a href='https:\/\/agustinfernandezpaz.gal\/en\/astrid-lingdren-award-candidate\/' title='Link to: Agust\u00edn Fern\u00e1ndez Paz, Astrid Lingdren Award Candidate'>Agust\u00edn Fern\u00e1ndez Paz, Astrid Lingdren Award Candidate<\/a><\/h3><\/header><\/div><footer class=\"entry-footer\"><\/footer><\/article><article class='av-magazine-entry av-magazine-entry-id-7251 av-magazine-format-standard av-magazine-type-post av-magazine-entry-106 av-magazine-entry-small av-magazine-no-thumb'  itemscope=\"itemscope\" itemtype=\"https:\/\/schema.org\/CreativeWork\" ><div class=\"av-magazine-content-wrap\"><header class=\"entry-content-header\" aria-label=\"Post: Agust\u00edn Fern\u00e1ndez Paz nomeado Socio de Honra de G\u00e1lix 2012\"><time class='av-magazine-time updated'  itemprop=\"datePublished\" datetime=\"2012-10-16T10:49:41+02:00\" >16\/10\/2012<\/time><h3 class='av-magazine-title entry-title '  itemprop=\"headline\" ><a href='https:\/\/agustinfernandezpaz.gal\/en\/agustin-fernandez-paz-nomeado-socio-de-honra-de-galix-2012\/' title='Link to: Agust\u00edn Fern\u00e1ndez Paz nomeado Socio de Honra de G\u00e1lix 2012'>Agust\u00edn Fern\u00e1ndez Paz nomeado Socio de Honra de G\u00e1lix 2012<\/a><\/h3><\/header><\/div><footer class=\"entry-footer\"><\/footer><\/article><article class='av-magazine-entry av-magazine-entry-id-5485 av-magazine-format-standard av-magazine-type-post av-magazine-entry-107 av-magazine-entry-small av-magazine-no-thumb'  itemscope=\"itemscope\" itemtype=\"https:\/\/schema.org\/CreativeWork\" ><div class=\"av-magazine-content-wrap\"><header class=\"entry-content-header\" aria-label=\"Post: \u00a1A sangre y fuego!\"><time class='av-magazine-time updated'  itemprop=\"datePublished\" datetime=\"2012-10-13T06:58:49+02:00\" >13\/10\/2012<\/time><h3 class='av-magazine-title entry-title '  itemprop=\"headline\" ><a href='https:\/\/agustinfernandezpaz.gal\/en\/a-sangre-y-fuego\/' title='Link to: \u00a1A sangre y fuego!'>\u00a1A sangre y fuego!<\/a><\/h3><\/header><\/div><footer class=\"entry-footer\"><\/footer><\/article><article class='av-magazine-entry av-magazine-entry-id-5487 av-magazine-format-standard av-magazine-type-post av-magazine-entry-108 av-magazine-entry-small av-magazine-no-thumb'  itemscope=\"itemscope\" itemtype=\"https:\/\/schema.org\/CreativeWork\" ><div class=\"av-magazine-content-wrap\"><header class=\"entry-content-header\" aria-label=\"Post: A illa misteriosa (I)\"><time class='av-magazine-time updated'  itemprop=\"datePublished\" datetime=\"2012-10-09T06:30:12+02:00\" >09\/10\/2012<\/time><h3 class='av-magazine-title entry-title '  itemprop=\"headline\" ><a href='https:\/\/agustinfernandezpaz.gal\/en\/a-illa-misteriosa-i\/' title='Link to: A illa misteriosa (I)'>A illa misteriosa (I)<\/a><\/h3><\/header><\/div><footer class=\"entry-footer\"><\/footer><\/article><article class='av-magazine-entry av-magazine-entry-id-5448 av-magazine-format-standard av-magazine-type-post av-magazine-entry-109 av-magazine-entry-small av-magazine-no-thumb'  itemscope=\"itemscope\" itemtype=\"https:\/\/schema.org\/CreativeWork\" ><div class=\"av-magazine-content-wrap\"><header class=\"entry-content-header\" aria-label=\"Post: Intenci\u00f3ns\"><time class='av-magazine-time updated'  itemprop=\"datePublished\" datetime=\"2012-10-07T06:10:00+02:00\" >07\/10\/2012<\/time><h3 class='av-magazine-title entry-title '  itemprop=\"headline\" ><a href='https:\/\/agustinfernandezpaz.gal\/en\/intencions\/' title='Link to: Intenci\u00f3ns'>Intenci\u00f3ns<\/a><\/h3><\/header><\/div><footer class=\"entry-footer\"><\/footer><\/article><article class='av-magazine-entry av-magazine-entry-id-6405 av-magazine-format-standard av-magazine-type-post av-magazine-entry-110 av-magazine-entry-small av-magazine-no-thumb'  itemscope=\"itemscope\" itemtype=\"https:\/\/schema.org\/CreativeWork\" ><div class=\"av-magazine-content-wrap\"><header class=\"entry-content-header\" aria-label=\"Post: &quot;Oito doas para San Sim\u00f3n&quot;, discurso de Agust\u00edn Fernandez Paz.\"><time class='av-magazine-time updated'  itemprop=\"datePublished\" datetime=\"2012-09-20T13:40:06+02:00\" >20\/09\/2012<\/time><h3 class='av-magazine-title entry-title '  itemprop=\"headline\" ><a href='https:\/\/agustinfernandezpaz.gal\/en\/oito-doas-para-san-simon\/' title='Link to: &#8220;Oito doas para San Sim\u00f3n&#8221;, discurso de Agust\u00edn Fernandez Paz.'>&#8220;Oito doas para San Sim\u00f3n&#8221;, discurso de Agust\u00edn Fernandez Paz.<\/a><\/h3><\/header><\/div><footer class=\"entry-footer\"><\/footer><\/article><article class='av-magazine-entry av-magazine-entry-id-6399 av-magazine-format-standard av-magazine-type-post av-magazine-entry-111 av-magazine-entry-small av-magazine-no-thumb'  itemscope=\"itemscope\" itemtype=\"https:\/\/schema.org\/CreativeWork\" ><div class=\"av-magazine-content-wrap\"><header class=\"entry-content-header\" aria-label=\"Post: Entrevista a Agust\u00edn Fern\u00e1ndez Paz. Culturagalega.org\"><time class='av-magazine-time updated'  itemprop=\"datePublished\" datetime=\"2012-09-20T13:38:30+02:00\" >20\/09\/2012<\/time><h3 class='av-magazine-title entry-title '  itemprop=\"headline\" ><a href='https:\/\/agustinfernandezpaz.gal\/en\/entrevista-a-agustin-fernandez-paz-culturagalega-org\/' title='Link to: Entrevista a Agust\u00edn Fern\u00e1ndez Paz. Culturagalega.org'>Entrevista a Agust\u00edn Fern\u00e1ndez Paz. Culturagalega.org<\/a><\/h3><\/header><\/div><footer class=\"entry-footer\"><\/footer><\/article><article class='av-magazine-entry av-magazine-entry-id-6386 av-magazine-format-standard av-magazine-type-post av-magazine-entry-112 av-magazine-entry-small av-magazine-no-thumb'  itemscope=\"itemscope\" itemtype=\"https:\/\/schema.org\/CreativeWork\" ><div class=\"av-magazine-content-wrap\"><header class=\"entry-content-header\" aria-label=\"Post: Pem\u00f3n Bouzas fala con Agust\u00edn Fern\u00e1ndez Paz, sobre &quot;Aire negro&quot; (TVG)\"><time class='av-magazine-time updated'  itemprop=\"datePublished\" datetime=\"2012-09-20T13:23:01+02:00\" >20\/09\/2012<\/time><h3 class='av-magazine-title entry-title '  itemprop=\"headline\" ><a href='https:\/\/agustinfernandezpaz.gal\/en\/entrevista-ao-escritor-agustin-fernandez-paz-tvg\/' title='Link to: Pem\u00f3n Bouzas fala con Agust\u00edn Fern\u00e1ndez Paz, sobre &#8220;Aire negro&#8221; (TVG)'>Pem\u00f3n Bouzas fala con Agust\u00edn Fern\u00e1ndez Paz, sobre &#8220;Aire negro&#8221; (TVG)<\/a><\/h3><\/header><\/div><footer class=\"entry-footer\"><\/footer><\/article><article class='av-magazine-entry av-magazine-entry-id-6047 av-magazine-format-standard av-magazine-type-post av-magazine-entry-113 av-magazine-entry-small av-magazine-no-thumb'  itemscope=\"itemscope\" itemtype=\"https:\/\/schema.org\/CreativeWork\" ><div class=\"av-magazine-content-wrap\"><header class=\"entry-content-header\" aria-label=\"Post: Agust\u00edn Fern\u00e1ndez Paz receives the Iberoamerican SM Children and Young Adults\u2019 Literature Award.\"><time class='av-magazine-time updated'  itemprop=\"datePublished\" datetime=\"2012-09-18T09:31:10+02:00\" >18\/09\/2012<\/time><h3 class='av-magazine-title entry-title '  itemprop=\"headline\" ><a href='https:\/\/agustinfernandezpaz.gal\/en\/receives-the-iberoamerican-sm-children\/' title='Link to: Agust\u00edn Fern\u00e1ndez Paz receives the Iberoamerican SM Children and Young Adults\u2019 Literature Award.'>Agust\u00edn Fern\u00e1ndez Paz receives the Iberoamerican SM Children and Young Adults\u2019 Literature Award.<\/a><\/h3><\/header><\/div><footer class=\"entry-footer\"><\/footer><\/article><article class='av-magazine-entry av-magazine-entry-id-6033 av-magazine-format-standard av-magazine-type-post av-magazine-entry-114 av-magazine-entry-small av-magazine-no-thumb'  itemscope=\"itemscope\" itemtype=\"https:\/\/schema.org\/CreativeWork\" ><div class=\"av-magazine-content-wrap\"><header class=\"entry-content-header\" aria-label=\"Post: Os filmes de Agust\u00edn\"><time class='av-magazine-time updated'  itemprop=\"datePublished\" datetime=\"2012-09-18T09:23:20+02:00\" >18\/09\/2012<\/time><h3 class='av-magazine-title entry-title '  itemprop=\"headline\" ><a href='https:\/\/agustinfernandezpaz.gal\/en\/os-filmes-de-agustin\/' title='Link to: Os filmes de Agust\u00edn'>Os filmes de Agust\u00edn<\/a><\/h3><\/header><\/div><footer class=\"entry-footer\"><\/footer><\/article><article class='av-magazine-entry av-magazine-entry-id-6029 av-magazine-format-standard av-magazine-type-post av-magazine-entry-115 av-magazine-entry-small av-magazine-no-thumb'  itemscope=\"itemscope\" itemtype=\"https:\/\/schema.org\/CreativeWork\" ><div class=\"av-magazine-content-wrap\"><header class=\"entry-content-header\" aria-label=\"Post: Videoteca AELG: Lectura de &quot;O \u00fanico que queda \u00e9 o amor&quot;.\"><time class='av-magazine-time updated'  itemprop=\"datePublished\" datetime=\"2012-09-18T09:22:31+02:00\" >18\/09\/2012<\/time><h3 class='av-magazine-title entry-title '  itemprop=\"headline\" ><a href='https:\/\/agustinfernandezpaz.gal\/en\/videoteca-aelg-de-agustin-fernandez-paz-3\/' title='Link to: Videoteca AELG: Lectura de &#8220;O \u00fanico que queda \u00e9 o amor&#8221;.'>Videoteca AELG: Lectura de &#8220;O \u00fanico que queda \u00e9 o amor&#8221;.<\/a><\/h3><\/header><\/div><footer class=\"entry-footer\"><\/footer><\/article><article class='av-magazine-entry av-magazine-entry-id-6025 av-magazine-format-standard av-magazine-type-post av-magazine-entry-116 av-magazine-entry-small av-magazine-no-thumb'  itemscope=\"itemscope\" itemtype=\"https:\/\/schema.org\/CreativeWork\" ><div class=\"av-magazine-content-wrap\"><header class=\"entry-content-header\" aria-label=\"Post: Videoteca AELG: Lectura de &quot;Corredores de sombra&quot;\"><time class='av-magazine-time updated'  itemprop=\"datePublished\" datetime=\"2012-09-18T09:21:17+02:00\" >18\/09\/2012<\/time><h3 class='av-magazine-title entry-title '  itemprop=\"headline\" ><a href='https:\/\/agustinfernandezpaz.gal\/en\/videoteca-aelg-de-agustin-fernandez-paz-2\/' title='Link to: Videoteca AELG: Lectura de &#8220;Corredores de sombra&#8221;'>Videoteca AELG: Lectura de &#8220;Corredores de sombra&#8221;<\/a><\/h3><\/header><\/div><footer class=\"entry-footer\"><\/footer><\/article><article class='av-magazine-entry av-magazine-entry-id-6021 av-magazine-format-standard av-magazine-type-post av-magazine-entry-117 av-magazine-entry-small av-magazine-no-thumb'  itemscope=\"itemscope\" itemtype=\"https:\/\/schema.org\/CreativeWork\" ><div class=\"av-magazine-content-wrap\"><header class=\"entry-content-header\" aria-label=\"Post: Videoteca AELG: Entrevista sobre o oficio de escribir\"><time class='av-magazine-time updated'  itemprop=\"datePublished\" datetime=\"2012-09-18T09:20:04+02:00\" >18\/09\/2012<\/time><h3 class='av-magazine-title entry-title '  itemprop=\"headline\" ><a href='https:\/\/agustinfernandezpaz.gal\/en\/videoteca-aelg-de-agustin-fernandez-paz\/' title='Link to: Videoteca AELG: Entrevista sobre o oficio de escribir'>Videoteca AELG: Entrevista sobre o oficio de escribir<\/a><\/h3><\/header><\/div><footer class=\"entry-footer\"><\/footer><\/article><article class='av-magazine-entry av-magazine-entry-id-6017 av-magazine-format-standard av-magazine-type-post av-magazine-entry-118 av-magazine-entry-small av-magazine-no-thumb'  itemscope=\"itemscope\" itemtype=\"https:\/\/schema.org\/CreativeWork\" ><div class=\"av-magazine-content-wrap\"><header class=\"entry-content-header\" aria-label=\"Post: Entrevista na Feria Internacional del Libro de Guadalajara\"><time class='av-magazine-time updated'  itemprop=\"datePublished\" datetime=\"2012-09-18T09:18:39+02:00\" >18\/09\/2012<\/time><h3 class='av-magazine-title entry-title '  itemprop=\"headline\" ><a href='https:\/\/agustinfernandezpaz.gal\/en\/entrevista-a-agustin-fernandez-paz\/' title='Link to: Entrevista na Feria Internacional del Libro de Guadalajara'>Entrevista na Feria Internacional del Libro de Guadalajara<\/a><\/h3><\/header><\/div><footer class=\"entry-footer\"><\/footer><\/article><article class='av-magazine-entry av-magazine-entry-id-6013 av-magazine-format-standard av-magazine-type-post av-magazine-entry-119 av-magazine-entry-small av-magazine-no-thumb'  itemscope=\"itemscope\" itemtype=\"https:\/\/schema.org\/CreativeWork\" ><div class=\"av-magazine-content-wrap\"><header class=\"entry-content-header\" aria-label=\"Post: \u00abLeer para transformar el mundo\u00bb. Discurso de Agust\u00edn Fern\u00e1ndez Paz na FIL de Guadalajara (M\u00e9xico)\"><time class='av-magazine-time updated'  itemprop=\"datePublished\" datetime=\"2012-09-18T09:16:16+02:00\" >18\/09\/2012<\/time><h3 class='av-magazine-title entry-title '  itemprop=\"headline\" ><a href='https:\/\/agustinfernandezpaz.gal\/en\/discurso-agustin-fernandez-paz-fil-guadalajara-29-nov-2011\/' title='Link to: \u00abLeer para transformar el mundo\u00bb. Discurso de Agust\u00edn Fern\u00e1ndez Paz na FIL de Guadalajara (M\u00e9xico)'>\u00abLeer para transformar el mundo\u00bb. Discurso de Agust\u00edn Fern\u00e1ndez Paz na FIL de Guadalajara (M\u00e9xico)<\/a><\/h3><\/header><\/div><footer class=\"entry-footer\"><\/footer><\/article><article class='av-magazine-entry av-magazine-entry-id-6006 av-magazine-format-standard av-magazine-type-post av-magazine-entry-120 av-magazine-entry-small av-magazine-no-thumb'  itemscope=\"itemscope\" itemtype=\"https:\/\/schema.org\/CreativeWork\" ><div class=\"av-magazine-content-wrap\"><header class=\"entry-content-header\" aria-label=\"Post: Agust\u00edn Fern\u00e1ndez Paz fala sobre &quot;O rastro que deixamos&quot;\"><time class='av-magazine-time updated'  itemprop=\"datePublished\" datetime=\"2012-09-18T09:14:27+02:00\" >18\/09\/2012<\/time><h3 class='av-magazine-title entry-title '  itemprop=\"headline\" ><a href='https:\/\/agustinfernandezpaz.gal\/en\/video-6-afp\/' title='Link to: Agust\u00edn Fern\u00e1ndez Paz fala sobre &#8220;O rastro que deixamos&#8221;'>Agust\u00edn Fern\u00e1ndez Paz fala sobre &#8220;O rastro que deixamos&#8221;<\/a><\/h3><\/header><\/div><footer class=\"entry-footer\"><\/footer><\/article><article class='av-magazine-entry av-magazine-entry-id-5997 av-magazine-format-standard av-magazine-type-post av-magazine-entry-121 av-magazine-entry-small av-magazine-no-thumb'  itemscope=\"itemscope\" itemtype=\"https:\/\/schema.org\/CreativeWork\" ><div class=\"av-magazine-content-wrap\"><header class=\"entry-content-header\" aria-label=\"Post: Entrevista en Libro Aberto (TVG) sobre &quot;Corredores de sombra&quot;\"><time class='av-magazine-time updated'  itemprop=\"datePublished\" datetime=\"2012-09-18T09:06:42+02:00\" >18\/09\/2012<\/time><h3 class='av-magazine-title entry-title '  itemprop=\"headline\" ><a href='https:\/\/agustinfernandezpaz.gal\/en\/video-5-afp\/' title='Link to: Entrevista en Libro Aberto (TVG) sobre &#8220;Corredores de sombra&#8221;'>Entrevista en Libro Aberto (TVG) sobre &#8220;Corredores de sombra&#8221;<\/a><\/h3><\/header><\/div><footer class=\"entry-footer\"><\/footer><\/article><article class='av-magazine-entry av-magazine-entry-id-5990 av-magazine-format-standard av-magazine-type-post av-magazine-entry-122 av-magazine-entry-small av-magazine-no-thumb'  itemscope=\"itemscope\" itemtype=\"https:\/\/schema.org\/CreativeWork\" ><div class=\"av-magazine-content-wrap\"><header class=\"entry-content-header\" aria-label=\"Post: Entrevista en Libro Aberto (TVG) sobre &quot;O \u00fanico que queda \u00e9 o amor&quot;\"><time class='av-magazine-time updated'  itemprop=\"datePublished\" datetime=\"2012-09-18T09:05:58+02:00\" >18\/09\/2012<\/time><h3 class='av-magazine-title entry-title '  itemprop=\"headline\" ><a href='https:\/\/agustinfernandezpaz.gal\/en\/video-4-afp\/' title='Link to: Entrevista en Libro Aberto (TVG) sobre &#8220;O \u00fanico que queda \u00e9 o amor&#8221;'>Entrevista en Libro Aberto (TVG) sobre &#8220;O \u00fanico que queda \u00e9 o amor&#8221;<\/a><\/h3><\/header><\/div><footer class=\"entry-footer\"><\/footer><\/article><article class='av-magazine-entry av-magazine-entry-id-5986 av-magazine-format-standard av-magazine-type-post av-magazine-entry-123 av-magazine-entry-small av-magazine-no-thumb'  itemscope=\"itemscope\" itemtype=\"https:\/\/schema.org\/CreativeWork\" ><div class=\"av-magazine-content-wrap\"><header class=\"entry-content-header\" aria-label=\"Post: Entrevista en Libro Aberto (TVG) sobre &quot;L\u00faa do Senegal&quot;\"><time class='av-magazine-time updated'  itemprop=\"datePublished\" datetime=\"2012-09-18T09:05:15+02:00\" >18\/09\/2012<\/time><h3 class='av-magazine-title entry-title '  itemprop=\"headline\" ><a href='https:\/\/agustinfernandezpaz.gal\/en\/video-3-afp\/' title='Link to: Entrevista en Libro Aberto (TVG) sobre &#8220;L\u00faa do Senegal&#8221;'>Entrevista en Libro Aberto (TVG) sobre &#8220;L\u00faa do Senegal&#8221;<\/a><\/h3><\/header><\/div><footer class=\"entry-footer\"><\/footer><\/article><article class='av-magazine-entry av-magazine-entry-id-5982 av-magazine-format-standard av-magazine-type-post av-magazine-entry-124 av-magazine-entry-small av-magazine-no-thumb'  itemscope=\"itemscope\" itemtype=\"https:\/\/schema.org\/CreativeWork\" ><div class=\"av-magazine-content-wrap\"><header class=\"entry-content-header\" aria-label=\"Post: Entrevista no programa ZigZag\"><time class='av-magazine-time updated'  itemprop=\"datePublished\" datetime=\"2012-09-18T09:04:04+02:00\" >18\/09\/2012<\/time><h3 class='av-magazine-title entry-title '  itemprop=\"headline\" ><a href='https:\/\/agustinfernandezpaz.gal\/en\/video-2-afp\/' title='Link to: Entrevista no programa ZigZag'>Entrevista no programa ZigZag<\/a><\/h3><\/header><\/div><footer class=\"entry-footer\"><\/footer><\/article><article class='av-magazine-entry av-magazine-entry-id-5978 av-magazine-format-standard av-magazine-type-post av-magazine-entry-125 av-magazine-entry-small av-magazine-no-thumb'  itemscope=\"itemscope\" itemtype=\"https:\/\/schema.org\/CreativeWork\" ><div class=\"av-magazine-content-wrap\"><header class=\"entry-content-header\" aria-label=\"Post: Planeta Cine: as pel\u00edculas de AFP\"><time class='av-magazine-time updated'  itemprop=\"datePublished\" datetime=\"2012-09-18T09:00:03+02:00\" >18\/09\/2012<\/time><h3 class='av-magazine-title entry-title '  itemprop=\"headline\" ><a href='https:\/\/agustinfernandezpaz.gal\/en\/video-1-afg\/' title='Link to: Planeta Cine: as pel\u00edculas de AFP'>Planeta Cine: as pel\u00edculas de AFP<\/a><\/h3><\/header><\/div><footer class=\"entry-footer\"><\/footer><\/article><article class='av-magazine-entry av-magazine-entry-id-5502 av-magazine-format-standard av-magazine-type-post av-magazine-entry-126 av-magazine-entry-small av-magazine-no-thumb'  itemscope=\"itemscope\" itemtype=\"https:\/\/schema.org\/CreativeWork\" ><div class=\"av-magazine-content-wrap\"><header class=\"entry-content-header\" aria-label=\"Post: O rastro que deixamos\"><time class='av-magazine-time updated'  itemprop=\"datePublished\" datetime=\"2012-09-17T13:04:14+02:00\" >17\/09\/2012<\/time><h3 class='av-magazine-title entry-title '  itemprop=\"headline\" ><a href='https:\/\/agustinfernandezpaz.gal\/en\/o-rastro-que-deixamos\/' title='Link to: O rastro que deixamos'>O rastro que deixamos<\/a><\/h3><\/header><\/div><footer class=\"entry-footer\"><\/footer><\/article><article class='av-magazine-entry av-magazine-entry-id-5827 av-magazine-format-standard av-magazine-type-post av-magazine-entry-127 av-magazine-entry-small av-magazine-no-thumb'  itemscope=\"itemscope\" itemtype=\"https:\/\/schema.org\/CreativeWork\" ><div class=\"av-magazine-content-wrap\"><header class=\"entry-content-header\" aria-label=\"Post: Leer para transformar el mundo\"><time class='av-magazine-time updated'  itemprop=\"datePublished\" datetime=\"2012-09-17T08:40:04+02:00\" >17\/09\/2012<\/time><h3 class='av-magazine-title entry-title '  itemprop=\"headline\" ><a href='https:\/\/agustinfernandezpaz.gal\/en\/leer-para-transformar-el-mundo\/' title='Link to: Leer para transformar el mundo'>Leer para transformar el mundo<\/a><\/h3><\/header><\/div><footer class=\"entry-footer\"><\/footer><\/article><article class='av-magazine-entry av-magazine-entry-id-5885 av-magazine-format-standard av-magazine-type-post av-magazine-entry-128 av-magazine-entry-small av-magazine-no-thumb'  itemscope=\"itemscope\" itemtype=\"https:\/\/schema.org\/CreativeWork\" ><div class=\"av-magazine-content-wrap\"><header class=\"entry-content-header\" aria-label=\"Post: Agust\u00edn Fern\u00e1ndez Paz obt\u00e9n o Premio \u201cFacer Pa\u00eds \u2013 Ram\u00f3n Pi\u00f1eiro\u201d\"><time class='av-magazine-time updated'  itemprop=\"datePublished\" datetime=\"2012-09-16T13:07:08+02:00\" >16\/09\/2012<\/time><h3 class='av-magazine-title entry-title '  itemprop=\"headline\" ><a href='https:\/\/agustinfernandezpaz.gal\/en\/agustin-fernandez-paz-obten-o-premio-facer-pais-ramon-pineiro\/' title='Link to: Agust\u00edn Fern\u00e1ndez Paz obt\u00e9n o Premio \u201cFacer Pa\u00eds \u2013 Ram\u00f3n Pi\u00f1eiro\u201d'>Agust\u00edn Fern\u00e1ndez Paz obt\u00e9n o Premio \u201cFacer Pa\u00eds \u2013 Ram\u00f3n Pi\u00f1eiro\u201d<\/a><\/h3><\/header><\/div><footer class=\"entry-footer\"><\/footer><\/article><article class='av-magazine-entry av-magazine-entry-id-5394 av-magazine-format-standard av-magazine-type-post av-magazine-entry-129 av-magazine-entry-small av-magazine-no-thumb'  itemscope=\"itemscope\" itemtype=\"https:\/\/schema.org\/CreativeWork\" ><div class=\"av-magazine-content-wrap\"><header class=\"entry-content-header\" aria-label=\"Post: &lt;em&gt;In Santiago de Compostela with Agust\u00edn Fern\u00e1ndez Paz&lt;\/em&gt;. Interview for Bolet\u00edn Galego de Literatura\"><time class='av-magazine-time updated'  itemprop=\"datePublished\" datetime=\"2012-09-15T07:01:07+02:00\" >15\/09\/2012<\/time><h3 class='av-magazine-title entry-title '  itemprop=\"headline\" ><a href='https:\/\/agustinfernandezpaz.gal\/en\/entrevista-para-o-boletin-g\/' title='Link to: In Santiago de Compostela with Agust\u00edn Fern\u00e1ndez Paz. Interview for Bolet\u00edn Galego de Literatura'><em>In Santiago de Compostela with Agust\u00edn Fern\u00e1ndez Paz<\/em>. Interview for Bolet\u00edn Galego de Literatura<\/a><\/h3><\/header><\/div><footer class=\"entry-footer\"><\/footer><\/article><article class='av-magazine-entry av-magazine-entry-id-5691 av-magazine-format-standard av-magazine-type-post av-magazine-entry-130 av-magazine-entry-small av-magazine-no-thumb'  itemscope=\"itemscope\" itemtype=\"https:\/\/schema.org\/CreativeWork\" ><div class=\"av-magazine-content-wrap\"><header class=\"entry-content-header\" aria-label=\"Post: Oito doas para San Sim\u00f3n\"><time class='av-magazine-time updated'  itemprop=\"datePublished\" datetime=\"2012-09-13T16:08:49+02:00\" >13\/09\/2012<\/time><h3 class='av-magazine-title entry-title '  itemprop=\"headline\" ><a href='https:\/\/agustinfernandezpaz.gal\/en\/discurso-de-san-simon\/' title='Link to: Oito doas para San Sim\u00f3n'>Oito doas para San Sim\u00f3n<\/a><\/h3><\/header><\/div><footer class=\"entry-footer\"><\/footer><\/article><article class='av-magazine-entry av-magazine-entry-id-5684 av-magazine-format-standard av-magazine-type-post av-magazine-entry-131 av-magazine-entry-small av-magazine-no-thumb'  itemscope=\"itemscope\" itemtype=\"https:\/\/schema.org\/CreativeWork\" ><div class=\"av-magazine-content-wrap\"><header class=\"entry-content-header\" aria-label=\"Post: Do pasado e do futuro (Encrucillada)\"><time class='av-magazine-time updated'  itemprop=\"datePublished\" datetime=\"2012-09-13T15:56:25+02:00\" >13\/09\/2012<\/time><h3 class='av-magazine-title entry-title '  itemprop=\"headline\" ><a href='https:\/\/agustinfernandezpaz.gal\/en\/do-pasado-e-do-futuro-encrucillada\/' title='Link to: Do pasado e do futuro (Encrucillada)'>Do pasado e do futuro (Encrucillada)<\/a><\/h3><\/header><\/div><footer class=\"entry-footer\"><\/footer><\/article><article class='av-magazine-entry av-magazine-entry-id-5766 av-magazine-format-standard av-magazine-type-post av-magazine-entry-132 av-magazine-entry-small av-magazine-no-thumb'  itemscope=\"itemscope\" itemtype=\"https:\/\/schema.org\/CreativeWork\" ><div class=\"av-magazine-content-wrap\"><header class=\"entry-content-header\" aria-label=\"Post: Onde hai unha biblioteca hai unha luz\"><time class='av-magazine-time updated'  itemprop=\"datePublished\" datetime=\"2012-09-13T15:43:47+02:00\" >13\/09\/2012<\/time><h3 class='av-magazine-title entry-title '  itemprop=\"headline\" ><a href='https:\/\/agustinfernandezpaz.gal\/en\/manifesto-dia-da-biblioteca\/' title='Link to: Onde hai unha biblioteca hai unha luz'>Onde hai unha biblioteca hai unha luz<\/a><\/h3><\/header><\/div><footer class=\"entry-footer\"><\/footer><\/article><article class='av-magazine-entry av-magazine-entry-id-5666 av-magazine-format-standard av-magazine-type-post av-magazine-entry-133 av-magazine-entry-small av-magazine-no-thumb'  itemscope=\"itemscope\" itemtype=\"https:\/\/schema.org\/CreativeWork\" ><div class=\"av-magazine-content-wrap\"><header class=\"entry-content-header\" aria-label=\"Post: Zeralda e o drag\u00f3n\"><time class='av-magazine-time updated'  itemprop=\"datePublished\" datetime=\"2012-09-13T13:27:21+02:00\" >13\/09\/2012<\/time><h3 class='av-magazine-title entry-title '  itemprop=\"headline\" ><a href='https:\/\/agustinfernandezpaz.gal\/en\/zeralda-e-o-dragon\/' title='Link to: Zeralda e o drag\u00f3n'>Zeralda e o drag\u00f3n<\/a><\/h3><\/header><\/div><footer class=\"entry-footer\"><\/footer><\/article><article class='av-magazine-entry av-magazine-entry-id-5705 av-magazine-format-standard av-magazine-type-post av-magazine-entry-134 av-magazine-entry-small av-magazine-no-thumb'  itemscope=\"itemscope\" itemtype=\"https:\/\/schema.org\/CreativeWork\" ><div class=\"av-magazine-content-wrap\"><header class=\"entry-content-header\" aria-label=\"Post: Desde outra mirada\"><time class='av-magazine-time updated'  itemprop=\"datePublished\" datetime=\"2012-09-13T10:27:48+02:00\" >13\/09\/2012<\/time><h3 class='av-magazine-title entry-title '  itemprop=\"headline\" ><a href='https:\/\/agustinfernandezpaz.gal\/en\/desde-outra-mirada\/' title='Link to: Desde outra mirada'>Desde outra mirada<\/a><\/h3><\/header><\/div><footer class=\"entry-footer\"><\/footer><\/article><article class='av-magazine-entry av-magazine-entry-id-5498 av-magazine-format-standard av-magazine-type-post av-magazine-entry-135 av-magazine-entry-small av-magazine-no-thumb'  itemscope=\"itemscope\" itemtype=\"https:\/\/schema.org\/CreativeWork\" ><div class=\"av-magazine-content-wrap\"><header class=\"entry-content-header\" aria-label=\"Post: Malos tempos para os fantasmas\"><time class='av-magazine-time updated'  itemprop=\"datePublished\" datetime=\"2012-09-13T08:03:52+02:00\" >13\/09\/2012<\/time><h3 class='av-magazine-title entry-title '  itemprop=\"headline\" ><a href='https:\/\/agustinfernandezpaz.gal\/en\/malos-tempos-para-os-fantasmas\/' title='Link to: Malos tempos para os fantasmas'>Malos tempos para os fantasmas<\/a><\/h3><\/header><\/div><footer class=\"entry-footer\"><\/footer><\/article><article class='av-magazine-entry av-magazine-entry-id-5433 av-magazine-format-standard av-magazine-type-post av-magazine-entry-136 av-magazine-entry-small av-magazine-no-thumb'  itemscope=\"itemscope\" itemtype=\"https:\/\/schema.org\/CreativeWork\" ><div class=\"av-magazine-content-wrap\"><header class=\"entry-content-header\" aria-label=\"Post: Un lugar no mundo\"><time class='av-magazine-time updated'  itemprop=\"datePublished\" datetime=\"2012-09-12T15:19:07+02:00\" >12\/09\/2012<\/time><h3 class='av-magazine-title entry-title '  itemprop=\"headline\" ><a href='https:\/\/agustinfernandezpaz.gal\/en\/un-lugar-no-mundo\/' title='Link to: Un lugar no mundo'>Un lugar no mundo<\/a><\/h3><\/header><\/div><footer class=\"entry-footer\"><\/footer><\/article><article class='av-magazine-entry av-magazine-entry-id-5427 av-magazine-format-standard av-magazine-type-post av-magazine-entry-137 av-magazine-entry-small av-magazine-no-thumb'  itemscope=\"itemscope\" itemtype=\"https:\/\/schema.org\/CreativeWork\" ><div class=\"av-magazine-content-wrap\"><header class=\"entry-content-header\" aria-label=\"Post: Agua de beber\"><time class='av-magazine-time updated'  itemprop=\"datePublished\" datetime=\"2012-09-12T14:53:47+02:00\" >12\/09\/2012<\/time><h3 class='av-magazine-title entry-title '  itemprop=\"headline\" ><a href='https:\/\/agustinfernandezpaz.gal\/en\/agua-de-beber-revista-clij\/' title='Link to: Agua de beber'>Agua de beber<\/a><\/h3><\/header><\/div><footer class=\"entry-footer\"><\/footer><\/article><article class='av-magazine-entry av-magazine-entry-id-5420 av-magazine-format-standard av-magazine-type-post av-magazine-entry-138 av-magazine-entry-small av-magazine-no-thumb'  itemscope=\"itemscope\" itemtype=\"https:\/\/schema.org\/CreativeWork\" ><div class=\"av-magazine-content-wrap\"><header class=\"entry-content-header\" aria-label=\"Post: Literatura que tam\u00e9n poden ler os nenos.\"><time class='av-magazine-time updated'  itemprop=\"datePublished\" datetime=\"2012-09-12T14:25:34+02:00\" >12\/09\/2012<\/time><h3 class='av-magazine-title entry-title '  itemprop=\"headline\" ><a href='https:\/\/agustinfernandezpaz.gal\/en\/literatura-que-tamen-poden-ler-os-nenos\/' title='Link to: Literatura que tam\u00e9n poden ler os nenos.'>Literatura que tam\u00e9n poden ler os nenos.<\/a><\/h3><\/header><\/div><footer class=\"entry-footer\"><\/footer><\/article><article class='av-magazine-entry av-magazine-entry-id-5372 av-magazine-format-standard av-magazine-type-post av-magazine-entry-139 av-magazine-entry-small av-magazine-no-thumb'  itemscope=\"itemscope\" itemtype=\"https:\/\/schema.org\/CreativeWork\" ><div class=\"av-magazine-content-wrap\"><header class=\"entry-content-header\" aria-label=\"Post: Entrevista de Alberto Ramos en Dioivo. 26 xu\u00f1o 2012\"><time class='av-magazine-time updated'  itemprop=\"datePublished\" datetime=\"2012-09-12T11:28:25+02:00\" >12\/09\/2012<\/time><h3 class='av-magazine-title entry-title '  itemprop=\"headline\" ><a href='https:\/\/agustinfernandezpaz.gal\/en\/entrevista-de-alberto-ramos-en-dioivo-26-xuno-2012\/' title='Link to: Entrevista de Alberto Ramos en Dioivo. 26 xu\u00f1o 2012'>Entrevista de Alberto Ramos en Dioivo. 26 xu\u00f1o 2012<\/a><\/h3><\/header><\/div><footer class=\"entry-footer\"><\/footer><\/article><article class='av-magazine-entry av-magazine-entry-id-5400 av-magazine-format-standard av-magazine-type-post av-magazine-entry-140 av-magazine-entry-small av-magazine-no-thumb'  itemscope=\"itemscope\" itemtype=\"https:\/\/schema.org\/CreativeWork\" ><div class=\"av-magazine-content-wrap\"><header class=\"entry-content-header\" aria-label=\"Post: Entrevista de Mar Mato en Faro de Vigo. 22 de decembro de 2011.\"><time class='av-magazine-time updated'  itemprop=\"datePublished\" datetime=\"2012-09-12T11:26:00+02:00\" >12\/09\/2012<\/time><h3 class='av-magazine-title entry-title '  itemprop=\"headline\" ><a href='https:\/\/agustinfernandezpaz.gal\/en\/entrevista-de-mar-mato-en-faro-de-vigo-22-de-decembro-de-2011\/' title='Link to: Entrevista de Mar Mato en Faro de Vigo. 22 de decembro de 2011.'>Entrevista de Mar Mato en Faro de Vigo. 22 de decembro de 2011.<\/a><\/h3><\/header><\/div><footer class=\"entry-footer\"><\/footer><\/article><article class='av-magazine-entry av-magazine-entry-id-5374 av-magazine-format-standard av-magazine-type-post av-magazine-entry-141 av-magazine-entry-small av-magazine-no-thumb'  itemscope=\"itemscope\" itemtype=\"https:\/\/schema.org\/CreativeWork\" ><div class=\"av-magazine-content-wrap\"><header class=\"entry-content-header\" aria-label=\"Post: A revista \u00abA voz de Vilalba\u00bb publica unha longa entrevista con Agust\u00edn Fern\u00e1ndez Paz\"><time class='av-magazine-time updated'  itemprop=\"datePublished\" datetime=\"2012-09-12T11:22:59+02:00\" >12\/09\/2012<\/time><h3 class='av-magazine-title entry-title '  itemprop=\"headline\" ><a href='https:\/\/agustinfernandezpaz.gal\/en\/a-revista-a-voz-de-vilalba-publica-unha-longa-entrevista-con-agustin-fernandez-paz\/' title='Link to: A revista \u00abA voz de Vilalba\u00bb publica unha longa entrevista con Agust\u00edn Fern\u00e1ndez Paz'>A revista \u00abA voz de Vilalba\u00bb publica unha longa entrevista con Agust\u00edn Fern\u00e1ndez Paz<\/a><\/h3><\/header><\/div><footer class=\"entry-footer\"><\/footer><\/article><article class='av-magazine-entry av-magazine-entry-id-5376 av-magazine-format-standard av-magazine-type-post av-magazine-entry-142 av-magazine-entry-small av-magazine-no-thumb'  itemscope=\"itemscope\" itemtype=\"https:\/\/schema.org\/CreativeWork\" ><div class=\"av-magazine-content-wrap\"><header class=\"entry-content-header\" aria-label=\"Post: Entrevista con Agust\u00edn Fern\u00e1ndez Paz sobre \u00abNon hai noite tan longa\u00bb: A ollada da xeraci\u00f3n estafada. Atl\u00e1ntico Diario.\"><time class='av-magazine-time updated'  itemprop=\"datePublished\" datetime=\"2012-09-12T11:13:17+02:00\" >12\/09\/2012<\/time><h3 class='av-magazine-title entry-title '  itemprop=\"headline\" ><a href='https:\/\/agustinfernandezpaz.gal\/en\/entrevista-atlantico-diario\/' title='Link to: Entrevista con Agust\u00edn Fern\u00e1ndez Paz sobre \u00abNon hai noite tan longa\u00bb: A ollada da xeraci\u00f3n estafada. Atl\u00e1ntico Diario.'>Entrevista con Agust\u00edn Fern\u00e1ndez Paz sobre \u00abNon hai noite tan longa\u00bb: A ollada da xeraci\u00f3n estafada. Atl\u00e1ntico Diario.<\/a><\/h3><\/header><\/div><footer class=\"entry-footer\"><\/footer><\/article><article class='av-magazine-entry av-magazine-entry-id-5378 av-magazine-format-standard av-magazine-type-post av-magazine-entry-143 av-magazine-entry-small av-magazine-no-thumb'  itemscope=\"itemscope\" itemtype=\"https:\/\/schema.org\/CreativeWork\" ><div class=\"av-magazine-content-wrap\"><header class=\"entry-content-header\" aria-label=\"Post: Entrevista de Montse Dopico con Agust\u00edn Fern\u00e1ndez Paz sobre \u00abNon hai noite tan longa\u00bb. Galicia Hoxe\"><time class='av-magazine-time updated'  itemprop=\"datePublished\" datetime=\"2012-09-12T11:08:16+02:00\" >12\/09\/2012<\/time><h3 class='av-magazine-title entry-title '  itemprop=\"headline\" ><a href='https:\/\/agustinfernandezpaz.gal\/en\/entrevista-de-montse-dopico-con-agustin-fernandez-paz-sobre-non-hai-noite-tan-longa-galicia-hoxe\/' title='Link to: Entrevista de Montse Dopico con Agust\u00edn Fern\u00e1ndez Paz sobre \u00abNon hai noite tan longa\u00bb. Galicia Hoxe'>Entrevista de Montse Dopico con Agust\u00edn Fern\u00e1ndez Paz sobre \u00abNon hai noite tan longa\u00bb. Galicia Hoxe<\/a><\/h3><\/header><\/div><footer class=\"entry-footer\"><\/footer><\/article><article class='av-magazine-entry av-magazine-entry-id-5380 av-magazine-format-standard av-magazine-type-post av-magazine-entry-144 av-magazine-entry-small av-magazine-no-thumb'  itemscope=\"itemscope\" itemtype=\"https:\/\/schema.org\/CreativeWork\" ><div class=\"av-magazine-content-wrap\"><header class=\"entry-content-header\" aria-label=\"Post: Agust\u00edn Fern\u00e1ndez Paz: &#039;Quixen retratar a conivencia das clases altas co franquismo&#039;. Entrevista de Montse Dopico para EL MUNDO\"><time class='av-magazine-time updated'  itemprop=\"datePublished\" datetime=\"2012-09-12T11:02:44+02:00\" >12\/09\/2012<\/time><h3 class='av-magazine-title entry-title '  itemprop=\"headline\" ><a href='https:\/\/agustinfernandezpaz.gal\/en\/montse-dopico-para-el-mundo\/' title='Link to: Agust\u00edn Fern\u00e1ndez Paz: &#8216;Quixen retratar a conivencia das clases altas co franquismo&#8217;. Entrevista de Montse Dopico para EL MUNDO'>Agust\u00edn Fern\u00e1ndez Paz: &#8216;Quixen retratar a conivencia das clases altas co franquismo&#8217;. Entrevista de Montse Dopico para EL MUNDO<\/a><\/h3><\/header><\/div><footer class=\"entry-footer\"><\/footer><\/article><article class='av-magazine-entry av-magazine-entry-id-5382 av-magazine-format-standard av-magazine-type-post av-magazine-entry-145 av-magazine-entry-small av-magazine-no-thumb'  itemscope=\"itemscope\" itemtype=\"https:\/\/schema.org\/CreativeWork\" ><div class=\"av-magazine-content-wrap\"><header class=\"entry-content-header\" aria-label=\"Post: Entrevista de Sandra Faginas con Agust\u00edn Fern\u00e1ndez Paz por \u00abNon hai noite tan longa\u00bb. Maio 2011\"><time class='av-magazine-time updated'  itemprop=\"datePublished\" datetime=\"2012-09-12T08:17:26+02:00\" >12\/09\/2012<\/time><h3 class='av-magazine-title entry-title '  itemprop=\"headline\" ><a href='https:\/\/agustinfernandezpaz.gal\/en\/entrevista-de-sandra-faginas-con-agustin-fernandez-paz-por-non-hai-noite-tan-longa-maio-2011\/' title='Link to: Entrevista de Sandra Faginas con Agust\u00edn Fern\u00e1ndez Paz por \u00abNon hai noite tan longa\u00bb. Maio 2011'>Entrevista de Sandra Faginas con Agust\u00edn Fern\u00e1ndez Paz por \u00abNon hai noite tan longa\u00bb. Maio 2011<\/a><\/h3><\/header><\/div><footer class=\"entry-footer\"><\/footer><\/article><article class='av-magazine-entry av-magazine-entry-id-5384 av-magazine-format-standard av-magazine-type-post av-magazine-entry-146 av-magazine-entry-small av-magazine-no-thumb'  itemscope=\"itemscope\" itemtype=\"https:\/\/schema.org\/CreativeWork\" ><div class=\"av-magazine-content-wrap\"><header class=\"entry-content-header\" aria-label=\"Post: Entrevista de Jaureguizar con Agust\u00edn Fern\u00e1ndez Paz sobre \u00abNon hai noite tan longa\u00bb. Maio 2011\"><time class='av-magazine-time updated'  itemprop=\"datePublished\" datetime=\"2012-09-12T08:13:52+02:00\" >12\/09\/2012<\/time><h3 class='av-magazine-title entry-title '  itemprop=\"headline\" ><a href='https:\/\/agustinfernandezpaz.gal\/en\/entrevista-de-jaureguizar-con-agustin-fernandez-paz-sobre-non-hai-noite-tan-longa-maio-2011\/' title='Link to: Entrevista de Jaureguizar con Agust\u00edn Fern\u00e1ndez Paz sobre \u00abNon hai noite tan longa\u00bb. Maio 2011'>Entrevista de Jaureguizar con Agust\u00edn Fern\u00e1ndez Paz sobre \u00abNon hai noite tan longa\u00bb. Maio 2011<\/a><\/h3><\/header><\/div><footer class=\"entry-footer\"><\/footer><\/article><article class='av-magazine-entry av-magazine-entry-id-5386 av-magazine-format-standard av-magazine-type-post av-magazine-entry-147 av-magazine-entry-small av-magazine-no-thumb'  itemscope=\"itemscope\" itemtype=\"https:\/\/schema.org\/CreativeWork\" ><div class=\"av-magazine-content-wrap\"><header class=\"entry-content-header\" aria-label=\"Post: Listado e acceso a entrevistas a AFP da web BLIX\"><time class='av-magazine-time updated'  itemprop=\"datePublished\" datetime=\"2012-09-12T08:10:24+02:00\" >12\/09\/2012<\/time><h3 class='av-magazine-title entry-title '  itemprop=\"headline\" ><a href='https:\/\/agustinfernandezpaz.gal\/en\/listado-e-acceso-a-entrevistas-a-afp-da-web-blix\/' title='Link to: Listado e acceso a entrevistas a AFP da web BLIX'>Listado e acceso a entrevistas a AFP da web BLIX<\/a><\/h3><\/header><\/div><footer class=\"entry-footer\"><\/footer><\/article><article class='av-magazine-entry av-magazine-entry-id-5402 av-magazine-format-standard av-magazine-type-post av-magazine-entry-148 av-magazine-entry-small av-magazine-no-thumb'  itemscope=\"itemscope\" itemtype=\"https:\/\/schema.org\/CreativeWork\" ><div class=\"av-magazine-content-wrap\"><header class=\"entry-content-header\" aria-label=\"Post: Entrevista con Agust\u00edn Fern\u00e1ndez Paz, por Red Literaria \"><time class='av-magazine-time updated'  itemprop=\"datePublished\" datetime=\"2012-09-12T08:05:39+02:00\" >12\/09\/2012<\/time><h3 class='av-magazine-title entry-title '  itemprop=\"headline\" ><a href='https:\/\/agustinfernandezpaz.gal\/en\/entrevista-con-agustin-fernandez-paz-por-red-literaria\/' title='Link to: Entrevista con Agust\u00edn Fern\u00e1ndez Paz, por Red Literaria'>Entrevista con Agust\u00edn Fern\u00e1ndez Paz, por Red Literaria<\/a><\/h3><\/header><\/div><footer class=\"entry-footer\"><\/footer><\/article><article class='av-magazine-entry av-magazine-entry-id-5506 av-magazine-format-standard av-magazine-type-post av-magazine-entry-149 av-magazine-entry-small av-magazine-no-thumb'  itemscope=\"itemscope\" itemtype=\"https:\/\/schema.org\/CreativeWork\" ><div class=\"av-magazine-content-wrap\"><header class=\"entry-content-header\" aria-label=\"Post: Cartas de inverno: o c\u00f3mic.\"><time class='av-magazine-time updated'  itemprop=\"datePublished\" datetime=\"2012-09-12T08:04:57+02:00\" >12\/09\/2012<\/time><h3 class='av-magazine-title entry-title '  itemprop=\"headline\" ><a href='https:\/\/agustinfernandezpaz.gal\/en\/cartas-de-inverno-o-comic\/' title='Link to: Cartas de inverno: o c\u00f3mic.'>Cartas de inverno: o c\u00f3mic.<\/a><\/h3><\/header><\/div><footer class=\"entry-footer\"><\/footer><\/article><article class='av-magazine-entry av-magazine-entry-id-5388 av-magazine-format-standard av-magazine-type-post av-magazine-entry-150 av-magazine-entry-small av-magazine-no-thumb'  itemscope=\"itemscope\" itemtype=\"https:\/\/schema.org\/CreativeWork\" ><div class=\"av-magazine-content-wrap\"><header class=\"entry-content-header\" aria-label=\"Post: Entrevista de Oscar Iglesias para El Pa\u00eds. 24 OCT 2008\"><time class='av-magazine-time updated'  itemprop=\"datePublished\" datetime=\"2012-09-12T07:58:49+02:00\" >12\/09\/2012<\/time><h3 class='av-magazine-title entry-title '  itemprop=\"headline\" ><a href='https:\/\/agustinfernandezpaz.gal\/en\/entrevista-de-oscar-iglesias-para-el-pais-24-oct-2008\/' title='Link to: Entrevista de Oscar Iglesias para El Pa\u00eds. 24 OCT 2008'>Entrevista de Oscar Iglesias para El Pa\u00eds. 24 OCT 2008<\/a><\/h3><\/header><\/div><footer class=\"entry-footer\"><\/footer><\/article><article class='av-magazine-entry av-magazine-entry-id-5390 av-magazine-format-standard av-magazine-type-post av-magazine-entry-151 av-magazine-entry-small av-magazine-no-thumb'  itemscope=\"itemscope\" itemtype=\"https:\/\/schema.org\/CreativeWork\" ><div class=\"av-magazine-content-wrap\"><header class=\"entry-content-header\" aria-label=\"Post: Agust\u00edn Fern\u00e1ndez Paz: \u00abTivemos unha infancia castradora: a represi\u00f3n \u00eda m\u00e1is al\u00e1 da pol\u00edtica, como en \u2018Non hai noite tan longa\u2019\u00bb. Entrevista de Montse Dopico\"><time class='av-magazine-time updated'  itemprop=\"datePublished\" datetime=\"2012-09-12T07:29:40+02:00\" >12\/09\/2012<\/time><h3 class='av-magazine-title entry-title '  itemprop=\"headline\" ><a href='https:\/\/agustinfernandezpaz.gal\/en\/entrevista-de-montse-dopico\/' title='Link to: Agust\u00edn Fern\u00e1ndez Paz: \u00abTivemos unha infancia castradora: a represi\u00f3n \u00eda m\u00e1is al\u00e1 da pol\u00edtica, como en \u2018Non hai noite tan longa\u2019\u00bb. Entrevista de Montse Dopico'>Agust\u00edn Fern\u00e1ndez Paz: \u00abTivemos unha infancia castradora: a represi\u00f3n \u00eda m\u00e1is al\u00e1 da pol\u00edtica, como en \u2018Non hai noite tan longa\u2019\u00bb. Entrevista de Montse Dopico<\/a><\/h3><\/header><\/div><footer class=\"entry-footer\"><\/footer><\/article><article class='av-magazine-entry av-magazine-entry-id-5392 av-magazine-format-standard av-magazine-type-post av-magazine-entry-152 av-magazine-entry-small av-magazine-no-thumb'  itemscope=\"itemscope\" itemtype=\"https:\/\/schema.org\/CreativeWork\" ><div class=\"av-magazine-content-wrap\"><header class=\"entry-content-header\" aria-label=\"Post: Entrevista en Cuadernos de Pedagog\u00eda, n\u00ba 423 (maio, 2012)\"><time class='av-magazine-time updated'  itemprop=\"datePublished\" datetime=\"2012-09-12T07:24:42+02:00\" >12\/09\/2012<\/time><h3 class='av-magazine-title entry-title '  itemprop=\"headline\" ><a href='https:\/\/agustinfernandezpaz.gal\/en\/entrevista-en-cuadernos-de-pedagogia-no-423-maio-2012\/' title='Link to: Entrevista en Cuadernos de Pedagog\u00eda, n\u00ba 423 (maio, 2012)'>Entrevista en Cuadernos de Pedagog\u00eda, n\u00ba 423 (maio, 2012)<\/a><\/h3><\/header><\/div><footer class=\"entry-footer\"><\/footer><\/article><article class='av-magazine-entry av-magazine-entry-id-5396 av-magazine-format-standard av-magazine-type-post av-magazine-entry-153 av-magazine-entry-small av-magazine-no-thumb'  itemscope=\"itemscope\" itemtype=\"https:\/\/schema.org\/CreativeWork\" ><div class=\"av-magazine-content-wrap\"><header class=\"entry-content-header\" aria-label=\"Post: &quot;Fern\u00e1ndez Paz, sin estereotipos infantiles&quot;. Entrevista de Norma Guti\u00e9rrez para EL INFORMADOR de M\u00e9xico\"><time class='av-magazine-time updated'  itemprop=\"datePublished\" datetime=\"2012-09-12T06:55:48+02:00\" >12\/09\/2012<\/time><h3 class='av-magazine-title entry-title '  itemprop=\"headline\" ><a href='https:\/\/agustinfernandezpaz.gal\/en\/fernandez-paz-sin-estereotipos-infantiles-entrevista-de-norma-gutierrez-para-el-informador-de-mexico\/' title='Link to: &#8220;Fern\u00e1ndez Paz, sin estereotipos infantiles&#8221;. Entrevista de Norma Guti\u00e9rrez para EL INFORMADOR de M\u00e9xico'>&#8220;Fern\u00e1ndez Paz, sin estereotipos infantiles&#8221;. Entrevista de Norma Guti\u00e9rrez para EL INFORMADOR de M\u00e9xico<\/a><\/h3><\/header><\/div><footer class=\"entry-footer\"><\/footer><\/article><article class='av-magazine-entry av-magazine-entry-id-5398 av-magazine-format-standard av-magazine-type-post av-magazine-entry-154 av-magazine-entry-small av-magazine-no-thumb'  itemscope=\"itemscope\" itemtype=\"https:\/\/schema.org\/CreativeWork\" ><div class=\"av-magazine-content-wrap\"><header class=\"entry-content-header\" aria-label=\"Post: Entrevista a AFP en Ingl\u00e9s do Bolet\u00edn G de L\"><time class='av-magazine-time updated'  itemprop=\"datePublished\" datetime=\"2012-09-12T06:51:01+02:00\" >12\/09\/2012<\/time><h3 class='av-magazine-title entry-title '  itemprop=\"headline\" ><a href='https:\/\/agustinfernandezpaz.gal\/en\/entrevista-a-afp-en-ingles-do-boletin-g-de-l\/' title='Link to: Entrevista a AFP en Ingl\u00e9s do Bolet\u00edn G de L'>Entrevista a AFP en Ingl\u00e9s do Bolet\u00edn G de L<\/a><\/h3><\/header><\/div><footer class=\"entry-footer\"><\/footer><\/article><article class='av-magazine-entry av-magazine-entry-id-5571 av-magazine-format-standard av-magazine-type-post av-magazine-entry-155 av-magazine-entry-small av-magazine-no-thumb'  itemscope=\"itemscope\" itemtype=\"https:\/\/schema.org\/CreativeWork\" ><div class=\"av-magazine-content-wrap\"><header class=\"entry-content-header\" aria-label=\"Post: Entrevista de Miguel V\u00e1zquez Freire para TEMPOS NOVOS\"><time class='av-magazine-time updated'  itemprop=\"datePublished\" datetime=\"2012-09-12T06:46:36+02:00\" >12\/09\/2012<\/time><h3 class='av-magazine-title entry-title '  itemprop=\"headline\" ><a href='https:\/\/agustinfernandezpaz.gal\/en\/entrevista-de-miguel-vazquez-freire-para-tempos-novos\/' title='Link to: Entrevista de Miguel V\u00e1zquez Freire para TEMPOS NOVOS'>Entrevista de Miguel V\u00e1zquez Freire para TEMPOS NOVOS<\/a><\/h3><\/header><\/div><footer class=\"entry-footer\"><\/footer><\/article><article class='av-magazine-entry av-magazine-entry-id-5573 av-magazine-format-standard av-magazine-type-post av-magazine-entry-156 av-magazine-entry-small av-magazine-no-thumb'  itemscope=\"itemscope\" itemtype=\"https:\/\/schema.org\/CreativeWork\" ><div class=\"av-magazine-content-wrap\"><header class=\"entry-content-header\" aria-label=\"Post: BOLET\u00cdN GALEGO DE LITERATURA, n\u00ba 38. Entrevista de Blanca-Ana Roig Rechou\"><time class='av-magazine-time updated'  itemprop=\"datePublished\" datetime=\"2012-09-12T06:28:12+02:00\" >12\/09\/2012<\/time><h3 class='av-magazine-title entry-title '  itemprop=\"headline\" ><a href='https:\/\/agustinfernandezpaz.gal\/en\/boletin-galego-de-literatura-no-38-entrevista-de-blanca-ana-roig-rechou\/' title='Link to: BOLET\u00cdN GALEGO DE LITERATURA, n\u00ba 38. Entrevista de Blanca-Ana Roig Rechou'>BOLET\u00cdN GALEGO DE LITERATURA, n\u00ba 38. Entrevista de Blanca-Ana Roig Rechou<\/a><\/h3><\/header><\/div><footer class=\"entry-footer\"><\/footer><\/article><article class='av-magazine-entry av-magazine-entry-id-5513 av-magazine-format-standard av-magazine-type-post av-magazine-entry-157 av-magazine-entry-small av-magazine-no-thumb'  itemscope=\"itemscope\" itemtype=\"https:\/\/schema.org\/CreativeWork\" ><div class=\"av-magazine-content-wrap\"><header class=\"entry-content-header\" aria-label=\"Post: &quot;Non hai noite tan longa&quot; obt\u00e9n o premio Losada Di\u00e9guez.\"><time class='av-magazine-time updated'  itemprop=\"datePublished\" datetime=\"2012-09-11T08:06:39+02:00\" >11\/09\/2012<\/time><h3 class='av-magazine-title entry-title '  itemprop=\"headline\" ><a href='https:\/\/agustinfernandezpaz.gal\/en\/non-hai-noite-tan-longa-obten-o-premio-losada-dieguez\/' title='Link to: &#8220;Non hai noite tan longa&#8221; obt\u00e9n o premio Losada Di\u00e9guez.'>&#8220;Non hai noite tan longa&#8221; obt\u00e9n o premio Losada Di\u00e9guez.<\/a><\/h3><\/header><\/div><footer class=\"entry-footer\"><\/footer><\/article><article class='av-magazine-entry av-magazine-entry-id-5519 av-magazine-format-standard av-magazine-type-post av-magazine-entry-158 av-magazine-entry-small av-magazine-no-thumb'  itemscope=\"itemscope\" itemtype=\"https:\/\/schema.org\/CreativeWork\" ><div class=\"av-magazine-content-wrap\"><header class=\"entry-content-header\" aria-label=\"Post: Homenaxe a Agust\u00edn Fern\u00e1ndez Paz\"><time class='av-magazine-time updated'  itemprop=\"datePublished\" datetime=\"2012-09-10T08:08:20+02:00\" >10\/09\/2012<\/time><h3 class='av-magazine-title entry-title '  itemprop=\"headline\" ><a href='https:\/\/agustinfernandezpaz.gal\/en\/homenaxe-a-agustin-fernandez-paz\/' title='Link to: Homenaxe a Agust\u00edn Fern\u00e1ndez Paz'>Homenaxe a Agust\u00edn Fern\u00e1ndez Paz<\/a><\/h3><\/header><\/div><footer class=\"entry-footer\"><\/footer><\/article><article class='av-magazine-entry av-magazine-entry-id-5657 av-magazine-format-standard av-magazine-type-post av-magazine-entry-159 av-magazine-entry-small av-magazine-no-thumb'  itemscope=\"itemscope\" itemtype=\"https:\/\/schema.org\/CreativeWork\" ><div class=\"av-magazine-content-wrap\"><header class=\"entry-content-header\" aria-label=\"Post: Presentaci\u00f3n do portal de AFP na Biblioteca Cervantes\"><time class='av-magazine-time updated'  itemprop=\"datePublished\" datetime=\"2012-09-08T13:26:20+02:00\" >08\/09\/2012<\/time><h3 class='av-magazine-title entry-title '  itemprop=\"headline\" ><a href='https:\/\/agustinfernandezpaz.gal\/en\/presentacion-do-portal-de-afp-na-biblioteca-cervantes\/' title='Link to: Presentaci\u00f3n do portal de AFP na Biblioteca Cervantes'>Presentaci\u00f3n do portal de AFP na Biblioteca Cervantes<\/a><\/h3><\/header><\/div><footer class=\"entry-footer\"><\/footer><\/article><article class='av-magazine-entry av-magazine-entry-id-5662 av-magazine-format-standard av-magazine-type-post av-magazine-entry-160 av-magazine-entry-small av-magazine-no-thumb'  itemscope=\"itemscope\" itemtype=\"https:\/\/schema.org\/CreativeWork\" ><div class=\"av-magazine-content-wrap\"><header class=\"entry-content-header\" aria-label=\"Post: Fern\u00e1ndez Paz, proposto para Doutor honoris causa\"><time class='av-magazine-time updated'  itemprop=\"datePublished\" datetime=\"2012-07-13T13:26:52+02:00\" >13\/07\/2012<\/time><h3 class='av-magazine-title entry-title '  itemprop=\"headline\" ><a href='https:\/\/agustinfernandezpaz.gal\/en\/fernandez-paz-proposto-para-doutor-honoris-causa\/' title='Link to: Fern\u00e1ndez Paz, proposto para Doutor honoris causa'>Fern\u00e1ndez Paz, proposto para Doutor honoris causa<\/a><\/h3><\/header><\/div><footer class=\"entry-footer\"><\/footer><\/article><\/div><\/div><\/div>\n","protected":false},"excerpt":{"rendered":"","protected":false},"author":1,"featured_media":0,"parent":0,"menu_order":0,"comment_status":"closed","ping_status":"closed","template":"","meta":{"footnotes":""},"class_list":["post-4970","page","type-page","status-publish","hentry"],"_links":{"self":[{"href":"https:\/\/agustinfernandezpaz.gal\/en\/wp-json\/wp\/v2\/pages\/4970","targetHints":{"allow":["GET"]}}],"collection":[{"href":"https:\/\/agustinfernandezpaz.gal\/en\/wp-json\/wp\/v2\/pages"}],"about":[{"href":"https:\/\/agustinfernandezpaz.gal\/en\/wp-json\/wp\/v2\/types\/page"}],"author":[{"embeddable":true,"href":"https:\/\/agustinfernandezpaz.gal\/en\/wp-json\/wp\/v2\/users\/1"}],"replies":[{"embeddable":true,"href":"https:\/\/agustinfernandezpaz.gal\/en\/wp-json\/wp\/v2\/comments?post=4970"}],"version-history":[{"count":0,"href":"https:\/\/agustinfernandezpaz.gal\/en\/wp-json\/wp\/v2\/pages\/4970\/revisions"}],"wp:attachment":[{"href":"https:\/\/agustinfernandezpaz.gal\/en\/wp-json\/wp\/v2\/media?parent=4970"}],"curies":[{"name":"wp","href":"https:\/\/api.w.org\/{rel}","templated":true}]}}